{"id":3814,"date":"2025-12-04T06:44:19","date_gmt":"2025-12-04T06:44:19","guid":{"rendered":"https:\/\/www.markus-schall.de\/?page_id=3814"},"modified":"2026-04-22T15:09:30","modified_gmt":"2026-04-22T15:09:30","slug":"magazine","status":"publish","type":"page","link":"https:\/\/www.markus-schall.de\/fr\/magazine\/","title":{"rendered":"Magazine en ligne"},"content":{"rendered":"<p><img loading=\"lazy\" decoding=\"async\" class=\"alignnone wp-image-3815 size-large\" src=\"https:\/\/www.markus-schall.de\/wp-content\/uploads\/schall-online-magazin.jpg\" alt=\"Magazine en ligne\" width=\"1024\" height=\"683\" srcset=\"https:\/\/www.markus-schall.de\/wp-content\/uploads\/schall-online-magazin.jpg 1024w, https:\/\/www.markus-schall.de\/wp-content\/uploads\/schall-online-magazin-300x200.jpg 300w, https:\/\/www.markus-schall.de\/wp-content\/uploads\/schall-online-magazin-768x512.jpg 768w, https:\/\/www.markus-schall.de\/wp-content\/uploads\/schall-online-magazin-18x12.jpg 18w\" sizes=\"auto, (max-width: 1024px) 100vw, 1024px\" \/><\/p>\n<h2>Le magazine en ligne de la maison d'\u00e9dition M. Schall<\/h2>\n<p>Le magazine en ligne sous l'\u00e9gide du <a href=\"https:\/\/schall-verlag.de\" target=\"_blank\" rel=\"noopener\"><strong>M. Schall Verlag<\/strong><\/a> propose un large \u00e9ventail de th\u00e8mes tri\u00e9s sur le volet. Il s'adresse aux lecteurs qui, dans un monde rapide et bruyant, recherchent d\u00e9lib\u00e9r\u00e9ment la profondeur - le contexte, la classification, une voix qui ne suit pas toutes les modes, mais qui emprunte la voie que de nombreuses publications v\u00e9n\u00e9rables ont emprunt\u00e9e avec succ\u00e8s il y a des d\u00e9cennies d\u00e9j\u00e0 : Observer clairement, formuler avec pr\u00e9cision et replacer l'homme au centre.<\/p>\n<h3>Un magazine qui parle de la vie - et la met en perspective<\/h3>\n<p>Tous les th\u00e8mes qui influencent notre quotidien et nos d\u00e9cisions sont au centre de l'attention. Sant\u00e9, technique, soci\u00e9t\u00e9, politique, \u00e9conomie - rien de tout cela n'existe de mani\u00e8re isol\u00e9e. Le magazine reprend ces fils et montre comment ils sont li\u00e9s. Les textes sont volontairement con\u00e7us de mani\u00e8re \u00e0 ce qu'ils soient encore valables dans quelques ann\u00e9es. Pas de tendances \u00e9ph\u00e9m\u00e8res, mais des \u00e9volutions qui nous marquent \u00e0 long terme.<\/p>\n<hr \/>\n<h3>Sondage sur les th\u00e8mes souhait\u00e9s dans le magazine<\/h3>\n<div class='bootstrap-yop yop-poll-mc'>\n\t\t\t\t\t\t\t<div class=\"basic-yop-poll-container\" style=\"background-color:#ffffff; border:0px; border-style:solid; border-color:#000000; border-radius:5px; padding:0px 5px;\" data-id=\"12\" data-temp=\"basic-pretty\" data-skin=\"square\" data-cscheme=\"blue\" data-cap=\"0\" data-access=\"guest\" data-tid=\"\" data-uid=\"d9262aed69349bd17539ab5a2dd99622\" data-pid=\"3814\" data-resdet=\"percentages\" data-show-results-to=\"guest\" data-show-results-moment=\"after-vote\" data-show-results-only=\"false\" data-show-message=\"true\" data-show-results-as=\"bar\" data-sort-results-by=\"as-defined\" data-sort-results-rule=\"asc\"data-is-ended=\"0\" data-percentages-decimals=\"2\" data-gdpr=\"no\" data-gdpr-sol=\"consent\" data-css=\".basic-yop-poll-container[data-uid] .basic-vote {\t\t\t\t\t\t\t\t\ttext-align: center;\t\t\t\t\t\t\t\t}\" data-counter=\"0\" data-load-with=\"1\" data-notification-section=\"top\"><div class=\"row\"><div class=\"col-md-12\"><div class=\"basic-inner\"><div class=\"basic-message hide\" style=\"border-left: 10px solid #008000; padding: 0px 10px;\" data-error=\"#ff0000\" data-success=\"#008000\"><p class=\"basic-message-text\" style=\"color:#000000; font-size:14px; font-weight:normal;\"><\/p><\/div><div class=\"basic-overlay hide\"><div class=\"basic-vote-options\"><\/div><div class=\"basic-preloader\"><div class=\"basic-windows8\"><div class=\"basic-wBall basic-wBall_1\"><div class=\"basic-wInnerBall\"><\/div><\/div><div class=\"basic-wBall basic-wBall_2\"><div class=\"basic-wInnerBall\"><\/div><\/div><div class=\"basic-wBall basic-wBall_3\"><div class=\"basic-wInnerBall\"><\/div><\/div><div class=\"basic-wBall basic-wBall_4\"><div class=\"basic-wInnerBall\"><\/div><\/div><div class=\"basic-wBall basic-wBall_5\"><div class=\"basic-wInnerBall\"><\/div><\/div><\/div><\/div><\/div><form class=\"basic-form\" action=\"\"><input type=\"hidden\" name=\"_token\" value=\"9d2d9a9463\" autocomplete=\"off\"><div class=\"basic-elements\"><div class=\"basic-element basic-question basic-question-text-vertical\" data-id=\"12\" data-uid=\"36c3ce7ba03f51c39922baab4e5f909f\" data-type=\"question\" data-question-type=\"text\" data-required=\"yes\" data-allow-multiple=\"yes\" data-min=\"1\" data-max=\"5\" data-display=\"vertical\" data-colnum=\"\" data-display-others=\"no\" data-others-color=\"\" data-others=\"\" data-others-max-chars=\"0\"><div class=\"basic-question-title\"><h5 style=\"color:#000000; font-size:16px; font-weight:normal; text-align:left;\">Quels sont les th\u00e8mes que tu souhaiterais voir appara\u00eetre plus souvent dans le magazine \u00e0 l'avenir ? (max. 5)<\/h5><\/div><ul class=\"basic-answers\"><li class=\"basic-answer\" style=\"padding:0px 0px;\" data-id=\"74\" data-type=\"text\" data-vn=\"4\" data-color=\"#000000\" data-make-link=\"no\" data-link=\"\"><div class=\"basic-answer-content basic-text-vertical\"><label for=\"answer[74]\" class=\"basic-answer-label\"><input type=\"checkbox\" id=\"answer[74]\" name=\"answer[12]\" value=\"74\"><span class=\"basic-text\" style=\"color: #000000; font-size: 14px; font-weight: normal;\">Sant\u00e9 et m\u00e9decine<\/span><\/label><\/div><\/li><li class=\"basic-answer\" style=\"padding:0px 0px;\" data-id=\"72\" data-type=\"text\" data-vn=\"4\" data-color=\"#000000\" data-make-link=\"no\" data-link=\"\"><div class=\"basic-answer-content basic-text-vertical\"><label for=\"answer[72]\" class=\"basic-answer-label\"><input type=\"checkbox\" id=\"answer[72]\" name=\"answer[12]\" value=\"72\"><span class=\"basic-text\" style=\"color: #000000; font-size: 14px; font-weight: normal;\">Technologie et IA<\/span><\/label><\/div><\/li><li class=\"basic-answer\" style=\"padding:0px 0px;\" data-id=\"70\" data-type=\"text\" data-vn=\"5\" data-color=\"#000000\" data-make-link=\"no\" data-link=\"\"><div class=\"basic-answer-content basic-text-vertical\"><label for=\"answer[70]\" class=\"basic-answer-label\"><input type=\"checkbox\" id=\"answer[70]\" name=\"answer[12]\" value=\"70\"><span class=\"basic-text\" style=\"color: #000000; font-size: 14px; font-weight: normal;\">\u00c9conomie et strat\u00e9gies d'entreprise<\/span><\/label><\/div><\/li><li class=\"basic-answer\" style=\"padding:0px 0px;\" data-id=\"68\" data-type=\"text\" data-vn=\"5\" data-color=\"#000000\" data-make-link=\"no\" data-link=\"\"><div class=\"basic-answer-content basic-text-vertical\"><label for=\"answer[68]\" class=\"basic-answer-label\"><input type=\"checkbox\" id=\"answer[68]\" name=\"answer[12]\" value=\"68\"><span class=\"basic-text\" style=\"color: #000000; font-size: 14px; font-weight: normal;\">G\u00e9opolitique &amp; structures de pouvoir<\/span><\/label><\/div><\/li><li class=\"basic-answer\" style=\"padding:0px 0px;\" data-id=\"71\" data-type=\"text\" data-vn=\"2\" data-color=\"#000000\" data-make-link=\"no\" data-link=\"\"><div class=\"basic-answer-content basic-text-vertical\"><label for=\"answer[71]\" class=\"basic-answer-label\"><input type=\"checkbox\" id=\"answer[71]\" name=\"answer[12]\" value=\"71\"><span class=\"basic-text\" style=\"color: #000000; font-size: 14px; font-weight: normal;\">M\u00e9dias &amp; formation d'opinion<\/span><\/label><\/div><\/li><li class=\"basic-answer\" style=\"padding:0px 0px;\" data-id=\"75\" data-type=\"text\" data-vn=\"4\" data-color=\"#000000\" data-make-link=\"no\" data-link=\"\"><div class=\"basic-answer-content basic-text-vertical\"><label for=\"answer[75]\" class=\"basic-answer-label\"><input type=\"checkbox\" id=\"answer[75]\" name=\"answer[12]\" value=\"75\"><span class=\"basic-text\" style=\"color: #000000; font-size: 14px; font-weight: normal;\">Culture, Musique &amp; Feuilleton<\/span><\/label><\/div><\/li><li class=\"basic-answer\" style=\"padding:0px 0px;\" data-id=\"76\" data-type=\"text\" data-vn=\"1\" data-color=\"#000000\" data-make-link=\"no\" data-link=\"\"><div class=\"basic-answer-content basic-text-vertical\"><label for=\"answer[76]\" class=\"basic-answer-label\"><input type=\"checkbox\" id=\"answer[76]\" name=\"answer[12]\" value=\"76\"><span class=\"basic-text\" style=\"color: #000000; font-size: 14px; font-weight: normal;\">Histoire &amp; classification<\/span><\/label><\/div><\/li><li class=\"basic-answer\" style=\"padding:0px 0px;\" data-id=\"77\" data-type=\"text\" data-vn=\"3\" data-color=\"#000000\" data-make-link=\"no\" data-link=\"\"><div class=\"basic-answer-content basic-text-vertical\"><label for=\"answer[77]\" class=\"basic-answer-label\"><input type=\"checkbox\" id=\"answer[77]\" name=\"answer[12]\" value=\"77\"><span class=\"basic-text\" style=\"color: #000000; font-size: 14px; font-weight: normal;\">Droit et r\u00e9glementation<\/span><\/label><\/div><\/li><li class=\"basic-answer\" style=\"padding:0px 0px;\" data-id=\"78\" data-type=\"text\" data-vn=\"2\" data-color=\"#000000\" data-make-link=\"no\" data-link=\"\"><div class=\"basic-answer-content basic-text-vertical\"><label for=\"answer[78]\" class=\"basic-answer-label\"><input type=\"checkbox\" id=\"answer[78]\" name=\"answer[12]\" value=\"78\"><span class=\"basic-text\" style=\"color: #000000; font-size: 14px; font-weight: normal;\">Libert\u00e9 personnelle &amp; responsabilit\u00e9<\/span><\/label><\/div><\/li><\/ul><\/div><div class=\"clearfix\"><\/div><\/div><div class=\"basic-vote\"><a href=\"#\" class=\"button basic-vote-button\" role=\"button\" style=\"background:#027bb8; border:0px; border-style: solid; border-color:#000000; border-radius:5px; padding:10px 10px; color:#ffffff; font-size:14px; font-weight:normal;\">Votez<\/a><\/div><input type=\"hidden\" name=\"trp-form-language\" value=\"fr\"\/><\/form><\/div><\/div><\/div><\/div>\n\t\t\t\t\t\t<\/div>\n<hr \/>\n<h3>La sant\u00e9 : le fondement d'une vie autod\u00e9termin\u00e9e<\/h3>\n<p>La rubrique Sant\u00e9 met surtout en lumi\u00e8re des domaines qui sont souvent n\u00e9glig\u00e9s par la m\u00e9decine moderne. Ici, on ne donne pas de le\u00e7ons, mais on explique. Les exp\u00e9riences tir\u00e9es de la pratique se combinent avec un regard respectueux sur les interactions naturelles. Les th\u00e8mes typiques sont entre autres<\/p>\n<ul>\n<li>Les troubles fonctionnels tels que les CMD et leurs effets souvent ignor\u00e9s sur le corps et la vie quotidienne<\/li>\n<li>les troubles tels que les h\u00e9morro\u00efdes, les tensions chroniques ou les probl\u00e8mes inguinaux<\/li>\n<li>D\u00e9toxication, micronutriments et un regard lucide sur les m\u00e9thodes de traitement anciennes et nouvelles<\/li>\n<\/ul>\n<p>Le ton est calme, tourn\u00e9 vers les autres et montre au lecteur que de nombreux probl\u00e8mes peuvent \u00eatre r\u00e9solus si l'on regarde syst\u00e9matiquement et que l'on aborde les choses comme cela allait de soi autrefois : \u00e9tape par \u00e9tape.<\/p>\n<h3>L'intelligence artificielle : un outil, pas un substitut<\/h3>\n<p>Alors que d'autres se laissent porter par la vitesse des d\u00e9veloppements techniques, le magazine classe traditionnellement le sujet de l'IA de mani\u00e8re sobre. Il s'agit de savoir comment utiliser ces nouveaux outils \u00e0 bon escient, comment les contr\u00f4ler et ne pas devenir d\u00e9pendant d'eux. Parmi les sujets abord\u00e9s, on trouve<\/p>\n<ul>\n<li>les syst\u00e8mes d'IA locaux et leur importance pour l'ind\u00e9pendance<\/li>\n<li>Impact sur les professions, les mod\u00e8les commerciaux et le travail cr\u00e9atif<\/li>\n<li>Opportunit\u00e9s et risques des processus d\u00e9cisionnels automatis\u00e9s<\/li>\n<\/ul>\n<p>Il en r\u00e9sulte un cadre dans lequel la technique redevient ce qu'elle \u00e9tait autrefois : une aide fiable et non une vache sacr\u00e9e.<\/p>\n<h3>La soci\u00e9t\u00e9 et l'Europe : comprendre l'esprit du temps, identifier les liens de cause \u00e0 effet<\/h3>\n<p>Dans ce domaine, le magazine se consacre aux structures qui marquent notre interaction sociale - des \u00e9volutions politiques aux changements culturels. Il ne s'agit pas de polariser, mais de rendre les processus compr\u00e9hensibles et d'int\u00e9grer les exp\u00e9riences historiques. Les th\u00e8mes typiques sont les suivants<\/p>\n<ul>\n<li>Des initiatives l\u00e9gislatives europ\u00e9ennes dont les cons\u00e9quences ne sont souvent visibles qu'au deuxi\u00e8me coup d'\u0153il<\/li>\n<li>Les efforts de censure et de contr\u00f4le et leur importance pour les citoyens et les entreprises<\/li>\n<li>Des portraits de personnes qui rendent tangibles les personnes qui fa\u00e7onnent notre \u00e9poque<\/li>\n<li>D\u00e9veloppements \u00e9conomiques, tensions entre libert\u00e9 et r\u00e9gulation<\/li>\n<\/ul>\n<p>Le lecteur doit comprendre ce qui se cache derri\u00e8re les d\u00e9cisions - et pourquoi une r\u00e9flexion prospective est indispensable, surtout aujourd'hui.<\/p>\n<h3>Num\u00e9risation, ERP et FileMaker : structure pour les entreprises<\/h3>\n<p>Les entrepreneurs sont confront\u00e9s \u00e0 la m\u00eame question qu'il y a des d\u00e9cennies : Comment cr\u00e9er de l'ordre, de l'efficacit\u00e9 et de la clart\u00e9 ? La rubrique Num\u00e9risation &amp; ERP s'y rattache et montre comment les valeurs traditionnelles de l'entreprise - vue d'ensemble, structure, responsabilit\u00e9 - peuvent \u00eatre transpos\u00e9es dans le pr\u00e9sent num\u00e9rique. Les sujets trait\u00e9s sont les suivants :<\/p>\n<ul>\n<li>Solutions d'entreprise bas\u00e9es sur FileMaker et exemples pratiques<\/li>\n<li>La num\u00e9risation comme processus r\u00e9el - et non comme slogan<\/li>\n<li>Des outils qui simplifient les processus et soulagent les personnes<\/li>\n<li>Une exp\u00e9rience de plus de 20 ans dans le d\u00e9veloppement de logiciels<\/li>\n<\/ul>\n<p>L\u00e0 encore, il ne s'agit pas de technique pour la technique, mais d'un soutien concret dans le quotidien des entreprises.<\/p>\n<h2>Pourquoi ce magazine ?<\/h2>\n<p>Le magazine associe l'analytique \u00e0 l'humain. Il veut donner des rep\u00e8res \u00e0 une \u00e9poque o\u00f9 beaucoup perdent la vue d'ensemble. Les textes rassurent parce qu'ils classent. Ils motivent parce qu'ils montrent que chaque petit pas compte. Et ils pr\u00e9servent le respect des exp\u00e9riences qui ont fait leurs preuves au fil des d\u00e9cennies.<\/p>\n<p>En lisant ce magazine, on se rend vite compte qu'il est \u00e9crit par un entrepreneur et un auteur qui est lui-m\u00eame au milieu de la vie, qui a v\u00e9cu des crises et qui a appris l'importance de la clart\u00e9, de la constance et de la responsabilit\u00e9.<\/p>\n<h3>Comment tout a commenc\u00e9 : L'histoire derri\u00e8re le magazine<\/h3>\n<p><a href=\"https:\/\/www.markus-schall.de\/fr\/2026\/03\/du-commodore-c16-a-wordpress-un-voyage-a-travers-les-premieres-annees-dinternet\/\"><img loading=\"lazy\" decoding=\"async\" class=\"alignright size-medium wp-image-5191\" src=\"https:\/\/www.markus-schall.de\/wp-content\/uploads\/Vom-Modem-zum-Internet-300x200.jpg\" alt=\"Du modem \u00e0 Internet et au magazine\" width=\"300\" height=\"200\" srcset=\"https:\/\/www.markus-schall.de\/wp-content\/uploads\/Vom-Modem-zum-Internet-300x200.jpg 300w, https:\/\/www.markus-schall.de\/wp-content\/uploads\/Vom-Modem-zum-Internet-768x512.jpg 768w, https:\/\/www.markus-schall.de\/wp-content\/uploads\/Vom-Modem-zum-Internet-18x12.jpg 18w, https:\/\/www.markus-schall.de\/wp-content\/uploads\/Vom-Modem-zum-Internet.jpg 1024w\" sizes=\"auto, (max-width: 300px) 100vw, 300px\" \/><\/a>Le magazine en ligne de la maison d'\u00e9dition Schall prend d\u00e9lib\u00e9r\u00e9ment le contre-pied du flux d'informations rapide et souvent superficiel. Au lieu de tendances \u00e0 court terme, l'accent est mis sur le contexte, les exp\u00e9riences et les \u00e9volutions \u00e0 long terme. Un bon exemple en est l'article <a href=\"https:\/\/www.markus-schall.de\/fr\/2026\/03\/du-commodore-c16-a-wordpress-un-voyage-a-travers-les-premieres-annees-dinternet\/\"><em><strong>Du Commodore C16 \u00e0 WordPress<\/strong><\/em><\/a>, Ce livre retrace les premi\u00e8res ann\u00e9es d'Internet, des premiers ordinateurs domestiques aux syst\u00e8mes modernes de gestion de contenu, en passant par les syst\u00e8mes de messagerie et l'ADSL.<\/p>\n<p>Il ne s'agit pas seulement de technique, mais d'un principe fondamental : celui qui comprend le pass\u00e9 reconna\u00eet plus rapidement les \u00e9volutions qui ont une substance et celles qui ne sont que temporaires. C'est justement \u00e0 une \u00e9poque de changements constants que l'on voit \u00e0 quel point il peut \u00eatre pr\u00e9cieux d'avoir son propre lieu stable sur la toile - un site web qui grandit, \u00e9volue, mais qui perdure. Ce magazine suit exactement cette id\u00e9e : calmement, de mani\u00e8re compr\u00e9hensible et avec un regard sur l'essentiel.<\/p>\n<hr \/>\n<h2>Auteurs invit\u00e9s &amp; contributions d'invit\u00e9s dans le magazine en ligne<\/h2>\n<p>Le magazine en ligne se veut une plate-forme ouverte et clairement structur\u00e9e sur le plan th\u00e9matique pour des contributions, des analyses et des rapports d'exp\u00e9rience fond\u00e9s. Outre ses propres contenus r\u00e9dactionnels, il est express\u00e9ment possible de participer en tant qu'auteur invit\u00e9 ou de placer des articles invit\u00e9s cibl\u00e9s, tant sur le plan r\u00e9dactionnel que commercial.<\/p>\n<h3>Auteurs invit\u00e9s de la r\u00e9daction<\/h3>\n<p>Toute personne qui \u00e9crit sur un sujet dont le contenu correspond \u00e0 celui du magazine peut poser sa candidature en tant qu'auteur invit\u00e9. Cela concerne notamment les sujets sp\u00e9cialis\u00e9s, les t\u00e9moignages personnels, les analyses ou les mises en perspective qui offrent une r\u00e9elle valeur ajout\u00e9e aux lecteurs.<\/p>\n<p>Les auteurs invit\u00e9s re\u00e7oivent leur propre identification d'auteur et publient leurs contributions dans le cadre du magazine - int\u00e9gr\u00e9es dans la r\u00e9daction, consultables en permanence et reli\u00e9es par des liens th\u00e9matiques pertinents. La condition pr\u00e9alable n'est pas un arri\u00e8re-plan journalistique, mais de la substance, de la clart\u00e9 et un ton s\u00e9rieux. L'objectif n'est pas de se mettre en avant, mais de contribuer au contenu du domaine th\u00e9matique concern\u00e9. Une candidature en tant qu'auteur invit\u00e9 peut \u00eatre d\u00e9pos\u00e9e via le <strong><a href=\"https:\/\/www.markus-schall.de\/fr\/contact\/\">Formulaire de contact<\/a><\/strong> se fait.<\/p>\n<h3>Articles invit\u00e9s commerciaux (Sponsored Posts)<\/h3>\n<p>En outre, les <a href=\"https:\/\/www.markus-schall.de\/fr\/contributions-dhotes\/\"><strong>articles commerciaux invit\u00e9s<\/strong><\/a> Les entreprises, les ind\u00e9pendants ou les organisations qui souhaitent pr\u00e9senter un sujet de mani\u00e8re professionnelle, expliquer un projet ou donner un aper\u00e7u de leur travail. Ces contributions sont identifiables en tant qu'articles invit\u00e9s, elles sont accompagn\u00e9es par la r\u00e9daction et int\u00e9gr\u00e9es dans l'environnement th\u00e9matique du magazine.<\/p>\n<p>Il est important de noter que les articles commerciaux doivent \u00e9galement \u00eatre compr\u00e9hensibles, objectifs et pertinents pour les lecteurs. Les textes purement publicitaires ou les arguments de vente agressifs ne sont pas pr\u00e9vus. L'objectif est d'informer, pas de faire de la publicit\u00e9.<\/p>\n<h3>Int\u00e9gration \u00e9ditoriale et port\u00e9e<\/h3>\n<p>Toutes les contributions d'invit\u00e9s - r\u00e9dactionnelles et commerciales - profitent de la structure existante du magazine : des rubriques th\u00e9matiques claires, un rep\u00e9rage \u00e0 long terme, des liens internes ainsi que la diffusion multilingue de contenus s\u00e9lectionn\u00e9s. Il en r\u00e9sulte des contributions qui ne sont pas seulement visibles \u00e0 court terme, mais qui font durablement partie du magazine.<\/p>\n<p>Toute personne int\u00e9ress\u00e9e par une collaboration peut se manifester sans engagement et pr\u00e9senter bri\u00e8vement son sujet. Qu'il s'agisse d'une contribution r\u00e9dactionnelle d'un invit\u00e9 ou d'un article commercial, l'accent est toujours mis sur un contenu substantiel, int\u00e9gr\u00e9 dans un environnement journalistique calme et s\u00e9rieux.<\/p>\n<h3>Un magazine qui grandit - \u00e0 chaque article<\/h3>\n<p>La diversit\u00e9 des th\u00e8mes continuera \u00e0 s'accro\u00eetre au fil du temps. De nouvelles rubriques, de nouveaux auteurs, de nouvelles perspectives - sans perdre la ligne de conduite : calme, respectueux, fid\u00e8le \u00e0 la tradition et n\u00e9anmoins curieux de ce qui vient.<\/p>\n<hr \/>\n<h2>Vous souhaitez cr\u00e9er votre propre magazine ?<\/h2>\n<p>Vous vous demandez peut-\u00eatre ce que cela ferait de cr\u00e9er un magazine d\u00e9di\u00e9 \u00e0 votre entreprise ou \u00e0 votre univers th\u00e9matique - un magazine qui serait structur\u00e9 de la m\u00eame mani\u00e8re, disponible en plusieurs langues et que l'on pourrait trouver \u00e0 long terme. Un tel magazine n'est pas simplement un autre canal, mais un lieu num\u00e9rique o\u00f9 votre expertise, votre attitude et votre exp\u00e9rience deviennent visibles et durables. Il en r\u00e9sulte des contenus qui sont pertinents \u00e0 la fois pour les lecteurs et les moteurs de recherche et qui peuvent devenir un capital pr\u00e9cieux au fil du temps. Et \u00e0 l'\u00e8re de l'IA, il est plus facile qu'on ne le pense de cr\u00e9er des contenus int\u00e9ressants pour ses lecteurs et ses clients potentiels.<\/p>\n<h3>Construire une port\u00e9e - au lieu de la louer durablement<\/h3>\n<p>Aujourd'hui, de nombreuses entreprises investissent continuellement de l'argent dans la publicit\u00e9 publicitaire : Google Ads, campagnes sur les m\u00e9dias sociaux, offres de plateformes. Tant que les budgets affluent, il y a de la visibilit\u00e9. D\u00e8s que l'on arr\u00eate, elle dispara\u00eet. La port\u00e9e est lou\u00e9e - et non poss\u00e9d\u00e9e.<\/p>\n<p>Ce que l'on oublie souvent : Ces d\u00e9penses ne cr\u00e9ent pas de substance durable. Elles attirent l'attention pour un temps, mais ne constituent pas une base solide \u00e0 long terme. La visibilit\u00e9 num\u00e9rique devient ainsi une d\u00e9pense courante et non un actif.<\/p>\n<h3>La propri\u00e9t\u00e9 num\u00e9rique na\u00eet de la structure, pas des campagnes<\/h3>\n<p>La port\u00e9e \u00e0 long terme se cr\u00e9e l\u00e0 o\u00f9 les contenus restent durablement trouvables, se renforcent mutuellement et d\u00e9ploient leurs effets pendant des ann\u00e9es. Celui qui ne se contente pas de publier des contenus, mais les structure syst\u00e9matiquement, construit petit \u00e0 petit sa propri\u00e9t\u00e9 num\u00e9rique.<\/p>\n<p>Un tel syst\u00e8me ne remplace pas la publicit\u00e9 - il d\u00e9place le centre de gravit\u00e9. Au lieu d'acheter toujours plus de port\u00e9e, une plate-forme propre se d\u00e9veloppe, sur laquelle les contenus subsistent, sont reli\u00e9s en interne et restent visibles m\u00eame sans budget courant. Chaque id\u00e9e publi\u00e9e contribue directement \u00e0 cette infrastructure propre.<\/p>\n<h3>Construire sa propre port\u00e9e - avec un syst\u00e8me clair<\/h3>\n<p><a href=\"https:\/\/www.markus-schall.de\/fr\/votre-magazine-international\/\"><img loading=\"lazy\" decoding=\"async\" class=\"alignright size-medium wp-image-3823\" src=\"https:\/\/www.markus-schall.de\/wp-content\/uploads\/magazin-gastbeitraege-300x200.jpg\" alt=\"Magazine en tant que propri\u00e9t\u00e9\" width=\"300\" height=\"200\" srcset=\"https:\/\/www.markus-schall.de\/wp-content\/uploads\/magazin-gastbeitraege-300x200.jpg 300w, https:\/\/www.markus-schall.de\/wp-content\/uploads\/magazin-gastbeitraege-768x512.jpg 768w, https:\/\/www.markus-schall.de\/wp-content\/uploads\/magazin-gastbeitraege-18x12.jpg 18w, https:\/\/www.markus-schall.de\/wp-content\/uploads\/magazin-gastbeitraege.jpg 1024w\" sizes=\"auto, (max-width: 300px) 100vw, 300px\" \/><\/a>Si vous ne souhaitez pas vous reposer exclusivement sur une port\u00e9e lou\u00e9e, mais que vous voulez construire votre propre visibilit\u00e9 ind\u00e9pendante, je vous propose un syst\u00e8me adapt\u00e9 \u00e0 cet effet. Il s'adresse aux entreprises et aux ind\u00e9pendants qui souhaitent utiliser des contenus \u00e0 long terme, les diffuser \u00e0 l'\u00e9chelle internationale et les d\u00e9velopper de mani\u00e8re structur\u00e9e - sans d\u00e9pendre de plateformes ou de logiques publicitaires.<\/p>\n<p>Si vous \u00eates int\u00e9ress\u00e9 par la cr\u00e9ation de votre propre magazine - un magazine qui allie structure, port\u00e9e et multilinguisme - vous trouverez ici <a href=\"https:\/\/www.markus-schall.de\/fr\/votre-magazine-international\/\"><strong>plus d'informations sur mon syst\u00e8me de magasins<\/strong><\/a>: comment il fonctionne, comment il est structur\u00e9 et quels sont ses avantages.<\/p>\n<p>Un tel syst\u00e8me peut vous aider \u00e0 planifier efficacement les contenus, \u00e0 les mettre en \u0153uvre de mani\u00e8re techniquement solide et \u00e0 devenir visible \u00e0 long terme ind\u00e9pendamment des plateformes externes.<\/p>\n<hr \/>\n<h2>Foire aux questions sur le magazine<\/h2>\n<ol>\n<li><strong>Qu'est-ce qui distingue ce magazine en ligne des blogs ou des portails d'information classiques ?<\/strong><br \/>\nCe magazine ne suit pas le rythme des gros titres rapides. Il s'oriente vers l'attitude \u00e9prouv\u00e9e des anciens magazines sp\u00e9cialis\u00e9s : recherche approfondie, langage calme, classement clair. Au lieu d'aborder chaque jour de nouveaux th\u00e8mes, les \u00e9volutions sont suivies sur une longue p\u00e9riode et expliqu\u00e9es dans leur contexte. Le lecteur doit pouvoir s'orienter et ne pas se noyer dans le bruit des informations. Chaque article est con\u00e7u pour \u00eatre utile \u00e0 long terme, quel que soit le moment o\u00f9 il est lu.<\/li>\n<li><strong>Pourquoi les th\u00e8mes li\u00e9s \u00e0 la sant\u00e9 occupent-ils une place si centrale dans le magazine ?<\/strong><br \/>\nLa sant\u00e9 est la base d'une vie autod\u00e9termin\u00e9e. De nombreux lecteurs luttent contre des troubles tels que la CMD, les h\u00e9morro\u00efdes ou les tensions chroniques - des th\u00e8mes souvent refoul\u00e9s dans la vie quotidienne ou trait\u00e9s de mani\u00e8re superficielle dans le milieu m\u00e9dical. Le magazine se penche sur les causes, explique le contexte et transmet des connaissances empiriques. Le respect du corps est au premier plan : qu'est-ce qui a fait ses preuves ? Qu'est-ce qui \u00e9tait fait diff\u00e9remment auparavant ? O\u00f9 faut-il regarder de plus pr\u00e8s ?<\/li>\n<li><strong>Quel est le r\u00f4le de l'intelligence artificielle dans le magazine ?<\/strong><br \/>\nL'IA n'est pas pr\u00e9sent\u00e9e ici comme une promesse de salut ou une menace, mais comme un outil. Les textes mettent en lumi\u00e8re la mani\u00e8re d'utiliser l'IA de mani\u00e8re souveraine, sans abandonner le contr\u00f4le. On y explique comment fonctionnent les mod\u00e8les locaux, quelles sont les opportunit\u00e9s pour les auteurs et les entreprises et o\u00f9 il faut fixer des limites claires. Le magazine choisit une perspective sobre et respectueuse des traditions : la technique doit servir - et non pas d\u00e9terminer.<\/li>\n<li><strong>Pourquoi y a-t-il autant d'articles sur la politique et la l\u00e9gislation europ\u00e9ennes ?<\/strong><br \/>\nL'Europe est depuis longtemps le cadre dans lequel notre quotidien est fa\u00e7onn\u00e9 - de la protection des donn\u00e9es \u00e0 l'identit\u00e9 num\u00e9rique. De nombreux projets politiques ont un impact sur les citoyens et les entreprises, mais ne sont souvent compris que tardivement. Le magazine aborde ces th\u00e8mes, les situe historiquement et montre les cons\u00e9quences que peuvent avoir certaines d\u00e9cisions. Il s'agit moins d'opinion que d'orientation et de prise de conscience que l'histoire nous montre souvent d\u00e9j\u00e0 o\u00f9 les d\u00e9veloppements nous m\u00e8nent.<\/li>\n<li><strong>Quel est le groupe cible du magazine ?<\/strong><br \/>\nLe magazine s'adresse aux personnes qui r\u00e9fl\u00e9chissent en profondeur - entrepreneurs, ind\u00e9pendants, personnes int\u00e9ress\u00e9es par la technique, lecteurs soucieux de leur sant\u00e9 et tous ceux qui n'aiment pas se contenter de r\u00e9ponses simplistes. Ceux qui veulent comprendre les tenants et les aboutissants et qui attachent de l'importance \u00e0 un ton calme et respectueux se sentent ici chez eux. Le magazine ne veut ni instruire ni infantiliser le lecteur, mais l'aider \u00e0 prendre ses propres d\u00e9cisions plus clairement.<\/li>\n<li><strong>Pourquoi le FileMaker et les th\u00e8mes ERP jouent-ils un r\u00f4le si important ?<\/strong><br \/>\nParce que c'est pr\u00e9cis\u00e9ment l\u00e0 que de nombreuses entreprises rencontrent leurs plus grands d\u00e9fis : Structure, vue d'ensemble et processus fonctionnels. Depuis des d\u00e9cennies, FileMaker est consid\u00e9r\u00e9 comme un outil robuste qui permet de cr\u00e9er rapidement des solutions sur mesure. Le magazine aborde des questions pratiques, explique les \u00e9cueils typiques et montre comment mettre en \u0153uvre la num\u00e9risation en gardant les pieds sur terre et sans complexit\u00e9 inutile. L'accent est mis sur ce qui a fait ses preuves - et qui aide vraiment les gens au quotidien.<\/li>\n<li><strong>Qui \u00e9crit les articles ?<\/strong><br \/>\nLes textes sont principalement \u00e9crits par Markus Schall, entrepreneur, d\u00e9veloppeur et \u00e9diteur. De nombreux contenus sont bas\u00e9s sur des exp\u00e9riences personnelles acquises au cours de plus de deux d\u00e9cennies de pratique professionnelle - compl\u00e9t\u00e9es par des observations des \u00e9volutions sociales et du savoir-faire technique. Cette combinaison de connaissances sp\u00e9cialis\u00e9es, de r\u00e9flexions et de points de vue marqu\u00e9s par l'histoire conf\u00e8re au magazine son style caract\u00e9ristique. D'autres auteurs viendront s'y ajouter par la suite.<\/li>\n<li><strong>Les articles sont-ils fond\u00e9s sur des preuves scientifiques ou plut\u00f4t sur des t\u00e9moignages ?<\/strong><br \/>\nLes deux se produisent, mais avec une s\u00e9paration claire. Les sujets de sant\u00e9 et de soci\u00e9t\u00e9 reposent souvent sur des connaissances empiriques et une analyse personnelle. Les domaines techniques et juridiques sont expliqu\u00e9s de mani\u00e8re objective et, lorsque cela s'av\u00e8re utile, mis en relation avec des sources officielles ou des bases connues. L'objectif n'est pas un discours acad\u00e9mique, mais une mise en perspective pratique : qu'est-ce que cela signifie tr\u00e8s concr\u00e8tement pour la vie quotidienne ? Quelles sont les exp\u00e9riences qui ont fait leurs preuves ?<\/li>\n<li><strong>Comment le magazine choisit-il ses sujets ?<\/strong><br \/>\nIl n'y a pas de plan \u00e9ditorial artificiel. Les th\u00e8mes sont cr\u00e9\u00e9s l\u00e0 o\u00f9 ils apparaissent dans la vie r\u00e9elle - dans les projets des clients, les d\u00e9veloppements politiques, les phases de sant\u00e9 personnelles ou les tournants technologiques. Le magazine para\u00eet ainsi vivant, compr\u00e9hensible et proche de la r\u00e9alit\u00e9. La s\u00e9lection suit un principe directeur : la pertinence. Seuls les sujets ayant une utilit\u00e9 tangible ou une influence \u00e0 long terme trouvent leur place dans un article.<\/li>\n<li><strong>Pourquoi tant d'articles sont-ils publi\u00e9s en plusieurs langues ?<\/strong><br \/>\nLe magazine a une orientation europ\u00e9enne. De nombreux d\u00e9veloppements ne concernent pas seulement l'Allemagne, mais toute l'Europe - parfois m\u00eame au-del\u00e0. Le multilinguisme cr\u00e9e un acc\u00e8s suprar\u00e9gional qui s'adresse directement aux lecteurs d'autres pays. De plus, la traduction renforce la port\u00e9e des contenus, ce qui, \u00e0 long terme, profite \u00e9galement \u00e0 la maison d'\u00e9dition et aux auteurs.<\/li>\n<li><strong>Peut-on contribuer soi-m\u00eame au magazine ?<\/strong><br \/>\nOui, les auteurs int\u00e9ress\u00e9s peuvent soumettre leurs propositions sous la rubrique \"articles invit\u00e9s\". Le magazine recherche des textes qui ont de la substance, qui montrent un sens de la tradition et qui offrent une v\u00e9ritable orientation - pas de publicit\u00e9, pas de produits de masse SEO. Les contributions d'invit\u00e9s sont soigneusement examin\u00e9es et accompagn\u00e9es par la r\u00e9daction afin de s'assurer qu'elles correspondent au style et aux exigences du magazine.<\/li>\n<li><strong>Comment le magazine va-t-il \u00e9voluer ?<\/strong><br \/>\nLe magazine est con\u00e7u de mani\u00e8re dynamique. Il va s'agrandir dans les ann\u00e9es \u00e0 venir, tant au niveau des th\u00e8mes que du personnel. De nouvelles rubriques, des analyses plus approfondies, des auteurs suppl\u00e9mentaires et peut-\u00eatre m\u00eame plus tard des formats vid\u00e9o ou audio sont envisageables. Malgr\u00e9 cette \u00e9volution, l'attitude de base reste inchang\u00e9e : Calme, respect, substance et regard sur ce qui a fait ses preuves par le pass\u00e9. Le magazine doit devenir un compagnon fiable pour ses lecteurs - pas seulement pour des mois, mais pour des ann\u00e9es.<\/li>\n<\/ol>","protected":false},"excerpt":{"rendered":"<p>Le magazine en ligne de la maison d'\u00e9dition M. Schall Le magazine en ligne de la maison d'\u00e9dition M. Schall propose un large \u00e9ventail de th\u00e8mes tri\u00e9s sur le volet. Il s'adresse aux lecteurs qui, dans un monde rapide et bruyant, recherchent consciemment de la profondeur - des liens, un classement, une voix qui ne suit pas chaque mode, mais qui emprunte la voie que beaucoup ... <a title=\"Magazine en ligne\" class=\"read-more\" href=\"https:\/\/www.markus-schall.de\/fr\/magazine\/\" aria-label=\"En savoir plus sur Online-Magazin\">Lire la suite<\/a><\/p>","protected":false},"author":1,"featured_media":0,"parent":0,"menu_order":0,"comment_status":"closed","ping_status":"closed","template":"","meta":{"iawp_total_views":182,"footnotes":""},"class_list":["post-3814","page","type-page","status-publish"],"_links":{"self":[{"href":"https:\/\/www.markus-schall.de\/fr\/wp-json\/wp\/v2\/pages\/3814","targetHints":{"allow":["GET"]}}],"collection":[{"href":"https:\/\/www.markus-schall.de\/fr\/wp-json\/wp\/v2\/pages"}],"about":[{"href":"https:\/\/www.markus-schall.de\/fr\/wp-json\/wp\/v2\/types\/page"}],"author":[{"embeddable":true,"href":"https:\/\/www.markus-schall.de\/fr\/wp-json\/wp\/v2\/users\/1"}],"replies":[{"embeddable":true,"href":"https:\/\/www.markus-schall.de\/fr\/wp-json\/wp\/v2\/comments?post=3814"}],"version-history":[{"count":16,"href":"https:\/\/www.markus-schall.de\/fr\/wp-json\/wp\/v2\/pages\/3814\/revisions"}],"predecessor-version":[{"id":5810,"href":"https:\/\/www.markus-schall.de\/fr\/wp-json\/wp\/v2\/pages\/3814\/revisions\/5810"}],"wp:attachment":[{"href":"https:\/\/www.markus-schall.de\/fr\/wp-json\/wp\/v2\/media?parent=3814"}],"curies":[{"name":"wp","href":"https:\/\/api.w.org\/{rel}","templated":true}]}}