{"id":3989,"date":"2025-12-12T14:26:40","date_gmt":"2025-12-12T14:26:40","guid":{"rendered":"https:\/\/www.markus-schall.de\/?page_id=3989"},"modified":"2025-12-16T18:11:34","modified_gmt":"2025-12-16T18:11:34","slug":"x-minizin","status":"publish","type":"page","link":"https:\/\/www.markus-schall.de\/it\/x-minizin\/","title":{"rendered":"X-minizin - Rivista breve"},"content":{"rendered":"<p data-start=\"213\" data-end=\"413\"><img loading=\"lazy\" decoding=\"async\" class=\"alignnone size-full wp-image-4025\" src=\"https:\/\/www.markus-schall.de\/wp-content\/uploads\/x-minizin-titel.jpg\" alt=\"X-minizin - la mini-rivista per lettori veloci\" width=\"1200\" height=\"726\" srcset=\"https:\/\/www.markus-schall.de\/wp-content\/uploads\/x-minizin-titel.jpg 1024w, https:\/\/www.markus-schall.de\/wp-content\/uploads\/x-minizin-titel-300x182.jpg 300w, https:\/\/www.markus-schall.de\/wp-content\/uploads\/x-minizin-titel-768x465.jpg 768w, https:\/\/www.markus-schall.de\/wp-content\/uploads\/x-minizin-titel-18x12.jpg 18w\" sizes=\"auto, (max-width: 1200px) 100vw, 1200px\" \/><\/p>\n<h2 data-start=\"213\" data-end=\"413\"><em><strong data-start=\"213\" data-end=\"226\">X-minizin<\/strong><\/em> - la panoramica rapida per i lettori che vanno di fretta<\/h2>\n<p data-start=\"213\" data-end=\"413\"><img loading=\"lazy\" decoding=\"async\" class=\"alignright wp-image-4013\" src=\"https:\/\/www.markus-schall.de\/wp-content\/uploads\/x-minizin-600-it.jpg\" alt=\"X-minizin - per i lettori che vanno di fretta\" width=\"223\" height=\"80\" srcset=\"https:\/\/www.markus-schall.de\/wp-content\/uploads\/x-minizin-600-it.jpg 600w, https:\/\/www.markus-schall.de\/wp-content\/uploads\/x-minizin-600-it-300x108.jpg 300w, https:\/\/www.markus-schall.de\/wp-content\/uploads\/x-minizin-600-it-18x6.jpg 18w\" sizes=\"auto, (max-width: 223px) 100vw, 223px\" \/>Qui potete trovare i post e le riflessioni pi\u00f9 recenti del mio <a href=\"https:\/\/x.com\/MarkusSchall\" target=\"_blank\" rel=\"noopener\"><strong>Canale X<\/strong><\/a> - compatta, chiara e facile da capire a colpo d'occhio.<\/p>\n<p data-start=\"213\" data-end=\"413\">Accessibile anche direttamente su <strong>x-minizin.de<\/strong> (tedesco) e <strong>x-minizin.com<\/strong> (Inglese)<\/p>\n<p data-start=\"415\" data-end=\"672\">La selezione mostra i contenuti pi\u00f9 recenti in tutte le lingue disponibili. Se volete approfondire, potete accedere agli articoli completi direttamente da qui. Se invece volete essere informati solo brevemente, qui troverete l'essenziale.<\/p>\n<hr \/>\n<div class=\"ms-rss-grid\"><article class=\"ms-rss-card\"><div class=\"ms-rss-image\"><a href=\"https:\/\/www.markus-schall.de\/it\/2026\/02\/se-il-mac-ascolta-cio-che-il-ki-integrato-di-apple-con-gemini-e-siri-significhera-per-gli-utenti-in-futuro\/\"><img decoding=\"async\" src=\"https:\/\/pbs.twimg.com\/media\/HHPMgHQWcAAERWC.jpg\" alt=\"L&#039;applicazione desktop Claude per macOS sta facendo discutere: Quando viene lanciata, vengono apparentemente creati dei file in diverse directory del browser senza consenso, anche se questi browser non hanno il tag 1TP12. I critici la definiscono una \u201ebackdoor\u201c, ma tecnicamente si tratta di un&#039;interfaccia preparata per le estensioni. L&#039;aspetto entusiasmante \u00e8 che il tutto avviene localmente sul Mac. Un buon esempio di quanto la trasparenza stia diventando importante per gli strumenti di intelligenza artificiale.  #KI #Cybersecurity #Data protection #Apple #Mac #Anthropic #Security #Technology\"><\/a><\/div><div class=\"ms-rss-content\"><div class=\"ms-rss-text\"><p>L'applicazione desktop Claude per macOS sta attualmente facendo discutere: All'avvio, infatti, vengono apparentemente creati dei file in diverse directory del browser senza consenso, anche se questi browser non sono affatto installiert. I critici la chiamano \u201ebackdoor\u201c, ma tecnicamente si tratta di un'interfaccia preparata per le estensioni. L'aspetto entusiasmante \u00e8 che il tutto avviene localmente sul Mac. Un buon esempio di quanto la trasparenza stia diventando importante per gli strumenti di intelligenza artificiale. #KI #Cybersecurity #Data protection #Apple #Mac #Anthropic #Security #Technology<\/p>\n<p class=\"ms-rss-readmore\">\n                    <a href=\"https:\/\/www.markus-schall.de\/it\/2026\/02\/se-il-mac-ascolta-cio-che-il-ki-integrato-di-apple-con-gemini-e-siri-significhera-per-gli-utenti-in-futuro\/\">\n                        Per saperne di pi\u00f9\n                    <\/a>\n                  <\/p><\/div><div class=\"ms-rss-meta\">01.05.2026 - @MarkusSchall<\/div><\/div><\/article><article class=\"ms-rss-card\"><div class=\"ms-rss-image\"><a href=\"https:\/\/www.markus-schall.de\/it\/2026\/05\/come-la-pandemia-ha-dimostrato-che-gli-economisti-si-sbagliavano-sulla-crescita-dellinflazione-e-sulla-ripresa-economica\/\"><img decoding=\"async\" src=\"https:\/\/pbs.twimg.com\/media\/HHNTPhnWUAA8jCW.jpg\" alt=\"Durante la pandemia, molti economisti erano sorprendentemente unanimi: il grande pericolo era la bassa inflazione o addirittura la deflazione. Qualche anno dopo, il quadro \u00e8 completamente diverso. L&#039;aumento dei prezzi, l&#039;interruzione delle catene di approvvigionamento e una ripresa inaspettatamente rapida nei singoli Paesi hanno smentito molte previsioni. Questo articolo mostra chiaramente perch\u00e9 i modelli economici raggiungono i loro limiti in situazioni eccezionali - e cosa possiamo imparare da loro. Uno sguardo dietro le quinte della moderna analisi economica.  #Economia #Iinflazione #C\"><\/a><\/div><div class=\"ms-rss-content\"><div class=\"ms-rss-text\"><p>Durante la pandemia, molti economisti erano sorprendentemente unanimi: il grande pericolo era la bassa inflazione o addirittura la deflazione. Qualche anno dopo, il quadro \u00e8 completamente diverso. L'aumento dei prezzi, l'interruzione delle catene di approvvigionamento e una ripresa inaspettatamente rapida nei singoli Paesi hanno smentito molte previsioni. Questo articolo mostra chiaramente perch\u00e9 i modelli economici raggiungono i loro limiti in situazioni eccezionali - e cosa possiamo imparare da loro. Uno sguardo dietro le quinte della moderna analisi economica. #Economia #Inflazione #Corona #Pandemia 1TP24Economia #Analisi<\/p>\n<p class=\"ms-rss-readmore\">\n                    <a href=\"https:\/\/www.markus-schall.de\/it\/2026\/05\/come-la-pandemia-ha-dimostrato-che-gli-economisti-si-sbagliavano-sulla-crescita-dellinflazione-e-sulla-ripresa-economica\/\">\n                        Per saperne di pi\u00f9\n                    <\/a>\n                  <\/p><\/div><div class=\"ms-rss-meta\">01.05.2026 - @MarkusSchall<\/div><\/div><\/article><article class=\"ms-rss-card\"><div class=\"ms-rss-image\"><a href=\"https:\/\/www.markus-schall.de\/it\/2026\/04\/riconoscere-precocemente-la-cmd-e-fare-un-autotest-per-capire-perche-mandibola-collo-testa-e-orecchie-sono-spesso-insieme\/\"><img decoding=\"async\" src=\"https:\/\/pbs.twimg.com\/media\/HHLJtH6WUAAzxY2.jpg\" alt=\"Molti disturbi sembrano innocui di per s\u00e9: una sensazione di trazione alla mascella, un collo teso, mal di testa occasionali, acufeni o postura scorretta. Un quadro chiaro emerge solo nel contesto. Un autotest non pu\u00f2 sostituire una diagnosi, ma pu\u00f2 aiutare a riconoscere i modelli. Il nuovo test CMD \u00e8 stato concepito proprio per questo. Oltre 40 domande vi guidano attraverso i disturbi tipici e i fattori di rischio. Il punto di forza non \u00e8 il singolo sintomo, ma il quadro generale.  #CMD #Self-test #Health #Jaw #Neck #Stress #Headaches #Medicine\"><\/a><\/div><div class=\"ms-rss-content\"><div class=\"ms-rss-text\"><p>Molti disturbi sembrano innocui di per s\u00e9: una sensazione di trazione alla mascella, un collo teso, mal di testa occasionali, acufeni o postura scorretta. Un quadro chiaro emerge solo nel contesto. Un autotest non pu\u00f2 sostituire una diagnosi, ma pu\u00f2 aiutare a riconoscere i modelli. Il nuovo test CMD \u00e8 stato concepito proprio per questo. Oltre 40 domande vi guidano attraverso i disturbi tipici e i fattori di rischio. Il punto di forza non \u00e8 il singolo sintomo, ma il quadro generale. #CMD #Self-test #Health #Jaw #Neck #Stress #Headaches #Medicine<\/p>\n<p class=\"ms-rss-readmore\">\n                    <a href=\"https:\/\/www.markus-schall.de\/it\/2026\/04\/riconoscere-precocemente-la-cmd-e-fare-un-autotest-per-capire-perche-mandibola-collo-testa-e-orecchie-sono-spesso-insieme\/\">\n                        Per saperne di pi\u00f9\n                    <\/a>\n                  <\/p><\/div><div class=\"ms-rss-meta\">30.04.2026 - @MarkusSchall<\/div><\/div><\/article><article class=\"ms-rss-card\"><div class=\"ms-rss-image\"><a href=\"https:\/\/www.markus-schall.de\/it\/2025\/12\/la-teoria-dei-giochi-spiega-25-anni-di-geopolitica-come-leuropa-ha-perso-il-suo-ruolo-strategico\/\"><img decoding=\"async\" src=\"https:\/\/pbs.twimg.com\/media\/HHKDIjuXQAAkcj4.jpg\" alt=\"Poco prima del 1\u00b0 maggio, l&#039;eurodeputato Martin Sonneborn pronuncia un discorso satirico da Strasburgo. Il tema: \u201eGuerre senza fine\u201c e la domanda se i conflitti geopolitici siano sempre finalizzati alla vittoria - o a volte pi\u00f9 alla durata. Riferimento a Julian Assange,... foto.\"><\/a><\/div><div class=\"ms-rss-content\"><div class=\"ms-rss-text\"><p>Poco prima del 1\u00b0 maggio, l'eurodeputato Martin Sonneborn pronuncia un discorso satirico da Strasburgo. Il tema: \u201eGuerre senza fine\u201c e la domanda se i conflitti geopolitici siano sempre legati alla vittoria - o a volte pi\u00f9 alla durata. Un riferimento a Julian Assange, unito a cifre e osservazioni puntuali. Un contributo che solleva nuove domande pi\u00f9 che risposte. Un interessante cambio di prospettiva, soprattutto nel contesto degli sviluppi a lungo termine. #Guerra #Geopolitica #Satira #Europa #Ppolitica #Analisi #Cconflitti #Futuro<\/p>\n<p class=\"ms-rss-readmore\">\n                    <a href=\"https:\/\/www.markus-schall.de\/it\/2025\/12\/la-teoria-dei-giochi-spiega-25-anni-di-geopolitica-come-leuropa-ha-perso-il-suo-ruolo-strategico\/\">\n                        Per saperne di pi\u00f9\n                    <\/a>\n                  <\/p><\/div><div class=\"ms-rss-meta\">30.04.2026 - @MarkusSchall<\/div><\/div><\/article><article class=\"ms-rss-card\"><div class=\"ms-rss-image\"><a href=\"https:\/\/www.markus-schall.de\/it\/2025\/09\/intelligenza-artificiale-quali-posti-di-lavoro-sono-in-pericolo-e-come-possiamo-armarci-ora\/\"><img decoding=\"async\" src=\"https:\/\/pbs.twimg.com\/media\/HHIXSvpXQAAZT83.jpg\" alt=\"Il prossimo livello di intelligenza artificiale non \u00e8 solo l&#039;automazione, ma la simulazione. Grazie a nuovi sistemi di intelligenza artificiale come \u201eMiroFish\u201c, le decisioni possono essere riprodotte prima di essere prese. Questo potrebbe essere un punto di svolta per consulenti, analisti e strateghi. Se i modelli anticipano migliaia di reazioni, chi ha bisogno delle previsioni tradizionali? Allo stesso tempo, sorge la domanda: chi definisce queste prospettive e quanto sono realmente neutrali?  #KI #Mondo del lavoro #Ttrasformazione #Digitalizzazione #Aintelligenza artificiale #Innovazione #Lavoro #Previsioni\"><\/a><\/div><div class=\"ms-rss-content\"><div class=\"ms-rss-text\"><p>Il prossimo livello di intelligenza artificiale non \u00e8 solo l'automazione, ma la simulazione. Grazie a nuovi sistemi di intelligenza artificiale come \u201eMiroFish\u201c, le decisioni possono essere riprodotte prima di essere prese. Questo potrebbe essere un punto di svolta per consulenti, analisti e strateghi. Se i modelli anticipano migliaia di reazioni, chi ha bisogno delle previsioni tradizionali? Allo stesso tempo, sorge la domanda: chi definisce queste prospettive e quanto sono realmente neutrali? #KI #Mondo del lavoro #Ttrasformazione #Digitalizzazione #Aintelligenza artificiale #Innovazione #Lavoro #Previsioni<\/p>\n<p class=\"ms-rss-readmore\">\n                    <a href=\"https:\/\/www.markus-schall.de\/it\/2025\/09\/intelligenza-artificiale-quali-posti-di-lavoro-sono-in-pericolo-e-come-possiamo-armarci-ora\/\">\n                        Per saperne di pi\u00f9\n                    <\/a>\n                  <\/p><\/div><div class=\"ms-rss-meta\">30.04.2026 - @MarkusSchall<\/div><\/div><\/article><article class=\"ms-rss-card\"><div class=\"ms-rss-image\"><a href=\"https:\/\/www.markus-schall.de\/it\/2025\/12\/stato-delleconomia-tedesca-2025-cinque-anni-di-crisi-cifre-tendenze-e-prospettive\/\"><img decoding=\"async\" src=\"https:\/\/pbs.twimg.com\/media\/HHFcAM9bcAAs0N6.jpg\" alt=\"L&#039;Istituto ifo ha inasprito le previsioni sul mercato del lavoro: le aziende tedesche continuano a perdere posti di lavoro, in tutti i settori. Secondo l&#039;ifo, \u201equasi nessun settore sar\u00e0 risparmiato\u201c. L&#039;industria, il commercio, i servizi e persino il turismo sono interessati. L&#039;aumento dei costi mette sotto pressione la pianificazione del personale. Una vera inversione di tendenza? Non \u00e8 in vista. Il mercato del lavoro rimane teso, nonostante i lievi segnali di stabilizzazione. Link alla notizia e al rapporto Ifo nell&#039;articolo.  #Economia #Germania #Mercato del lavoro #ifo #Industria #Economia #Lavoro #LocalizzazioneGermania\"><\/a><\/div><div class=\"ms-rss-content\"><div class=\"ms-rss-text\"><p>L'Istituto ifo ha inasprito le previsioni sul mercato del lavoro: le aziende tedesche continuano a perdere posti di lavoro, in tutti i settori. Secondo l'ifo, \u201equasi nessun settore sar\u00e0 risparmiato\u201c. L'industria, il commercio, i servizi e persino il turismo sono interessati. L'aumento dei costi mette sotto pressione la pianificazione del personale. Una vera inversione di tendenza? Non \u00e8 in vista. Il mercato del lavoro rimane teso, nonostante i lievi segnali di stabilizzazione. Link alla notizia e al rapporto Ifo nell'articolo. #Economia #Germania #Mercato del lavoro #ifo #Industria #Economia #Lavoro #LocalizzazioneGermania<\/p>\n<p class=\"ms-rss-readmore\">\n                    <a href=\"https:\/\/www.markus-schall.de\/it\/2025\/12\/stato-delleconomia-tedesca-2025-cinque-anni-di-crisi-cifre-tendenze-e-prospettive\/\">\n                        Per saperne di pi\u00f9\n                    <\/a>\n                  <\/p><\/div><div class=\"ms-rss-meta\">29.04.2026 - @MarkusSchall<\/div><\/div><\/article><article class=\"ms-rss-card\"><div class=\"ms-rss-image\"><a href=\"https:\/\/www.markus-schall.de\/it\/2026\/03\/dalla-fine-del-servizio-militare-obbligatorio-agli-scioperi-scolastici-il-nuovo-dibattito-sulle-forze-armate-tedesche-e-listruzione\/\"><img decoding=\"async\" src=\"https:\/\/pbs.twimg.com\/media\/HHDTF_dbcAAzfS3.jpg\" alt=\"La presenza della Bundeswehr nelle scuole tedesche sta aumentando sensibilmente. Mentre i politici e i responsabili dei giovani parlano della necessit\u00e0 di un&#039;educazione alla politica di sicurezza, il GEW mette in guardia da una militarizzazione strisciante della vita scolastica quotidiana. \u00c8 particolarmente controverso quanto questi eventi siano effettivamente neutrali e quali prospettive vengano trasmesse. La domanda \u00e8: dov&#039;\u00e8 il confine tra educazione e influenza? \u00c8 chiaro che questo tema \u00e8 sempre pi\u00f9 discusso nella societ\u00e0 e che le scuole sono sempre pi\u00f9 sotto esame.  #Bundeswehr #Scuola #Educazione\"><\/a><\/div><div class=\"ms-rss-content\"><div class=\"ms-rss-text\"><p>La presenza della Bundeswehr nelle scuole tedesche sta aumentando sensibilmente. Mentre i politici e i responsabili dei giovani parlano della necessit\u00e0 di un'educazione alla politica di sicurezza, il GEW mette in guardia da una militarizzazione strisciante della vita scolastica quotidiana. \u00c8 particolarmente controverso quanto questi eventi siano effettivamente neutrali e quali prospettive vengano trasmesse. La domanda \u00e8: dov'\u00e8 il confine tra educazione e influenza? \u00c8 chiaro che questo tema \u00e8 sempre pi\u00f9 discusso nella societ\u00e0 e che le scuole sono sempre pi\u00f9 sotto esame. #Bundeswehr #School #Education #Militarization #GEW #PPolitics #Society #School strike #Military service<\/p>\n<p class=\"ms-rss-readmore\">\n                    <a href=\"https:\/\/www.markus-schall.de\/it\/2026\/03\/dalla-fine-del-servizio-militare-obbligatorio-agli-scioperi-scolastici-il-nuovo-dibattito-sulle-forze-armate-tedesche-e-listruzione\/\">\n                        Per saperne di pi\u00f9\n                    <\/a>\n                  <\/p><\/div><div class=\"ms-rss-meta\">29.04.2026 - @MarkusSchall<\/div><\/div><\/article><article class=\"ms-rss-card\"><div class=\"ms-rss-image\"><a href=\"https:\/\/www.markus-schall.de\/it\/2026\/01\/capire-la-moneta-digitale-bitcoin-stablecoin-e-cbdc-spiegati-in-modo-semplice\/\"><img decoding=\"async\" src=\"https:\/\/pbs.twimg.com\/media\/HHAaty0bUAE4G2A.jpg\" alt=\"Le sanzioni funzionano solo finch\u00e9 \u00e8 possibile controllare i flussi di pagamento. Ma \u00e8 proprio questo che le valute digitali stanno rendendo sempre pi\u00f9 difficile. Bitcoin \u00e8 sinonimo di decentralizzazione, le monete stabili di uso flessibile e i CBDC di controllo statale. Questi tre modelli esistono in parallelo e stanno cambiando radicalmente il sistema finanziario globale. Di conseguenza, gli strumenti tradizionali stanno perdendo il loro impatto, mentre stanno emergendo nuove strutture. Non si tratta di uno sconvolgimento improvviso, ma di un cambiamento graduale con conseguenze a lungo termine. Nuovo video nell&#039;articolo.  #C Criptovalute #CBDC #Fin\"><\/a><\/div><div class=\"ms-rss-content\"><div class=\"ms-rss-text\"><p>Le sanzioni funzionano solo finch\u00e9 \u00e8 possibile controllare i flussi di pagamento. Ma \u00e8 proprio questo che le valute digitali stanno rendendo sempre pi\u00f9 difficile. Bitcoin \u00e8 sinonimo di decentralizzazione, le monete stabili di uso flessibile e i CBDC di controllo statale. Questi tre modelli esistono in parallelo e stanno cambiando radicalmente il sistema finanziario globale. Di conseguenza, gli strumenti tradizionali stanno perdendo il loro impatto, mentre stanno emergendo nuove strutture. Non si tratta di uno sconvolgimento improvviso, ma di un cambiamento graduale con conseguenze a lungo termine. Nuovo video nell'articolo. #C Criptovalute #CBDC #Sistema finanziario #Digitalizzazione #Economia #Futuro<\/p>\n<p class=\"ms-rss-readmore\">\n                    <a href=\"https:\/\/www.markus-schall.de\/it\/2026\/01\/capire-la-moneta-digitale-bitcoin-stablecoin-e-cbdc-spiegati-in-modo-semplice\/\">\n                        Per saperne di pi\u00f9\n                    <\/a>\n                  <\/p><\/div><div class=\"ms-rss-meta\">28.04.2026 - @MarkusSchall<\/div><\/div><\/article><article class=\"ms-rss-card\"><div class=\"ms-rss-image\"><a href=\"https:\/\/www.markus-schall.de\/it\/2026\/03\/quando-ero-al-telefono-con-un-robot-come-ki-conquista-il-telefono-e-come-riconoscerlo\/\"><img decoding=\"async\" src=\"https:\/\/pbs.twimg.com\/media\/HG_p5HtXcAEc6M2.jpg\" alt=\"Quando di recente ho parlato al telefono con una persona apparentemente reale, ho capito solo tardi che a parlare era un&#039;intelligenza artificiale. Nessuna pausa, nessuna incertezza, reazioni perfette, anche con un dialetto regionale. \u00c8 proprio questo che rende questi sistemi cos\u00ec pericolosi: non perch\u00e9 siano cattivi, ma perch\u00e9 stanno diventando troppo bravi. Chiunque creda ancora che sia sempre possibile riconoscerli immediatamente sta sottovalutando la velocit\u00e0 di questo sviluppo. Non si tratta pi\u00f9 di tecnologia, ma di percezione, fiducia e controllo nella vita quotidiana.  #KI #ArtificialIntelligence #Digitalizzazione #Phone #Futuro #\"><\/a><\/div><div class=\"ms-rss-content\"><div class=\"ms-rss-text\"><p>Quando di recente ho parlato al telefono con una persona apparentemente reale, ho capito solo tardi che a parlare era un'intelligenza artificiale. Nessuna pausa, nessuna incertezza, reazioni perfette, anche con un dialetto regionale. \u00c8 proprio questo che rende questi sistemi cos\u00ec pericolosi: non perch\u00e9 siano cattivi, ma perch\u00e9 stanno diventando troppo bravi. Chiunque creda ancora che sia sempre possibile riconoscerli immediatamente sta sottovalutando la velocit\u00e0 di questo sviluppo. Non si tratta pi\u00f9 di tecnologia, ma di percezione, fiducia e controllo nella vita quotidiana. #KI #ArtificialIntelligence #Digitalizzazione #Phone #Future...<\/p>\n<p class=\"ms-rss-readmore\">\n                    <a href=\"https:\/\/www.markus-schall.de\/it\/2026\/03\/quando-ero-al-telefono-con-un-robot-come-ki-conquista-il-telefono-e-come-riconoscerlo\/\">\n                        Per saperne di pi\u00f9\n                    <\/a>\n                  <\/p><\/div><div class=\"ms-rss-meta\">28.04.2026 - @MarkusSchall<\/div><\/div><\/article><article class=\"ms-rss-card\"><div class=\"ms-rss-image\"><a href=\"https:\/\/www.markus-schall.de\/it\/2025\/12\/ki-per-i-principianti-come-iniziare-a-lavorare-con-lintelligenza-artificiale-senza-conoscenze-preliminari\/\"><img decoding=\"async\" src=\"https:\/\/pbs.twimg.com\/media\/HG924gYakAAuXAT.jpg\" alt=\"Molti sottovalutano la rapidit\u00e0 con cui si possono compiere progressi reali con l&#039;intelligenza artificiale, se questa viene utilizzata in modo strutturato. L&#039;intelligenza artificiale non sostituisce il pensiero, ma ne \u00e8 uno strumento. Se la si usa correttamente, \u00e8 possibile riconoscere pi\u00f9 rapidamente le correlazioni, strutturare le idee e prendere decisioni migliori. Soprattutto per i principianti, \u00e8 importante non iniziare alla cieca, ma sviluppare un&#039;idea di come funziona. Questo articolo mostra un&#039;introduzione calma e chiara, senza inutili complessit\u00e0.  #KI #AI #Tpensiero #Produttivit\u00e0 #Conoscenza #AInt. artificiale\"><\/a><\/div><div class=\"ms-rss-content\"><div class=\"ms-rss-text\"><p>Molti sottovalutano la rapidit\u00e0 con cui si possono compiere progressi reali con l'intelligenza artificiale, se questa viene utilizzata in modo strutturato. L'intelligenza artificiale non sostituisce il pensiero, ma ne \u00e8 uno strumento. Se la si usa correttamente, \u00e8 possibile riconoscere pi\u00f9 rapidamente le correlazioni, strutturare le idee e prendere decisioni migliori. Soprattutto per i principianti, \u00e8 importante non iniziare alla cieca, ma sviluppare un'idea di come funziona. Questo articolo mostra un'introduzione calma e chiara, senza inutili complessit\u00e0. #KI #AI #Tpensiero #Produttivit\u00e0 #Conoscenza #AIntelligenza artificiale #Digitalizzazione<\/p>\n<p class=\"ms-rss-readmore\">\n                    <a href=\"https:\/\/www.markus-schall.de\/it\/2025\/12\/ki-per-i-principianti-come-iniziare-a-lavorare-con-lintelligenza-artificiale-senza-conoscenze-preliminari\/\">\n                        Per saperne di pi\u00f9\n                    <\/a>\n                  <\/p><\/div><div class=\"ms-rss-meta\">28.04.2026 - @MarkusSchall<\/div><\/div><\/article><article class=\"ms-rss-card\"><div class=\"ms-rss-image\"><a href=\"https:\/\/www.markus-schall.de\/it\/2025\/10\/quando-il-dovere-diventa-di-nuovo-dovere-una-sorta-di-saggio-del-signor-von-loreot\/\"><img decoding=\"async\" src=\"https:\/\/pbs.twimg.com\/media\/HG5npiYboAEhzmh.jpg\" alt=\"Un 91enne si offre volontario per il servizio di riserva. Con una vera esperienza di fronte alla Seconda Guerra Mondiale. E con una conoscenza reale di come sia la guerra. Mentre i politici e i media discutono di nuovi modelli di difesa, a quanto pare basta una sola lettera per riportarci alla realt\u00e0. A volte non serve un esperto, ma qualcuno che l&#039;abbia vissuta. E che sobriamente si rende conto di ci\u00f2 che non dovrebbe essere ripetuto.  1TP24Conscrizione #C Eventi attuali #Realt\u00e0 #HStoria #Riflessione #Guerra #TTensione\"><\/a><\/div><div class=\"ms-rss-content\"><div class=\"ms-rss-text\"><p>Un 91enne si offre volontario per il servizio di riserva. Con una vera esperienza di fronte alla Seconda Guerra Mondiale. E con una conoscenza reale di come sia la guerra. Mentre i politici e i media discutono di nuovi modelli di difesa, a quanto pare basta una sola lettera per riportarci alla realt\u00e0. A volte non serve un esperto, ma qualcuno che l'abbia vissuta. E che si rende conto sobriamente di ci\u00f2 che non dovrebbe essere ripetuto. 1TP24Conscrizione #C Eventi attuali #Realt\u00e0 #HStoria #Riflessione #Guerra #TTensione<\/p>\n<p class=\"ms-rss-readmore\">\n                    <a href=\"https:\/\/www.markus-schall.de\/it\/2025\/10\/quando-il-dovere-diventa-di-nuovo-dovere-una-sorta-di-saggio-del-signor-von-loreot\/\">\n                        Per saperne di pi\u00f9\n                    <\/a>\n                  <\/p><\/div><div class=\"ms-rss-meta\">27.04.2026 - @MarkusSchall<\/div><\/div><\/article><article class=\"ms-rss-card\"><div class=\"ms-rss-image\"><a href=\"https:\/\/www.markus-schall.de\/it\/2026\/04\/dal-contenuto-alla-sostanza-come-si-creano-sistemi-digitali-che-non-possono-essere-copiati\/\"><img decoding=\"async\" src=\"https:\/\/pbs.twimg.com\/media\/HG41B3macAAnUbG.jpg\" alt=\"Le piattaforme vi permettono di raggiungere i vostri clienti, ma vi tolgono il controllo. Un algoritmo cambia e la vostra visibilit\u00e0 sparisce. Il vostro sistema funziona in modo diverso. Cresce lentamente, ma vi appartiene. I contenuti si costruiscono l&#039;uno sull&#039;altro, si rafforzano a vicenda e sviluppano un valore reale nel tempo. Non si tratta di un metodo rapido, ma sostenibile. Chi pensa a lungo termine non si concentra sugli effetti a breve termine, ma sulla struttura e sulla continuit\u00e0. \u00c8 questo che fa la differenza.  #OnlineBusiness #ContentMarketing #KI #Sautodeterminazione #ContentStrategia #Slavoro autonomo\"><\/a><\/div><div class=\"ms-rss-content\"><div class=\"ms-rss-text\"><p>Le piattaforme vi permettono di raggiungere il mercato, ma vi tolgono il controllo. Un algoritmo cambia e la vostra visibilit\u00e0 sparisce. Il vostro sistema funziona in modo diverso. Cresce lentamente, ma vi appartiene. I contenuti si costruiscono l'uno sull'altro, si rafforzano a vicenda e sviluppano un valore reale nel tempo. Non si tratta di un metodo rapido, ma sostenibile. Chi pensa a lungo termine non si concentra sugli effetti a breve termine, ma sulla struttura e sulla continuit\u00e0. \u00c8 questo che fa la differenza. #OnlineBusiness #ContentMarketing #KI #Self-determination #ContentStrategy #Selfemployment<\/p>\n<p class=\"ms-rss-readmore\">\n                    <a href=\"https:\/\/www.markus-schall.de\/it\/2026\/04\/dal-contenuto-alla-sostanza-come-si-creano-sistemi-digitali-che-non-possono-essere-copiati\/\">\n                        Per saperne di pi\u00f9\n                    <\/a>\n                  <\/p><\/div><div class=\"ms-rss-meta\">27.04.2026 - @MarkusSchall<\/div><\/div><\/article><article class=\"ms-rss-card\"><div class=\"ms-rss-image\"><a href=\"https:\/\/www.markus-schall.de\/it\/2026\/02\/cosa-sono-i-brics-e-cosa-non-lo-sono-storia-economia-e-classificazione-geopolitica\/\"><img decoding=\"async\" src=\"https:\/\/pbs.twimg.com\/media\/HG12C1HW4AAMmYT.jpg\" alt=\"I Paesi BRICS stanno lavorando per diventare meno dipendenti dal dollaro USA e si stanno concentrando sempre pi\u00f9 sull&#039;oro e sulle proprie strutture commerciali. Un recente articolo mostra come il sistema finanziario globale stia lentamente cambiando. Una cosa \u00e8 chiara: il dollaro continua a dominare, ma i modelli alternativi stanno guadagnando importanza. La questione della velocit\u00e0 con cui questo cambiamento sta effettivamente avvenendo \u00e8 particolarmente interessante. Un tema che va ben oltre la pura politica economica e che ha implicazioni geopolitiche.  #BRICS #Dollar #USA #Gold #Commodities #Geopolitica #Financial system #Petrodollar\"><\/a><\/div><div class=\"ms-rss-content\"><div class=\"ms-rss-text\"><p>I Paesi BRICS stanno lavorando per diventare meno dipendenti dal dollaro USA e si stanno concentrando sempre pi\u00f9 sull'oro e sulle proprie strutture commerciali. Un recente articolo mostra come il sistema finanziario globale stia lentamente cambiando. Una cosa \u00e8 chiara: il dollaro continua a dominare, ma i modelli alternativi stanno guadagnando importanza. La questione della velocit\u00e0 con cui questo cambiamento sta effettivamente avvenendo \u00e8 particolarmente interessante. Un tema che va ben oltre la pura politica economica e che ha implicazioni geopolitiche. #BRICS #Dollar #USA #Gold #Commodities #Geopolitica #Financial system #Petrodollar<\/p>\n<p class=\"ms-rss-readmore\">\n                    <a href=\"https:\/\/www.markus-schall.de\/it\/2026\/02\/cosa-sono-i-brics-e-cosa-non-lo-sono-storia-economia-e-classificazione-geopolitica\/\">\n                        Per saperne di pi\u00f9\n                    <\/a>\n                  <\/p><\/div><div class=\"ms-rss-meta\">26.04.2026 - @MarkusSchall<\/div><\/div><\/article><article class=\"ms-rss-card\"><div class=\"ms-rss-image\"><a href=\"https:\/\/www.markus-schall.de\/it\/2026\/03\/chi-e-j-d-vance-un-ritratto-delle-sue-origini-della-sua-carriera-delle-sue-contraddizioni-e-del-suo-futuro\/\"><img decoding=\"async\" src=\"https:\/\/pbs.twimg.com\/media\/HG0Qpd9a0AAA_83.jpg\" alt=\"JD Vance si trova all&#039;ombra di Donald Trump - e allo stesso tempo sotto i riflettori della politica mondiale. Un&#039;analisi mostra quanto sia difficile il suo ruolo nell&#039;attuale conflitto in Iran. Tra responsabilit\u00e0 diplomatica e rischio politico, questo momento potrebbe decidere il suo futuro. Far\u00e0 il salto per diventare un leader indipendente o rimarr\u00e0 il \u201evice sullo sfondo\u201c? Sono proprio situazioni come questa che mostrano se qualcuno pu\u00f2 sviluppare un peso politico. Uno sviluppo emozionante con un esito aperto.  #JDVance #Trump #Iran #USA #Geopolitica #Analisi\"><\/a><\/div><div class=\"ms-rss-content\"><div class=\"ms-rss-text\"><p>JD Vance si trova all'ombra di Donald Trump - e allo stesso tempo sotto i riflettori della politica mondiale. Un'analisi mostra quanto sia difficile il suo ruolo nell'attuale conflitto in Iran. Tra responsabilit\u00e0 diplomatica e rischio politico, questo momento potrebbe decidere il suo futuro. Far\u00e0 il salto per diventare un leader indipendente o rimarr\u00e0 il \u201evice sullo sfondo\u201c? Sono proprio situazioni come questa che mostrano se qualcuno pu\u00f2 sviluppare un peso politico. Uno sviluppo emozionante con un esito aperto. #JDVance #Trump #Iran #USA #Geopolitica #Analisi<\/p>\n<p class=\"ms-rss-readmore\">\n                    <a href=\"https:\/\/www.markus-schall.de\/it\/2026\/03\/chi-e-j-d-vance-un-ritratto-delle-sue-origini-della-sua-carriera-delle-sue-contraddizioni-e-del-suo-futuro\/\">\n                        Per saperne di pi\u00f9\n                    <\/a>\n                  <\/p><\/div><div class=\"ms-rss-meta\">26.04.2026 - @MarkusSchall<\/div><\/div><\/article><article class=\"ms-rss-card\"><div class=\"ms-rss-image\"><a href=\"https:\/\/www.markus-schall.de\/it\/2026\/01\/storia-della-propaganda-metodi-forme-moderne-e-come-riconoscerle\/\"><img decoding=\"async\" src=\"https:\/\/pbs.twimg.com\/media\/HGzsAUSb0AAhEUO.jpg\" alt=\"Un&#039;emozionante conferenza del dottor Jonas T\u00f6gel lo dimostra: La manipolazione nel XXI secolo funziona oggi in modo molto pi\u00f9 sottile che in passato. Non si tratta pi\u00f9 di propaganda aperta, ma di \u201esoft power\u201c, cio\u00e8 di influenza mirata su pensieri, sentimenti e comportamenti. Termini come framing, PR e guerra cognitiva caratterizzano la nostra vita quotidiana pi\u00f9 di quanto molti pensino. Chiunque creda di non esserne influenzato si sbaglia. Proprio per questo \u00e8 sempre pi\u00f9 importante esaminare criticamente le informazioni e incorporare prospettive diverse.  #Propaganda #Media skills #SoftPower #Mmanipolazione #Ko\"><\/a><\/div><div class=\"ms-rss-content\"><div class=\"ms-rss-text\"><p>Un'emozionante conferenza del dottor Jonas T\u00f6gel lo dimostra: La manipolazione nel XXI secolo funziona oggi in modo molto pi\u00f9 sottile che in passato. Non si tratta pi\u00f9 di propaganda aperta, ma di \u201esoft power\u201c, cio\u00e8 di influenza mirata su pensieri, sentimenti e comportamenti. Termini come framing, PR e guerra cognitiva caratterizzano la nostra vita quotidiana pi\u00f9 di quanto molti pensino. Chiunque creda di non esserne influenzato si sbaglia. Proprio per questo \u00e8 sempre pi\u00f9 importante esaminare criticamente le informazioni e incorporare prospettive diverse. #Propaganda #M abilit\u00e0 mediatiche #SoftPower #Mmanipolazione #guerra cognitiva #Mmedia<\/p>\n<p class=\"ms-rss-readmore\">\n                    <a href=\"https:\/\/www.markus-schall.de\/it\/2026\/01\/storia-della-propaganda-metodi-forme-moderne-e-come-riconoscerle\/\">\n                        Per saperne di pi\u00f9\n                    <\/a>\n                  <\/p><\/div><div class=\"ms-rss-meta\">26.04.2026 - @MarkusSchall<\/div><\/div><\/article><article class=\"ms-rss-card\"><div class=\"ms-rss-image\"><a href=\"https:\/\/www.markus-schall.de\/it\/2026\/02\/potere-e-dipendenza-energetica-la-transizione-delleuropa-da-campione-mondiale-delle-esportazioni-a-consumatore\/\"><img decoding=\"async\" src=\"https:\/\/pbs.twimg.com\/media\/HGw1RZSX0AEkAO2.jpg\" alt=\"\u201eStiamo commettendo di nuovo gli stessi errori che abbiamo commesso durante la crisi del gas\u201c: questo avvertimento ha il suo peso. Dopo tutto, l&#039;aumento dei costi energetici non \u00e8 solo un problema di mercato, ma anche una conseguenza delle decisioni politiche. Se le condizioni quadro rimangono incerte, le aziende investono di meno - ed \u00e8 proprio questo che aggrava la situazione a lungo termine. L&#039;effetto a breve termine pu\u00f2 essere rassicurante, ma i problemi strutturali rimangono. Un classico esempio di quanto siano complessi gli interventi sui mercati energetici.  #Energia #Europa #Inflazione 1TP24Economia #Ppolitica #Kerosene #Crisi del gas\"><\/a><\/div><div class=\"ms-rss-content\"><div class=\"ms-rss-text\"><p>\u201eStiamo commettendo di nuovo gli stessi errori che abbiamo commesso durante la crisi del gas\u201c: questo avvertimento ha il suo peso. Dopo tutto, l'aumento dei costi energetici non \u00e8 solo un problema di mercato, ma anche una conseguenza delle decisioni politiche. Se le condizioni quadro rimangono incerte, le aziende investono meno - e questo \u00e8 proprio ci\u00f2 che aggrava la situazione nel lungo periodo. L'effetto a breve termine pu\u00f2 essere rassicurante, ma i problemi strutturali rimangono. Un classico esempio di quanto siano complessi gli interventi sui mercati energetici. #Energia #Europa #Inflazione 1TP24Economia #Ppolitica #Kerosene #Crisi del gas<\/p>\n<p class=\"ms-rss-readmore\">\n                    <a href=\"https:\/\/www.markus-schall.de\/it\/2026\/02\/potere-e-dipendenza-energetica-la-transizione-delleuropa-da-campione-mondiale-delle-esportazioni-a-consumatore\/\">\n                        Per saperne di pi\u00f9\n                    <\/a>\n                  <\/p><\/div><div class=\"ms-rss-meta\">25.04.2026 - @MarkusSchall<\/div><\/div><\/article><article class=\"ms-rss-card\"><div class=\"ms-rss-image\"><a href=\"https:\/\/www.markus-schall.de\/it\/2025\/12\/capire-i-prezzi-elevati-dellenergia-in-germania-gas-elettricita-e-benzina-spiegati-in-modo-semplice\/\"><img decoding=\"async\" src=\"https:\/\/pbs.twimg.com\/media\/HGuw7v_a0AAEHkU.jpg\" alt=\"Il governo tedesco ha deciso uno sconto sul carburante: in termini matematici, il prezzo del carburante potrebbe scendere di circa 16-18 centesimi al litro. Sembra una buona idea, ma la realt\u00e0 \u00e8 pi\u00f9 complicata: l&#039;effetto \u00e8 ritardato perch\u00e9 le stazioni di servizio vendono inizialmente il carburante acquistato a un prezzo pi\u00f9 alto. C&#039;\u00e8 anche una grande domanda: lo sconto verr\u00e0 trasferito per intero? L&#039;esperienza passata dimostra che ci\u00f2 non \u00e8 garantito. Alla fine non \u00e8 solo la politica a decidere, ma anche il mercato.  #Fuel discount #Energy prices #Inflation #Fuel prices #Germany #Energy pole\"><\/a><\/div><div class=\"ms-rss-content\"><div class=\"ms-rss-text\"><p>Il governo tedesco ha deciso uno sconto sul carburante: in termini matematici, il prezzo del carburante potrebbe scendere di circa 16-18 centesimi al litro. Sembra una buona idea, ma la realt\u00e0 \u00e8 pi\u00f9 complicata: l'effetto \u00e8 ritardato perch\u00e9 le stazioni di servizio vendono inizialmente il carburante acquistato a un prezzo pi\u00f9 alto. C'\u00e8 anche una grande domanda: lo sconto verr\u00e0 trasferito per intero? L'esperienza passata dimostra che ci\u00f2 non \u00e8 garantito. Alla fine non \u00e8 solo la politica a decidere, ma anche il mercato. #Sconto sul carburante #Energy prices #Inflation #Fuel prices #Germania #Energy policy<\/p>\n<p class=\"ms-rss-readmore\">\n                    <a href=\"https:\/\/www.markus-schall.de\/it\/2025\/12\/capire-i-prezzi-elevati-dellenergia-in-germania-gas-elettricita-e-benzina-spiegati-in-modo-semplice\/\">\n                        Per saperne di pi\u00f9\n                    <\/a>\n                  <\/p><\/div><div class=\"ms-rss-meta\">25.04.2026 - @MarkusSchall<\/div><\/div><\/article><article class=\"ms-rss-card\"><div class=\"ms-rss-image\"><a href=\"https:\/\/www.markus-schall.de\/it\/2025\/12\/reach-is-not-ownership-perche-oggi-la-visibilita-non-e-piu-sufficiente\/\"><img decoding=\"async\" src=\"https:\/\/pbs.twimg.com\/media\/HGrH-27WMAAIeJ3.jpg\" alt=\"Oggi molti si affidano alla portata nei motori di ricerca, nei social network o su YouTube - follower, click, visibilit\u00e0. Ma spesso non si tiene conto di questo aspetto: Questa portata non vi appartiene. Esiste all&#039;interno di piattaforme che possono cambiare regole in qualsiasi momento. Questo articolo mostra perch\u00e9 la visibilit\u00e0 non sostituisce la propriet\u00e0 e perch\u00e9 la vera sostanza si crea quando i contenuti sono sotto il vostro controllo. Un cambio di prospettiva che pu\u00f2 essere decisivo nel lungo periodo.  #Reach #D propriet\u00e0 digitale #Marketing #Strategia #C azienda #Media #Digitalizzazione\"><\/a><\/div><div class=\"ms-rss-content\"><div class=\"ms-rss-text\"><p>Oggi molte persone si affidano alla portata nei motori di ricerca, nei social network o su YouTube - follower, click, visibilit\u00e0. Ma spesso non si tiene conto di questo aspetto: Questa portata non vi appartiene. Esiste all'interno di piattaforme che possono cambiare regole in qualsiasi momento. Questo articolo mostra perch\u00e9 la visibilit\u00e0 non sostituisce la propriet\u00e0 e perch\u00e9 la vera sostanza si crea quando i contenuti sono sotto il vostro controllo. Un cambio di prospettiva che pu\u00f2 essere decisivo nel lungo periodo. #Reach #D propriet\u00e0 digitale #Marketing #Strategia #C azienda #Media #Digitalizzazione<\/p>\n<p class=\"ms-rss-readmore\">\n                    <a href=\"https:\/\/www.markus-schall.de\/it\/2025\/12\/reach-is-not-ownership-perche-oggi-la-visibilita-non-e-piu-sufficiente\/\">\n                        Per saperne di pi\u00f9\n                    <\/a>\n                  <\/p><\/div><div class=\"ms-rss-meta\">24.04.2026 - @MarkusSchall<\/div><\/div><\/article><article class=\"ms-rss-card\"><div class=\"ms-rss-image\"><a href=\"https:\/\/www.markus-schall.de\/it\/2026\/01\/capire-la-vita-quotidiana-delliran-proteste-e-interessi-oltre-i-titoli-dei-giornali\/\"><img decoding=\"async\" src=\"https:\/\/pbs.twimg.com\/media\/HGpaxIzWYAA6RLS.jpg\" alt=\"La visita a Berlino del figlio dello Sci\u00e0, Reza Pahlavi, dimostra la complessit\u00e0 dell&#039;opposizione iraniana in esilio. Per alcuni \u00e8 un faro di speranza per il cambiamento politico, per altri una figura controversa con un peso storico. Una cosa \u00e8 chiara: la questione di chi potrebbe rappresentare l&#039;Iran in futuro rimane aperta. Questo articolo classifica il suo ruolo e mostra quanto siano diverse le aspettative nei suoi confronti. Una prospettiva interessante sull&#039;Iran al di l\u00e0 dei conflitti attuali.  #Iran #Pahlavi #Ppolitica #Opposizione #Geopolitica\"><\/a><\/div><div class=\"ms-rss-content\"><div class=\"ms-rss-text\"><p>La visita a Berlino del figlio dello Sci\u00e0, Reza Pahlavi, dimostra quanto sia complessa l'opposizione iraniana in esilio. Per alcuni \u00e8 un faro di speranza per il cambiamento politico, per altri una figura controversa con un peso storico. Una cosa \u00e8 chiara: la questione di chi potrebbe rappresentare l'Iran in futuro rimane aperta. Questo articolo classifica il suo ruolo e mostra quanto siano diverse le aspettative nei suoi confronti. Una prospettiva interessante sull'Iran al di l\u00e0 dei conflitti attuali. #Iran #Pahlavi #Ppolitica #Opposizione #Geopolitica<\/p>\n<p class=\"ms-rss-readmore\">\n                    <a href=\"https:\/\/www.markus-schall.de\/it\/2026\/01\/capire-la-vita-quotidiana-delliran-proteste-e-interessi-oltre-i-titoli-dei-giornali\/\">\n                        Per saperne di pi\u00f9\n                    <\/a>\n                  <\/p><\/div><div class=\"ms-rss-meta\">24.04.2026 - @MarkusSchall<\/div><\/div><\/article><article class=\"ms-rss-card\"><div class=\"ms-rss-image\"><a href=\"https:\/\/www.markus-schall.de\/it\/2026\/01\/sabotaggio-del-flusso-settentrionale-politica-del-potere-e-le-scomode-domande-aperte\/\"><img decoding=\"async\" src=\"https:\/\/pbs.twimg.com\/media\/HGmdzdSXgAAPgC0.jpg\" alt=\"Perch\u00e9 la Germania sostiene cos\u00ec costantemente l&#039;Ucraina, nonostante gli attacchi ai gasdotti Nord Stream non siano ancora stati chiaramente risolti? Un articolo di Overton Magazine pone proprio questa domanda e indica possibili connessioni statali che dovrebbero essere almeno discusse. Una cosa \u00e8 chiara: molti dettagli non sono ancora chiari, mentre le decisioni politiche sono state prese da tempo. L&#039;articolo non fornisce risposte definitive, ma offre una prospettiva pi\u00f9 precisa su una questione che \u00e8 molto pi\u00f9 complessa di come viene spesso descritta.  #NordStream #Ucraina #Germania\"><\/a><\/div><div class=\"ms-rss-content\"><div class=\"ms-rss-text\"><p>Perch\u00e9 la Germania sostiene cos\u00ec costantemente l'Ucraina, nonostante gli attacchi ai gasdotti Nord Stream non siano ancora stati chiaramente risolti? Un articolo di Overton Magazine pone proprio questa domanda e indica possibili connessioni statali che dovrebbero essere almeno discusse. Una cosa \u00e8 chiara: molti dettagli non sono ancora chiari, mentre le decisioni politiche sono state prese da tempo. L'articolo non fornisce risposte definitive, ma offre una prospettiva pi\u00f9 precisa su una questione che \u00e8 molto pi\u00f9 complessa di come viene spesso descritta. #NordStream #Ucraina #Germania #Geopolitica #Energy policy #Debate...<\/p>\n<p class=\"ms-rss-readmore\">\n                    <a href=\"https:\/\/www.markus-schall.de\/it\/2026\/01\/sabotaggio-del-flusso-settentrionale-politica-del-potere-e-le-scomode-domande-aperte\/\">\n                        Per saperne di pi\u00f9\n                    <\/a>\n                  <\/p><\/div><div class=\"ms-rss-meta\">23.04.2026 - @MarkusSchall<\/div><\/div><\/article><article class=\"ms-rss-card\"><div class=\"ms-rss-image\"><a href=\"https:\/\/www.markus-schall.de\/it\/2025\/11\/il-pericolo-silenzioso-degli-indossabili-quando-la-comodita-diventa-sorveglianza\/\"><img decoding=\"async\" src=\"https:\/\/pbs.twimg.com\/media\/HGlv--YXgAAKBlO.jpg\" alt=\"I dispositivi indossabili sembrano innocui: contano i passi, misurano le pulsazioni, analizzano il sonno. Tuttavia, i dispositivi moderni registrano molto di pi\u00f9 in background, dalla variabilit\u00e0 della frequenza cardiaca ai modelli di stress e alle reazioni emotive. \u00c8 qui che sta il vero cambiamento: il problema non \u00e8 la tecnologia in s\u00e9, ma la profondit\u00e0 dei dati che genera. Chi controlla questi dati capisce il comportamento, spesso meglio degli stessi utenti.  #Wearables #D protezione dei dati #Digitalizzazione #Mmonitoraggio #Health #KI\"><\/a><\/div><div class=\"ms-rss-content\"><div class=\"ms-rss-text\"><p>I dispositivi indossabili sembrano innocui: contano i passi, misurano le pulsazioni, analizzano il sonno. Tuttavia, i dispositivi moderni registrano molto di pi\u00f9 in background, dalla variabilit\u00e0 della frequenza cardiaca ai modelli di stress e alle reazioni emotive. \u00c8 qui che sta il vero cambiamento: il problema non \u00e8 la tecnologia in s\u00e9, ma la profondit\u00e0 dei dati che genera. Chi controlla questi dati comprende il comportamento, spesso meglio degli stessi utenti. #Wearables #D protezione dei dati #Digitalizzazione #Mmonitoraggio #Health #KI<\/p>\n<p class=\"ms-rss-readmore\">\n                    <a href=\"https:\/\/www.markus-schall.de\/it\/2025\/11\/il-pericolo-silenzioso-degli-indossabili-quando-la-comodita-diventa-sorveglianza\/\">\n                        Per saperne di pi\u00f9\n                    <\/a>\n                  <\/p><\/div><div class=\"ms-rss-meta\">23.04.2026 - @MarkusSchall<\/div><\/div><\/article><article class=\"ms-rss-card\"><div class=\"ms-rss-image\"><a href=\"https:\/\/www.markus-schall.de\/it\/2026\/01\/groenland-trump-e-la-questione-dellappartenenza-storia-diritto-e-realta\/\"><img decoding=\"async\" src=\"https:\/\/pbs.twimg.com\/media\/HGkHfHAXQAEAN8K.jpg\" alt=\"Perch\u00e9 Donald Trump voleva davvero comprare la Groenlandia? Il Prof. Christian Rieck inserisce la mossa di Trump in Groenlandia nel contesto della teoria dei giochi - e improvvisamente l&#039;intera faccenda sembra molto meno \u201efolle\u201c. Si tratta del controllo delle rotte artiche, delle terre rare e di posizioni militari chiave come il GIUK Gap. Anche richieste apparentemente assurde possono far parte di un negoziato strategico. Ho aggiunto proprio questa prospettiva all&#039;articolo sulla Groenlandia.  #Greenland #Geopolitica #Trump #Teoria del gioco #Trictis #Strategia\"><\/a><\/div><div class=\"ms-rss-content\"><div class=\"ms-rss-text\"><p>Perch\u00e9 Donald Trump voleva davvero comprare la Groenlandia? Il Prof. Christian Rieck inserisce la mossa di Trump in Groenlandia nel contesto della teoria dei giochi - e improvvisamente l'intera faccenda sembra molto meno \u201efolle\u201c. Si tratta del controllo delle rotte artiche, delle terre rare e di posizioni militari chiave come il GIUK Gap. Anche richieste apparentemente assurde possono far parte di un negoziato strategico. Ho aggiunto proprio questa prospettiva all'articolo sulla Groenlandia. #Greenland #Geopolitica #Trump #Teoria del gioco #Trictis #Strategia<\/p>\n<p class=\"ms-rss-readmore\">\n                    <a href=\"https:\/\/www.markus-schall.de\/it\/2026\/01\/groenland-trump-e-la-questione-dellappartenenza-storia-diritto-e-realta\/\">\n                        Per saperne di pi\u00f9\n                    <\/a>\n                  <\/p><\/div><div class=\"ms-rss-meta\">23.04.2026 - @MarkusSchall<\/div><\/div><\/article><article class=\"ms-rss-card\"><div class=\"ms-rss-image\"><a href=\"https:\/\/www.markus-schall.de\/it\/2026\/02\/imparare-a-pensare-in-dialogo-con-ki-perche-le-buone-domande-sono-piu-importanti-dei-buoni-modelli\/\"><img decoding=\"async\" src=\"https:\/\/pbs.twimg.com\/media\/HGhFcetWsAAo-NB.jpg\" alt=\"La vera differenza nel trattare con l&#039;intelligenza artificiale non \u00e8 tecnica, ma mentale: la si usa come strumento o come sparring partner? Come sparring partner, si costringe l&#039;intelligenza artificiale a formulare pensieri, a riconoscere le contraddizioni e a prendere posizione. Non si limita a fornire risposte, ma reagisce ai processi di pensiero. \u00c8 proprio per questo che le buone domande sono pi\u00f9 importanti dei buoni modelli. Chi lo capisce va pi\u00f9 a fondo, mentre gli altri lo abbandonano rapidamente. Un&#039;analisi chiara in questo articolo.  #KI #ArtificialIntelligence #Tpensiero #Strategia #apprendimento #Ch\"><\/a><\/div><div class=\"ms-rss-content\"><div class=\"ms-rss-text\"><p>La vera differenza nel trattare con l'intelligenza artificiale non \u00e8 tecnica, ma mentale: la si usa come strumento o come sparring partner? Come sparring partner, si costringe l'intelligenza artificiale a formulare pensieri, a riconoscere le contraddizioni e a prendere posizione. Non si limita a fornire risposte, ma reagisce ai processi di pensiero. \u00c8 proprio per questo che le buone domande sono pi\u00f9 importanti dei buoni modelli. Chi lo capisce va pi\u00f9 a fondo, mentre gli altri lo abbandonano rapidamente. Un'analisi chiara in questo articolo. #KI #ArtificialIntelligence #Thinking #Strategy #Learning #ChatGPT<\/p>\n<p class=\"ms-rss-readmore\">\n                    <a href=\"https:\/\/www.markus-schall.de\/it\/2026\/02\/imparare-a-pensare-in-dialogo-con-ki-perche-le-buone-domande-sono-piu-importanti-dei-buoni-modelli\/\">\n                        Per saperne di pi\u00f9\n                    <\/a>\n                  <\/p><\/div><div class=\"ms-rss-meta\">22.04.2026 - @MarkusSchall<\/div><\/div><\/article><article class=\"ms-rss-card\"><div class=\"ms-rss-image\"><a href=\"https:\/\/www.markus-schall.de\/it\/2026\/02\/annullare-la-cultura-in-occidente-universita-sport-sanzioni-militari-e-comunitarie-analizzate\/\"><img decoding=\"async\" src=\"https:\/\/pbs.twimg.com\/media\/HGe90oMWQAAD0Sm.jpg\" alt=\"Fino a che punto possono spingersi le misure statali quando si tratta di sanzioni contro individui? Una nuova conferenza di avvocati fa luce sul caso di un giornalista inserito in una lista di sanzioni dell&#039;UE e solleva questioni fondamentali sulla libert\u00e0 di espressione e di stampa. L&#039;attenzione si concentra sul compromesso tra misure di politica di sicurezza e diritti individuali. Questa prospettiva \u00e8 stata aggiunta all&#039;articolo. Se desiderate formarvi una vostra opinione, ora troverete un&#039;altra voce per la categorizzazione.  #Libert\u00e0 di espressione #PLibert\u00e0 di stampa #EU #Sanzioni #CancelCultura #Giornalismo\"><\/a><\/div><div class=\"ms-rss-content\"><div class=\"ms-rss-text\"><p>Fino a che punto possono spingersi le misure statali quando si tratta di sanzioni contro individui? Una nuova conferenza di avvocati fa luce sul caso di un giornalista inserito in una lista di sanzioni dell'UE e solleva questioni fondamentali sulla libert\u00e0 di espressione e di stampa. L'attenzione si concentra sul compromesso tra misure di politica di sicurezza e diritti individuali. Questa prospettiva \u00e8 stata aggiunta all'articolo. Se desiderate formarvi una vostra opinione, ora troverete un'altra voce per la categorizzazione. #Libert\u00e0 di espressione #PLibert\u00e0 di stampa #EU #Sanzioni #CancelCultura #Giornalismo<\/p>\n<p class=\"ms-rss-readmore\">\n                    <a href=\"https:\/\/www.markus-schall.de\/it\/2026\/02\/annullare-la-cultura-in-occidente-universita-sport-sanzioni-militari-e-comunitarie-analizzate\/\">\n                        Per saperne di pi\u00f9\n                    <\/a>\n                  <\/p><\/div><div class=\"ms-rss-meta\">22.04.2026 - @MarkusSchall<\/div><\/div><\/article><\/div>\n<hr \/>\n\n\t\t\t<div class=\"display-post-types\">\n\n\t\t\t\t\t\t\t<style type=\"text\/css\">\n\t\t\t#dpt-wrapper-761 { --dpt-text-align: left;--dpt-image-crop: center;--dpt-border-radius: 5px;--dpt-h-gutter: 10px;--dpt-v-gutter: 9px; }\t\t\t<\/style>\n\t\t\t<style type=\"text\/css\">#dpt-wrapper-761 { --dpt-title-font-style:normal;--dpt-title-font-weight:600;--dpt-title-line-height:1.5;--dpt-title-text-decoration:none;--dpt-title-text-transform:none;--dpt-excerpt-font-style:normal;--dpt-excerpt-font-weight:400;--dpt-excerpt-line-height:1.5;--dpt-excerpt-text-decoration:none;--dpt-excerpt-text-transform:none;--dpt-meta1-font-style:normal;--dpt-meta1-font-weight:400;--dpt-meta1-line-height:1.9;--dpt-meta1-text-decoration:none;--dpt-meta1-text-transform:none;--dpt-meta2-font-style:normal;--dpt-meta2-font-weight:400;--dpt-meta2-line-height:1.9;--dpt-meta2-text-decoration:none;--dpt-meta2-text-transform:none; }<\/style><div class=\"dpt-main-header\">\n\t\t\t\t\t\t<div class=\"dpt-main-title\">\n\t\t\t\t\t\t\t<span class=\"dpt-main-title-text\">Problemi sociali del presente<\/span>\n\t\t\t\t\t\t<\/div>\n\t\t\t\t\t\t\n\t\t\t\t\t\t\n\t\t\t\t\t\t\n\t\t\t\t\t\t<\/div>\t\t\t\n\t\t\t\t<div id=\"dpt-wrapper-761\" class=\"dpt-wrapper dpt-mag1 land1 dpt-cropped dpt-flex-wrap\" >\n\n\t\t\t\t\t\t\t\t\t\t\t<div class=\"dpt-entry has-thumbnail\" data-title=\"warum dieter bohlen spricht, wenn andere schweigen: ein portr\u00e4t \u00fcber flei\u00df und klarheit\" data-id=\"3744\"  data-category=\"allgemein gesellschaft kunst &amp; kultur\" data-post_tag=\"auswandern deutschland erfahrungen krisen meinungsfreiheit musik portrait\">\n\t\t\t\t\t\t\t<div class=\"dpt-entry-wrapper\"><div class=\"dpt-featured-content\"><div class=\"dpt-permalink\"><a href=\"https:\/\/www.markus-schall.de\/it\/2025\/12\/perche-dieter-bohlen-parla-quando-gli-altri-tacciono-un-ritratto-di-diligenza-e-chiarezza\/\" class=\"dpt-permalink\"><span class=\"screen-reader-text\">Perch\u00e9 Dieter Bohlen parla quando altri tacciono: Un ritratto di diligenza e chiarezza<\/span><\/a><\/div><div class=\"dpt-thumbnail\"><div class=\"dpt-thumbnail-inner\"><img width=\"1024\" height=\"683\" class=\"attachment-full size-full\" alt=\"\" context=\"dpt\" data-dpt-src=\"https:\/\/www.markus-schall.de\/wp-content\/uploads\/Dieter-Bohlen-Portrait.jpg\" data-dpt-sizes=\"(max-width: 1024px) 100vw, 1024px\" data-dpt-srcset=\"https:\/\/www.markus-schall.de\/wp-content\/uploads\/Dieter-Bohlen-Portrait.jpg 1024w, https:\/\/www.markus-schall.de\/wp-content\/uploads\/Dieter-Bohlen-Portrait-300x200.jpg 300w, https:\/\/www.markus-schall.de\/wp-content\/uploads\/Dieter-Bohlen-Portrait-768x512.jpg 768w, https:\/\/www.markus-schall.de\/wp-content\/uploads\/Dieter-Bohlen-Portrait-18x12.jpg 18w\" \/><\/div><span class=\"dpt-thumbnail-aspect-ratio\" style=\"padding-top: 75%\"><\/span><\/div><\/div><div class=\"sub-entry\"><h3 class=\"dpt-title\"><a class=\"dpt-title-link\" href=\"https:\/\/www.markus-schall.de\/it\/2025\/12\/perche-dieter-bohlen-parla-quando-gli-altri-tacciono-un-ritratto-di-diligenza-e-chiarezza\/\" rel=\"bookmark\">Perch\u00e9 Dieter Bohlen parla quando altri tacciono: Un ritratto di diligenza e chiarezza<\/a><\/h3><\/div><\/div>\n\t\t\t\t\t\t<\/div><!-- .dpt-entry -->\n\t\t\t\t\t\t\t\t\t\t\t\t<div class=\"dpt-entry has-thumbnail\" data-title=\"gr\u00f6nland, trump und die frage der zugeh\u00f6rigkeit: geschichte, recht und realit\u00e4t\" data-id=\"4325\"  data-category=\"allgemein gesellschaft kunst &amp; kultur\" data-post_tag=\"europa geopolitik krisen meinungsfreiheit sicherheitspolitik spieltheorie\">\n\t\t\t\t\t\t\t<div class=\"dpt-entry-wrapper\"><div class=\"dpt-featured-content\"><div class=\"dpt-permalink\"><a href=\"https:\/\/www.markus-schall.de\/it\/2026\/01\/groenland-trump-e-la-questione-dellappartenenza-storia-diritto-e-realta\/\" class=\"dpt-permalink\"><span class=\"screen-reader-text\">Groenlandia, Trump e la questione dell'appartenenza: storia, diritto e realt\u00e0<\/span><\/a><\/div><div class=\"dpt-thumbnail\"><div class=\"dpt-thumbnail-inner\"><img width=\"1024\" height=\"683\" class=\"attachment-full size-full\" alt=\"La Groenlandia nel mirino: USA e Trump\" context=\"dpt\" data-dpt-src=\"https:\/\/www.markus-schall.de\/wp-content\/uploads\/Groenland-USA-Trump-Titel.jpg\" data-dpt-sizes=\"(max-width: 1024px) 100vw, 1024px\" data-dpt-srcset=\"https:\/\/www.markus-schall.de\/wp-content\/uploads\/Groenland-USA-Trump-Titel.jpg 1024w, https:\/\/www.markus-schall.de\/wp-content\/uploads\/Groenland-USA-Trump-Titel-300x200.jpg 300w, https:\/\/www.markus-schall.de\/wp-content\/uploads\/Groenland-USA-Trump-Titel-768x512.jpg 768w, https:\/\/www.markus-schall.de\/wp-content\/uploads\/Groenland-USA-Trump-Titel-18x12.jpg 18w\" \/><\/div><span class=\"dpt-thumbnail-aspect-ratio\" style=\"padding-top: 75%\"><\/span><\/div><\/div><div class=\"sub-entry\"><h3 class=\"dpt-title\"><a class=\"dpt-title-link\" href=\"https:\/\/www.markus-schall.de\/it\/2026\/01\/groenland-trump-e-la-questione-dellappartenenza-storia-diritto-e-realta\/\" rel=\"bookmark\">Groenlandia, Trump e la questione dell'appartenenza: storia, diritto e realt\u00e0<\/a><\/h3><\/div><\/div>\n\t\t\t\t\t\t<\/div><!-- .dpt-entry -->\n\t\t\t\t\t\t\t\t\t\t\t\t<div class=\"dpt-entry has-thumbnail\" data-title=\"wie ich in vier monaten f\u00fcnf b\u00fccher in zwei sprachen geschrieben habe\" data-id=\"2775\"  data-category=\"allgemein b\u00fccher gesellschaft tipps &amp; anleitungen\" data-post_tag=\"buch digitales eigentum lernen prozesse publishing verlag\">\n\t\t\t\t\t\t\t<div class=\"dpt-entry-wrapper\"><div class=\"dpt-featured-content\"><div class=\"dpt-permalink\"><a href=\"https:\/\/www.markus-schall.de\/it\/2025\/09\/come-ho-scritto-cinque-libri-in-due-lingue-in-quattro-mesi\/\" class=\"dpt-permalink\"><span class=\"screen-reader-text\">Come ho scritto cinque libri in due lingue in quattro mesi<\/span><\/a><\/div><div class=\"dpt-thumbnail\"><div class=\"dpt-thumbnail-inner\"><img width=\"1920\" height=\"1280\" class=\"attachment-full size-full\" alt=\"Scrivere libri con Affinity e BoD\" context=\"dpt\" data-dpt-src=\"https:\/\/www.markus-schall.de\/wp-content\/uploads\/buecher-affinity-bod-selfpublishing.jpg\" data-dpt-sizes=\"(max-width: 1920px) 100vw, 1920px\" data-dpt-srcset=\"https:\/\/www.markus-schall.de\/wp-content\/uploads\/buecher-affinity-bod-selfpublishing.jpg 1920w, https:\/\/www.markus-schall.de\/wp-content\/uploads\/buecher-affinity-bod-selfpublishing-300x200.jpg 300w, https:\/\/www.markus-schall.de\/wp-content\/uploads\/buecher-affinity-bod-selfpublishing-1024x683.jpg 1024w, https:\/\/www.markus-schall.de\/wp-content\/uploads\/buecher-affinity-bod-selfpublishing-768x512.jpg 768w, https:\/\/www.markus-schall.de\/wp-content\/uploads\/buecher-affinity-bod-selfpublishing-1536x1024.jpg 1536w, https:\/\/www.markus-schall.de\/wp-content\/uploads\/buecher-affinity-bod-selfpublishing-18x12.jpg 18w\" \/><\/div><span class=\"dpt-thumbnail-aspect-ratio\" style=\"padding-top: 75%\"><\/span><\/div><\/div><div class=\"sub-entry\"><h3 class=\"dpt-title\"><a class=\"dpt-title-link\" href=\"https:\/\/www.markus-schall.de\/it\/2025\/09\/come-ho-scritto-cinque-libri-in-due-lingue-in-quattro-mesi\/\" rel=\"bookmark\">Come ho scritto cinque libri in due lingue in quattro mesi<\/a><\/h3><\/div><\/div>\n\t\t\t\t\t\t<\/div><!-- .dpt-entry -->\n\t\t\t\t\t\t\t\t\t\t\t\t<div class=\"dpt-entry has-thumbnail\" data-title=\"auswandern nach tschechien: mein weg, meine gr\u00fcnde, meine pl\u00e4ne\" data-id=\"3069\"  data-category=\"allgemein gesellschaft\" data-post_tag=\"auswandern erfahrungen krisen pers\u00f6nlichkeitsentwicklung ratgeber\">\n\t\t\t\t\t\t\t<div class=\"dpt-entry-wrapper\"><div class=\"dpt-featured-content\"><div class=\"dpt-permalink\"><a href=\"https:\/\/www.markus-schall.de\/it\/2025\/10\/emigrare-in-repubblica-ceca-il-mio-modo-le-mie-ragioni-i-miei-progetti\/\" class=\"dpt-permalink\"><span class=\"screen-reader-text\">Emigrare in Repubblica Ceca: il mio percorso, le mie ragioni, i miei progetti<\/span><\/a><\/div><div class=\"dpt-thumbnail\"><div class=\"dpt-thumbnail-inner\"><img width=\"2560\" height=\"1558\" class=\"attachment-full size-full\" alt=\"Emigrare nella Repubblica Ceca\" context=\"dpt\" data-dpt-src=\"https:\/\/www.markus-schall.de\/wp-content\/uploads\/auswandern-tschechien-titel-scaled.jpg\" data-dpt-sizes=\"(max-width: 2560px) 100vw, 2560px\" data-dpt-srcset=\"https:\/\/www.markus-schall.de\/wp-content\/uploads\/auswandern-tschechien-titel-scaled.jpg 2560w, https:\/\/www.markus-schall.de\/wp-content\/uploads\/auswandern-tschechien-titel-300x183.jpg 300w, https:\/\/www.markus-schall.de\/wp-content\/uploads\/auswandern-tschechien-titel-1024x623.jpg 1024w, https:\/\/www.markus-schall.de\/wp-content\/uploads\/auswandern-tschechien-titel-768x467.jpg 768w, https:\/\/www.markus-schall.de\/wp-content\/uploads\/auswandern-tschechien-titel-1536x935.jpg 1536w, https:\/\/www.markus-schall.de\/wp-content\/uploads\/auswandern-tschechien-titel-2048x1246.jpg 2048w, https:\/\/www.markus-schall.de\/wp-content\/uploads\/auswandern-tschechien-titel-18x12.jpg 18w\" \/><\/div><span class=\"dpt-thumbnail-aspect-ratio\" style=\"padding-top: 75%\"><\/span><\/div><\/div><div class=\"sub-entry\"><h3 class=\"dpt-title\"><a class=\"dpt-title-link\" href=\"https:\/\/www.markus-schall.de\/it\/2025\/10\/emigrare-in-repubblica-ceca-il-mio-modo-le-mie-ragioni-i-miei-progetti\/\" rel=\"bookmark\">Emigrare in Repubblica Ceca: il mio percorso, le mie ragioni, i miei progetti<\/a><\/h3><\/div><\/div>\n\t\t\t\t\t\t<\/div><!-- .dpt-entry -->\n\t\t\t\t\t\t\n\t\t\t\t<\/div>\n\t\t\t\t\t\t<\/div>\n\t\t\t\n<hr \/>\n\n\t\t\t<div class=\"display-post-types\">\n\n\t\t\t\t\t\t\t<style type=\"text\/css\">\n\t\t\t#dpt-wrapper-762 { --dpt-text-align: left;--dpt-image-crop: center;--dpt-border-radius: 5px;--dpt-small-grid-column: 33.33%;--dpt-large-grid-column: 33.3333333333%;--dpt-h-gutter: 10px;--dpt-v-gutter: 10px; }\t\t\t<\/style>\n\t\t\t<style type=\"text\/css\">#dpt-wrapper-762 { --dpt-title-font-style:normal;--dpt-title-font-weight:600;--dpt-title-line-height:1.5;--dpt-title-text-decoration:none;--dpt-title-text-transform:none;--dpt-excerpt-font-style:normal;--dpt-excerpt-font-weight:400;--dpt-excerpt-line-height:1.5;--dpt-excerpt-text-decoration:none;--dpt-excerpt-text-transform:none;--dpt-meta1-font-style:normal;--dpt-meta1-font-weight:400;--dpt-meta1-line-height:1.9;--dpt-meta1-text-decoration:none;--dpt-meta1-text-transform:none;--dpt-meta2-font-style:normal;--dpt-meta2-font-weight:400;--dpt-meta2-line-height:1.9;--dpt-meta2-text-decoration:none;--dpt-meta2-text-transform:none; }<\/style><div class=\"dpt-main-header\">\n\t\t\t\t\t\t<div class=\"dpt-main-title\">\n\t\t\t\t\t\t\t<span class=\"dpt-main-title-text\">Argomenti attuali sull'intelligenza artificiale<\/span>\n\t\t\t\t\t\t<\/div>\n\t\t\t\t\t\t\n\t\t\t\t\t\t\n\t\t\t\t\t\t\n\t\t\t\t\t\t<\/div>\t\t\t\n\t\t\t\t<div id=\"dpt-wrapper-762\" class=\"dpt-wrapper dpt-grid1 multi-col dpt-mason-wrap\" >\n\n\t\t\t\t\t\t\t\t\t\t\t<div class=\"dpt-entry has-thumbnail\" data-title=\"die neuen eu-zensurgesetze: was chatcontrol, dsa, emfa und der ai act bedeuten\" data-id=\"3586\"  data-category=\"allgemein gesellschaft ki-systeme\" data-post_tag=\"datenschutz digitales eigentum eu-gesetze europa k\u00fcnstliche intelligenz llm meinungsfreiheit spieltheorie sprachmodell\">\n\t\t\t\t\t\t\t<div class=\"dpt-entry-wrapper\"><div class=\"dpt-featured-content\"><div class=\"dpt-permalink\"><a href=\"https:\/\/www.markus-schall.de\/it\/2025\/11\/le-nuove-leggi-sulla-censura-dellue-cosa-significano-chatcontrol-dsa-emfa-e-lai-act\/\" class=\"dpt-permalink\"><span class=\"screen-reader-text\">Le nuove leggi sulla censura dell'UE: Cosa significano Chatcontrol, DSA, EMFA e la legge sull'IA<\/span><\/a><\/div><div class=\"dpt-thumbnail\"><div class=\"dpt-thumbnail-inner\"><img width=\"1024\" height=\"683\" class=\"attachment-full size-full\" alt=\"Leggi sulla censura dell&#039;UE\" context=\"dpt\" data-dpt-src=\"https:\/\/www.markus-schall.de\/wp-content\/uploads\/eu-zensurgesetze.jpg\" data-dpt-sizes=\"(max-width: 1024px) 100vw, 1024px\" data-dpt-srcset=\"https:\/\/www.markus-schall.de\/wp-content\/uploads\/eu-zensurgesetze.jpg 1024w, https:\/\/www.markus-schall.de\/wp-content\/uploads\/eu-zensurgesetze-300x200.jpg 300w, https:\/\/www.markus-schall.de\/wp-content\/uploads\/eu-zensurgesetze-768x512.jpg 768w, https:\/\/www.markus-schall.de\/wp-content\/uploads\/eu-zensurgesetze-18x12.jpg 18w\" \/><\/div><span class=\"dpt-thumbnail-aspect-ratio\" style=\"padding-top: 67%\"><\/span><\/div><\/div><div class=\"sub-entry\"><h3 class=\"dpt-title\"><a class=\"dpt-title-link\" href=\"https:\/\/www.markus-schall.de\/it\/2025\/11\/le-nuove-leggi-sulla-censura-dellue-cosa-significano-chatcontrol-dsa-emfa-e-lai-act\/\" rel=\"bookmark\">Le nuove leggi sulla censura dell'UE: Cosa significano Chatcontrol, DSA, EMFA e la legge sull'IA<\/a><\/h3><\/div><\/div>\n\t\t\t\t\t\t<\/div><!-- .dpt-entry -->\n\t\t\t\t\t\t\t\t\t\t\t\t<div class=\"dpt-entry has-thumbnail\" data-title=\"ollama trifft qdrant: ein lokales ged\u00e4chtnis f\u00fcr deine ki auf dem mac\" data-id=\"2502\"  data-category=\"apple macos filemaker &amp; erp ki-systeme tipps &amp; anleitungen\" data-post_tag=\"docker filemaker k\u00fcnstliche intelligenz llama llm mistral neo4j ollama qdrant sprachmodell vektordatenbank\">\n\t\t\t\t\t\t\t<div class=\"dpt-entry-wrapper\"><div class=\"dpt-featured-content\"><div class=\"dpt-permalink\"><a href=\"https:\/\/www.markus-schall.de\/it\/2025\/08\/ollama-incontra-qdrant-una-memoria-locale-per-il-vostro-ki-sul-mac\/\" class=\"dpt-permalink\"><span class=\"screen-reader-text\">Ollama incontra Qdrant: una memoria locale per la vostra AI su Mac<\/span><\/a><\/div><div class=\"dpt-thumbnail\"><div class=\"dpt-thumbnail-inner\"><img width=\"1440\" height=\"980\" class=\"attachment-full size-full\" alt=\"Memoria per AI locale con Ollama e Qdrant\" context=\"dpt\" data-dpt-src=\"https:\/\/www.markus-schall.de\/wp-content\/uploads\/ollama-qdrant-gedaechtnis.jpg\" data-dpt-sizes=\"(max-width: 1440px) 100vw, 1440px\" data-dpt-srcset=\"https:\/\/www.markus-schall.de\/wp-content\/uploads\/ollama-qdrant-gedaechtnis.jpg 1440w, https:\/\/www.markus-schall.de\/wp-content\/uploads\/ollama-qdrant-gedaechtnis-300x204.jpg 300w, https:\/\/www.markus-schall.de\/wp-content\/uploads\/ollama-qdrant-gedaechtnis-1024x697.jpg 1024w, https:\/\/www.markus-schall.de\/wp-content\/uploads\/ollama-qdrant-gedaechtnis-768x523.jpg 768w, https:\/\/www.markus-schall.de\/wp-content\/uploads\/ollama-qdrant-gedaechtnis-18x12.jpg 18w\" \/><\/div><span class=\"dpt-thumbnail-aspect-ratio\" style=\"padding-top: 68%\"><\/span><\/div><\/div><div class=\"sub-entry\"><h3 class=\"dpt-title\"><a class=\"dpt-title-link\" href=\"https:\/\/www.markus-schall.de\/it\/2025\/08\/ollama-incontra-qdrant-una-memoria-locale-per-il-vostro-ki-sul-mac\/\" rel=\"bookmark\">Ollama incontra Qdrant: una memoria locale per la vostra AI su Mac<\/a><\/h3><\/div><\/div>\n\t\t\t\t\t\t<\/div><!-- .dpt-entry -->\n\t\t\t\t\t\t\t\t\t\t\t\t<div class=\"dpt-entry has-thumbnail\" data-title=\"chatgpt-datenexport erkl\u00e4rt: wie deine ki-chats zu einem pers\u00f6nlichen wissenssystem werden\" data-id=\"5259\"  data-category=\"featured ki-systeme tipps &amp; anleitungen\" data-post_tag=\"apple datenbanken datenschutz digitales eigentum k\u00fcnstliche intelligenz llama llm mac mlx ollama sprachmodell\">\n\t\t\t\t\t\t\t<div class=\"dpt-entry-wrapper\"><div class=\"dpt-featured-content\"><div class=\"dpt-permalink\"><a href=\"https:\/\/www.markus-schall.de\/it\/2026\/03\/lesportazione-dei-dati-di-chatgpt-spiega-come-le-vostre-chat-di-ki-diventano-un-sistema-di-conoscenza-personale\/\" class=\"dpt-permalink\"><span class=\"screen-reader-text\">L'esportazione dei dati ChatGPT spiegata: come le vostre chat AI diventano un sistema di conoscenza personale<\/span><\/a><\/div><div class=\"dpt-thumbnail\"><div class=\"dpt-thumbnail-inner\"><img width=\"1024\" height=\"683\" class=\"attachment-full size-full\" alt=\"Esportazione dei dati ChatGPT\" context=\"dpt\" data-dpt-src=\"https:\/\/www.markus-schall.de\/wp-content\/uploads\/ChatGPT-Datenexport.jpg\" data-dpt-sizes=\"(max-width: 1024px) 100vw, 1024px\" data-dpt-srcset=\"https:\/\/www.markus-schall.de\/wp-content\/uploads\/ChatGPT-Datenexport.jpg 1024w, https:\/\/www.markus-schall.de\/wp-content\/uploads\/ChatGPT-Datenexport-300x200.jpg 300w, https:\/\/www.markus-schall.de\/wp-content\/uploads\/ChatGPT-Datenexport-768x512.jpg 768w, https:\/\/www.markus-schall.de\/wp-content\/uploads\/ChatGPT-Datenexport-18x12.jpg 18w\" \/><\/div><span class=\"dpt-thumbnail-aspect-ratio\" style=\"padding-top: 67%\"><\/span><\/div><\/div><div class=\"sub-entry\"><h3 class=\"dpt-title\"><a class=\"dpt-title-link\" href=\"https:\/\/www.markus-schall.de\/it\/2026\/03\/lesportazione-dei-dati-di-chatgpt-spiega-come-le-vostre-chat-di-ki-diventano-un-sistema-di-conoscenza-personale\/\" rel=\"bookmark\">L'esportazione dei dati ChatGPT spiegata: come le vostre chat AI diventano un sistema di conoscenza personale<\/a><\/h3><\/div><\/div>\n\t\t\t\t\t\t<\/div><!-- .dpt-entry -->\n\t\t\t\t\t\t\n\t\t\t\t<\/div>\n\t\t\t\t\t\t<\/div>\n\t\t\t\n<hr \/>\n\n\t\t\t<div class=\"display-post-types\">\n\n\t\t\t\t\t\t\t<style type=\"text\/css\">\n\t\t\t#dpt-wrapper-763 { --dpt-text-align: left;--dpt-image-crop: center;--dpt-border-radius: 5px;--dpt-h-gutter: 10px;--dpt-v-gutter: 9px; }\t\t\t<\/style>\n\t\t\t<style type=\"text\/css\">#dpt-wrapper-763 { --dpt-title-font-style:normal;--dpt-title-font-weight:600;--dpt-title-line-height:1.5;--dpt-title-text-decoration:none;--dpt-title-text-transform:none;--dpt-excerpt-font-style:normal;--dpt-excerpt-font-weight:400;--dpt-excerpt-line-height:1.5;--dpt-excerpt-text-decoration:none;--dpt-excerpt-text-transform:none;--dpt-meta1-font-style:normal;--dpt-meta1-font-weight:400;--dpt-meta1-line-height:1.9;--dpt-meta1-text-decoration:none;--dpt-meta1-text-transform:none;--dpt-meta2-font-style:normal;--dpt-meta2-font-weight:400;--dpt-meta2-line-height:1.9;--dpt-meta2-text-decoration:none;--dpt-meta2-text-transform:none; }<\/style><div class=\"dpt-main-header\">\n\t\t\t\t\t\t<div class=\"dpt-main-title\">\n\t\t\t\t\t\t\t<span class=\"dpt-main-title-text\">Argomenti di salute attuali<\/span>\n\t\t\t\t\t\t<\/div>\n\t\t\t\t\t\t\n\t\t\t\t\t\t\n\t\t\t\t\t\t\n\t\t\t\t\t\t<\/div>\t\t\t\n\t\t\t\t<div id=\"dpt-wrapper-763\" class=\"dpt-wrapper dpt-mag1 land1 dpt-cropped dpt-flex-wrap\" >\n\n\t\t\t\t\t\t\t\t\t\t\t<div class=\"dpt-entry has-thumbnail\" data-title=\"cmd und neue zahnkrone: wie eine minimale fehlh\u00f6he den k\u00f6rper beeinflusst\" data-id=\"5047\"  data-category=\"allgemein gesundheit\" data-post_tag=\"cmd erfahrungen gesundheit hypersensibilit\u00e4t krisen ratgeber\">\n\t\t\t\t\t\t\t<div class=\"dpt-entry-wrapper\"><div class=\"dpt-featured-content\"><div class=\"dpt-permalink\"><a href=\"https:\/\/www.markus-schall.de\/it\/2026\/02\/cmd-e-la-nuova-corona-dentale-come-un-minimo-disallineamento-influisce-sullorganismo\/\" class=\"dpt-permalink\"><span class=\"screen-reader-text\">CMD e nuove corone dentali: come un minimo disallineamento influisce sull'organismo<\/span><\/a><\/div><div class=\"dpt-thumbnail\"><div class=\"dpt-thumbnail-inner\"><img width=\"1024\" height=\"683\" class=\"attachment-full size-full\" alt=\"CMD e nuova corona dentale\" context=\"dpt\" data-dpt-src=\"https:\/\/www.markus-schall.de\/wp-content\/uploads\/CMD-Schiene-Symptome.jpg\" data-dpt-sizes=\"(max-width: 1024px) 100vw, 1024px\" data-dpt-srcset=\"https:\/\/www.markus-schall.de\/wp-content\/uploads\/CMD-Schiene-Symptome.jpg 1024w, https:\/\/www.markus-schall.de\/wp-content\/uploads\/CMD-Schiene-Symptome-300x200.jpg 300w, https:\/\/www.markus-schall.de\/wp-content\/uploads\/CMD-Schiene-Symptome-768x512.jpg 768w, https:\/\/www.markus-schall.de\/wp-content\/uploads\/CMD-Schiene-Symptome-18x12.jpg 18w\" \/><\/div><span class=\"dpt-thumbnail-aspect-ratio\" style=\"padding-top: 75%\"><\/span><\/div><\/div><div class=\"sub-entry\"><h3 class=\"dpt-title\"><a class=\"dpt-title-link\" href=\"https:\/\/www.markus-schall.de\/it\/2026\/02\/cmd-e-la-nuova-corona-dentale-come-un-minimo-disallineamento-influisce-sullorganismo\/\" rel=\"bookmark\">CMD e nuove corone dentali: come un minimo disallineamento influisce sull'organismo<\/a><\/h3><\/div><\/div>\n\t\t\t\t\t\t<\/div><!-- .dpt-entry -->\n\t\t\t\t\t\t\t\t\t\t\t\t<div class=\"dpt-entry has-thumbnail\" data-title=\"multiple chemikalien sensitivit\u00e4t neu gedacht \u2013 nervensystem, cmd und funktionelle ursachen\" data-id=\"4133\"  data-category=\"allgemein gesundheit\" data-post_tag=\"buch cmd erfahrungen gesundheit hypersensibilit\u00e4t mcs\">\n\t\t\t\t\t\t\t<div class=\"dpt-entry-wrapper\"><div class=\"dpt-featured-content\"><div class=\"dpt-permalink\"><a href=\"https:\/\/www.markus-schall.de\/it\/2025\/12\/sensibilita-chimica-multipla-ripensata-sistema-nervoso-cmd-e-cause-funzionali\/\" class=\"dpt-permalink\"><span class=\"screen-reader-text\">Sensibilit\u00e0 chimica multipla ripensata: sistema nervoso, CMD e cause funzionali<\/span><\/a><\/div><div class=\"dpt-thumbnail\"><div class=\"dpt-thumbnail-inner\"><img width=\"1024\" height=\"683\" class=\"attachment-full size-full\" alt=\"Ripensamento dell&#039;MCS: collegamento con la CMD e la postura scorretta\" context=\"dpt\" data-dpt-src=\"https:\/\/www.markus-schall.de\/wp-content\/uploads\/MCS-CMD-Titel.jpg\" data-dpt-sizes=\"(max-width: 1024px) 100vw, 1024px\" data-dpt-srcset=\"https:\/\/www.markus-schall.de\/wp-content\/uploads\/MCS-CMD-Titel.jpg 1024w, https:\/\/www.markus-schall.de\/wp-content\/uploads\/MCS-CMD-Titel-300x200.jpg 300w, https:\/\/www.markus-schall.de\/wp-content\/uploads\/MCS-CMD-Titel-768x512.jpg 768w, https:\/\/www.markus-schall.de\/wp-content\/uploads\/MCS-CMD-Titel-18x12.jpg 18w\" \/><\/div><span class=\"dpt-thumbnail-aspect-ratio\" style=\"padding-top: 75%\"><\/span><\/div><\/div><div class=\"sub-entry\"><h3 class=\"dpt-title\"><a class=\"dpt-title-link\" href=\"https:\/\/www.markus-schall.de\/it\/2025\/12\/sensibilita-chimica-multipla-ripensata-sistema-nervoso-cmd-e-cause-funzionali\/\" rel=\"bookmark\">Sensibilit\u00e0 chimica multipla ripensata: sistema nervoso, CMD e cause funzionali<\/a><\/h3><\/div><\/div>\n\t\t\t\t\t\t<\/div><!-- .dpt-entry -->\n\t\t\t\t\t\t\t\t\t\t\t\t<div class=\"dpt-entry has-thumbnail\" data-title=\"stress ist keine naturgewalt \u2013 wie man sich freir\u00e4ume zur\u00fcckholt, schritt f\u00fcr schritt\" data-id=\"3152\"  data-category=\"allgemein gesellschaft gesundheit tipps &amp; anleitungen\" data-post_tag=\"cmd erfahrungen gesundheit krisen pers\u00f6nlichkeitsentwicklung prozesse ratgeber\">\n\t\t\t\t\t\t\t<div class=\"dpt-entry-wrapper\"><div class=\"dpt-featured-content\"><div class=\"dpt-permalink\"><a href=\"https:\/\/www.markus-schall.de\/it\/2025\/10\/lo-stress-non-e-una-forza-della-natura-come-recuperare-la-propria-liberta-passo-dopo-passo\/\" class=\"dpt-permalink\"><span class=\"screen-reader-text\">Lo stress non \u00e8 una forza della natura - Come recuperare la propria libert\u00e0, passo dopo passo<\/span><\/a><\/div><div class=\"dpt-thumbnail\"><div class=\"dpt-thumbnail-inner\"><img width=\"1024\" height=\"683\" class=\"attachment-full size-full\" alt=\"Lo stress non \u00e8 una forza della natura\" context=\"dpt\" data-dpt-src=\"https:\/\/www.markus-schall.de\/wp-content\/uploads\/stress-naturgewalt-titel.jpg\" data-dpt-sizes=\"(max-width: 1024px) 100vw, 1024px\" data-dpt-srcset=\"https:\/\/www.markus-schall.de\/wp-content\/uploads\/stress-naturgewalt-titel.jpg 1024w, https:\/\/www.markus-schall.de\/wp-content\/uploads\/stress-naturgewalt-titel-300x200.jpg 300w, https:\/\/www.markus-schall.de\/wp-content\/uploads\/stress-naturgewalt-titel-768x512.jpg 768w, https:\/\/www.markus-schall.de\/wp-content\/uploads\/stress-naturgewalt-titel-18x12.jpg 18w\" \/><\/div><span class=\"dpt-thumbnail-aspect-ratio\" style=\"padding-top: 75%\"><\/span><\/div><\/div><div class=\"sub-entry\"><h3 class=\"dpt-title\"><a class=\"dpt-title-link\" href=\"https:\/\/www.markus-schall.de\/it\/2025\/10\/lo-stress-non-e-una-forza-della-natura-come-recuperare-la-propria-liberta-passo-dopo-passo\/\" rel=\"bookmark\">Lo stress non \u00e8 una forza della natura - Come recuperare la propria libert\u00e0, passo dopo passo<\/a><\/h3><\/div><\/div>\n\t\t\t\t\t\t<\/div><!-- .dpt-entry -->\n\t\t\t\t\t\t\t\t\t\t\t\t<div class=\"dpt-entry has-thumbnail\" data-title=\"zahngesundheit und cmd \u2013 mehr als ein bisschen. was bringt die zukunft?\" data-id=\"2736\"  data-category=\"b\u00fccher gesellschaft gesundheit\" data-post_tag=\"cmd gesundheit ratgeber\">\n\t\t\t\t\t\t\t<div class=\"dpt-entry-wrapper\"><div class=\"dpt-featured-content\"><div class=\"dpt-permalink\"><a href=\"https:\/\/www.markus-schall.de\/it\/2025\/08\/salute-dentale-e-cmd-piu-di-un-po-cosa-ci-riserva-il-futuro\/\" class=\"dpt-permalink\"><span class=\"screen-reader-text\">Salute dentale e CMD - pi\u00f9 di un po'. Cosa ci riserva il futuro?<\/span><\/a><\/div><div class=\"dpt-thumbnail\"><div class=\"dpt-thumbnail-inner\"><img width=\"1920\" height=\"1280\" class=\"attachment-full size-full\" alt=\"CMD, salute dentale e tecnologie future\" context=\"dpt\" data-dpt-src=\"https:\/\/www.markus-schall.de\/wp-content\/uploads\/cmd-zahngesundheit-zukunft-.jpg\" data-dpt-sizes=\"(max-width: 1920px) 100vw, 1920px\" data-dpt-srcset=\"https:\/\/www.markus-schall.de\/wp-content\/uploads\/cmd-zahngesundheit-zukunft-.jpg 1920w, https:\/\/www.markus-schall.de\/wp-content\/uploads\/cmd-zahngesundheit-zukunft--300x200.jpg 300w, https:\/\/www.markus-schall.de\/wp-content\/uploads\/cmd-zahngesundheit-zukunft--1024x683.jpg 1024w, https:\/\/www.markus-schall.de\/wp-content\/uploads\/cmd-zahngesundheit-zukunft--768x512.jpg 768w, https:\/\/www.markus-schall.de\/wp-content\/uploads\/cmd-zahngesundheit-zukunft--1536x1024.jpg 1536w, https:\/\/www.markus-schall.de\/wp-content\/uploads\/cmd-zahngesundheit-zukunft--18x12.jpg 18w\" \/><\/div><span class=\"dpt-thumbnail-aspect-ratio\" style=\"padding-top: 75%\"><\/span><\/div><\/div><div class=\"sub-entry\"><h3 class=\"dpt-title\"><a class=\"dpt-title-link\" href=\"https:\/\/www.markus-schall.de\/it\/2025\/08\/salute-dentale-e-cmd-piu-di-un-po-cosa-ci-riserva-il-futuro\/\" rel=\"bookmark\">Salute dentale e CMD - pi\u00f9 di un po'. Cosa ci riserva il futuro?<\/a><\/h3><\/div><\/div>\n\t\t\t\t\t\t<\/div><!-- .dpt-entry -->\n\t\t\t\t\t\t\n\t\t\t\t<\/div>\n\t\t\t\t\t\t<\/div>\n\t\t\t\n<hr \/>","protected":false},"excerpt":{"rendered":"<p>X-minizin - la panoramica veloce per i lettori che vanno di fretta Qui troverete gli ultimi post e le ultime riflessioni del mio canale X - compatti, chiari e facili da cogliere a colpo d'occhio. La selezione mostra i contenuti pi\u00f9 recenti in tutte le lingue disponibili. Se volete approfondire, potete andare direttamente da qui... <a title=\"Salute dentale e CMD - pi\u00f9 di un po&#039;. Cosa ci riserva il futuro?\" class=\"read-more\" href=\"https:\/\/www.markus-schall.de\/it\/2025\/08\/salute-dentale-e-cmd-piu-di-un-po-cosa-ci-riserva-il-futuro\/\" aria-label=\"Per saperne di pi\u00f9 su Salute dentale e CMD - pi\u00f9 di un po&#039;. Cosa ci riserva il futuro?\">Leggi tutto<\/a><\/p>","protected":false},"author":1,"featured_media":0,"parent":0,"menu_order":0,"comment_status":"closed","ping_status":"closed","template":"","meta":{"iawp_total_views":359,"footnotes":""},"class_list":["post-3989","page","type-page","status-publish","hentry"],"_links":{"self":[{"href":"https:\/\/www.markus-schall.de\/it\/wp-json\/wp\/v2\/pages\/3989","targetHints":{"allow":["GET"]}}],"collection":[{"href":"https:\/\/www.markus-schall.de\/it\/wp-json\/wp\/v2\/pages"}],"about":[{"href":"https:\/\/www.markus-schall.de\/it\/wp-json\/wp\/v2\/types\/page"}],"author":[{"embeddable":true,"href":"https:\/\/www.markus-schall.de\/it\/wp-json\/wp\/v2\/users\/1"}],"replies":[{"embeddable":true,"href":"https:\/\/www.markus-schall.de\/it\/wp-json\/wp\/v2\/comments?post=3989"}],"version-history":[{"count":27,"href":"https:\/\/www.markus-schall.de\/it\/wp-json\/wp\/v2\/pages\/3989\/revisions"}],"predecessor-version":[{"id":4061,"href":"https:\/\/www.markus-schall.de\/it\/wp-json\/wp\/v2\/pages\/3989\/revisions\/4061"}],"wp:attachment":[{"href":"https:\/\/www.markus-schall.de\/it\/wp-json\/wp\/v2\/media?parent=3989"}],"curies":[{"name":"wp","href":"https:\/\/api.w.org\/{rel}","templated":true}]}}