{"id":3814,"date":"2025-12-04T06:44:19","date_gmt":"2025-12-04T06:44:19","guid":{"rendered":"https:\/\/www.markus-schall.de\/?page_id=3814"},"modified":"2026-04-22T15:09:30","modified_gmt":"2026-04-22T15:09:30","slug":"dergi","status":"publish","type":"page","link":"https:\/\/www.markus-schall.de\/tr\/dergi\/","title":{"rendered":"\u00c7evrimi\u00e7i dergi"},"content":{"rendered":"<p><img loading=\"lazy\" decoding=\"async\" class=\"alignnone wp-image-3815 size-large\" src=\"https:\/\/www.markus-schall.de\/wp-content\/uploads\/schall-online-magazin.jpg\" alt=\"\u00c7evrimi\u00e7i dergi\" width=\"1024\" height=\"683\" srcset=\"https:\/\/www.markus-schall.de\/wp-content\/uploads\/schall-online-magazin.jpg 1024w, https:\/\/www.markus-schall.de\/wp-content\/uploads\/schall-online-magazin-300x200.jpg 300w, https:\/\/www.markus-schall.de\/wp-content\/uploads\/schall-online-magazin-768x512.jpg 768w, https:\/\/www.markus-schall.de\/wp-content\/uploads\/schall-online-magazin-18x12.jpg 18w\" sizes=\"auto, (max-width: 1024px) 100vw, 1024px\" \/><\/p>\n<h2>M. Schall Verlag'\u0131n online dergisi<\/h2>\n<p>Avrupa Birli\u011fi'nin \u00e7at\u0131s\u0131 alt\u0131ndaki online dergi <a href=\"https:\/\/schall-verlag.de\" target=\"_blank\" rel=\"noopener\"><strong>M. Schall Verlag<\/strong><\/a> geni\u015f ama \u00f6zenle se\u00e7ilmi\u015f bir konu yelpazesi sunmaktad\u0131r. H\u0131zl\u0131 ve g\u00fcr\u00fclt\u00fcl\u00fc bir d\u00fcnyada bilin\u00e7li olarak derinlik arayan okuyuculara y\u00f6neliktir - ba\u011flant\u0131lar i\u00e7in, s\u0131n\u0131fland\u0131rma i\u00e7in, her modan\u0131n pe\u015finden ko\u015fmayan bir ses i\u00e7in, bunun yerine onlarca y\u0131l \u00f6nce bir\u00e7ok zaman onurlu yay\u0131nlar\u0131n ba\u015far\u0131yla izledi\u011fi yolu takip eder: Net g\u00f6zlem, kesin form\u00fclasyon ve insan\u0131 tekrar merkeze koymak.<\/p>\n<h3>Hayat hakk\u0131nda konu\u015fan - ve onu kategorize eden bir dergi<\/h3>\n<p>Merkezde g\u00fcnl\u00fck hayat\u0131m\u0131z\u0131 ve kararlar\u0131m\u0131z\u0131 etkileyen t\u00fcm konular yer almaktad\u0131r. Sa\u011fl\u0131k, teknoloji, toplum, siyaset, ekonomi - bunlar\u0131n hi\u00e7biri birbirinden ayr\u0131 d\u00fc\u015f\u00fcn\u00fclemez. Dergi bu konular\u0131 ele al\u0131yor ve birbirleriyle nas\u0131l ba\u011flant\u0131l\u0131 olduklar\u0131n\u0131 g\u00f6steriyor. Metinler kas\u0131tl\u0131 olarak birka\u00e7 y\u0131l sonra da ge\u00e7erlili\u011fini koruyacak \u015fekilde tasarlanm\u0131\u015ft\u0131r. K\u0131sa \u00f6m\u00fcrl\u00fc trendler de\u011fil, uzun vadede bizi \u015fekillendirecek geli\u015fmeler.<\/p>\n<hr \/>\n<h3>Dergide yer almas\u0131 istenen konulara ili\u015fkin anket<\/h3>\n<div class='bootstrap-yop yop-poll-mc'>\n\t\t\t\t\t\t\t<div class=\"basic-yop-poll-container\" style=\"background-color:#ffffff; border:0px; border-style:solid; border-color:#000000; border-radius:5px; padding:0px 5px;\" data-id=\"12\" data-temp=\"basic-pretty\" data-skin=\"square\" data-cscheme=\"blue\" data-cap=\"0\" data-access=\"guest\" data-tid=\"\" data-uid=\"47d49fbd016f2ad0f6657a5ff96b6b90\" data-pid=\"3814\" data-resdet=\"percentages\" data-show-results-to=\"guest\" data-show-results-moment=\"after-vote\" data-show-results-only=\"false\" data-show-message=\"true\" data-show-results-as=\"bar\" data-sort-results-by=\"as-defined\" data-sort-results-rule=\"asc\"data-is-ended=\"0\" data-percentages-decimals=\"2\" data-gdpr=\"no\" data-gdpr-sol=\"consent\" data-css=\".basic-yop-poll-container[data-uid] .basic-vote {\t\t\t\t\t\t\t\t\ttext-align: center;\t\t\t\t\t\t\t\t}\" data-counter=\"0\" data-load-with=\"1\" data-notification-section=\"top\"><div class=\"row\"><div class=\"col-md-12\"><div class=\"basic-inner\"><div class=\"basic-message hide\" style=\"border-left: 10px solid #008000; padding: 0px 10px;\" data-error=\"#ff0000\" data-success=\"#008000\"><p class=\"basic-message-text\" style=\"color:#000000; font-size:14px; font-weight:normal;\"><\/p><\/div><div class=\"basic-overlay hide\"><div class=\"basic-vote-options\"><\/div><div class=\"basic-preloader\"><div class=\"basic-windows8\"><div class=\"basic-wBall basic-wBall_1\"><div class=\"basic-wInnerBall\"><\/div><\/div><div class=\"basic-wBall basic-wBall_2\"><div class=\"basic-wInnerBall\"><\/div><\/div><div class=\"basic-wBall basic-wBall_3\"><div class=\"basic-wInnerBall\"><\/div><\/div><div class=\"basic-wBall basic-wBall_4\"><div class=\"basic-wInnerBall\"><\/div><\/div><div class=\"basic-wBall basic-wBall_5\"><div class=\"basic-wInnerBall\"><\/div><\/div><\/div><\/div><\/div><form class=\"basic-form\" action=\"\"><input type=\"hidden\" name=\"_token\" value=\"5e4cbfbaa4\" autocomplete=\"off\"><div class=\"basic-elements\"><div class=\"basic-element basic-question basic-question-text-vertical\" data-id=\"12\" data-uid=\"c891f0e493994101a729646e9f5952a2\" data-type=\"question\" data-question-type=\"text\" data-required=\"yes\" data-allow-multiple=\"yes\" data-min=\"1\" data-max=\"5\" data-display=\"vertical\" data-colnum=\"\" data-display-others=\"no\" data-others-color=\"\" data-others=\"\" data-others-max-chars=\"0\"><div class=\"basic-question-title\"><h5 style=\"color:#000000; font-size:16px; font-weight:normal; text-align:left;\">Gelecekte dergide hangi konular\u0131 daha s\u0131k g\u00f6rmek istersiniz? (en fazla 5)<\/h5><\/div><ul class=\"basic-answers\"><li class=\"basic-answer\" style=\"padding:0px 0px;\" data-id=\"74\" data-type=\"text\" data-vn=\"4\" data-color=\"#000000\" data-make-link=\"no\" data-link=\"\"><div class=\"basic-answer-content basic-text-vertical\"><label for=\"answer[74]\" class=\"basic-answer-label\"><input type=\"checkbox\" id=\"answer[74]\" name=\"answer[12]\" value=\"74\"><span class=\"basic-text\" style=\"color: #000000; font-size: 14px; font-weight: normal;\">Sa\u011fl\u0131k ve T\u0131p<\/span><\/label><\/div><\/li><li class=\"basic-answer\" style=\"padding:0px 0px;\" data-id=\"72\" data-type=\"text\" data-vn=\"4\" data-color=\"#000000\" data-make-link=\"no\" data-link=\"\"><div class=\"basic-answer-content basic-text-vertical\"><label for=\"answer[72]\" class=\"basic-answer-label\"><input type=\"checkbox\" id=\"answer[72]\" name=\"answer[12]\" value=\"72\"><span class=\"basic-text\" style=\"color: #000000; font-size: 14px; font-weight: normal;\">Teknoloji ve Yapay Zeka<\/span><\/label><\/div><\/li><li class=\"basic-answer\" style=\"padding:0px 0px;\" data-id=\"70\" data-type=\"text\" data-vn=\"5\" data-color=\"#000000\" data-make-link=\"no\" data-link=\"\"><div class=\"basic-answer-content basic-text-vertical\"><label for=\"answer[70]\" class=\"basic-answer-label\"><input type=\"checkbox\" id=\"answer[70]\" name=\"answer[12]\" value=\"70\"><span class=\"basic-text\" style=\"color: #000000; font-size: 14px; font-weight: normal;\">Ekonomi &amp; Kurumsal Stratejiler<\/span><\/label><\/div><\/li><li class=\"basic-answer\" style=\"padding:0px 0px;\" data-id=\"68\" data-type=\"text\" data-vn=\"5\" data-color=\"#000000\" data-make-link=\"no\" data-link=\"\"><div class=\"basic-answer-content basic-text-vertical\"><label for=\"answer[68]\" class=\"basic-answer-label\"><input type=\"checkbox\" id=\"answer[68]\" name=\"answer[12]\" value=\"68\"><span class=\"basic-text\" style=\"color: #000000; font-size: 14px; font-weight: normal;\">Jeopolitik ve g\u00fc\u00e7 yap\u0131lar\u0131<\/span><\/label><\/div><\/li><li class=\"basic-answer\" style=\"padding:0px 0px;\" data-id=\"71\" data-type=\"text\" data-vn=\"2\" data-color=\"#000000\" data-make-link=\"no\" data-link=\"\"><div class=\"basic-answer-content basic-text-vertical\"><label for=\"answer[71]\" class=\"basic-answer-label\"><input type=\"checkbox\" id=\"answer[71]\" name=\"answer[12]\" value=\"71\"><span class=\"basic-text\" style=\"color: #000000; font-size: 14px; font-weight: normal;\">Medya ve G\u00f6r\u00fc\u015f Olu\u015fturma<\/span><\/label><\/div><\/li><li class=\"basic-answer\" style=\"padding:0px 0px;\" data-id=\"75\" data-type=\"text\" data-vn=\"4\" data-color=\"#000000\" data-make-link=\"no\" data-link=\"\"><div class=\"basic-answer-content basic-text-vertical\"><label for=\"answer[75]\" class=\"basic-answer-label\"><input type=\"checkbox\" id=\"answer[75]\" name=\"answer[12]\" value=\"75\"><span class=\"basic-text\" style=\"color: #000000; font-size: 14px; font-weight: normal;\">K\u00fclt\u00fcr, M\u00fczik &amp; \u00d6zellikler<\/span><\/label><\/div><\/li><li class=\"basic-answer\" style=\"padding:0px 0px;\" data-id=\"76\" data-type=\"text\" data-vn=\"1\" data-color=\"#000000\" data-make-link=\"no\" data-link=\"\"><div class=\"basic-answer-content basic-text-vertical\"><label for=\"answer[76]\" class=\"basic-answer-label\"><input type=\"checkbox\" id=\"answer[76]\" name=\"answer[12]\" value=\"76\"><span class=\"basic-text\" style=\"color: #000000; font-size: 14px; font-weight: normal;\">Tarih\u00e7e ve kategorizasyon<\/span><\/label><\/div><\/li><li class=\"basic-answer\" style=\"padding:0px 0px;\" data-id=\"77\" data-type=\"text\" data-vn=\"3\" data-color=\"#000000\" data-make-link=\"no\" data-link=\"\"><div class=\"basic-answer-content basic-text-vertical\"><label for=\"answer[77]\" class=\"basic-answer-label\"><input type=\"checkbox\" id=\"answer[77]\" name=\"answer[12]\" value=\"77\"><span class=\"basic-text\" style=\"color: #000000; font-size: 14px; font-weight: normal;\">Kanun &amp; Y\u00f6netmelik<\/span><\/label><\/div><\/li><li class=\"basic-answer\" style=\"padding:0px 0px;\" data-id=\"78\" data-type=\"text\" data-vn=\"2\" data-color=\"#000000\" data-make-link=\"no\" data-link=\"\"><div class=\"basic-answer-content basic-text-vertical\"><label for=\"answer[78]\" class=\"basic-answer-label\"><input type=\"checkbox\" id=\"answer[78]\" name=\"answer[12]\" value=\"78\"><span class=\"basic-text\" style=\"color: #000000; font-size: 14px; font-weight: normal;\">Ki\u015fisel \u00f6zg\u00fcrl\u00fck ve sorumluluk<\/span><\/label><\/div><\/li><\/ul><\/div><div class=\"clearfix\"><\/div><\/div><div class=\"basic-vote\"><a href=\"#\" class=\"button basic-vote-button\" role=\"button\" style=\"background:#027bb8; border:0px; border-style: solid; border-color:#000000; border-radius:5px; padding:10px 10px; color:#ffffff; font-size:14px; font-weight:normal;\">Oylama<\/a><\/div><input type=\"hidden\" name=\"trp-form-language\" value=\"tr\"\/><\/form><\/div><\/div><\/div><\/div>\n\t\t\t\t\t\t<\/div>\n<hr \/>\n<h3>Sa\u011fl\u0131k: kendi kaderini tayin eden bir ya\u015fam\u0131n temeli<\/h3>\n<p>Sa\u011fl\u0131k b\u00f6l\u00fcm\u00fc, modern t\u0131pta genellikle ihmal edilen alanlara odaklanmaktad\u0131r. Burada ders vermiyoruz, a\u00e7\u0131kl\u0131yoruz. Pratik deneyim, do\u011fal korelasyonlara sayg\u0131l\u0131 bir bak\u0131\u015f a\u00e7\u0131s\u0131yla birle\u015ftirilir. Tipik konular \u015funlar\u0131 i\u00e7erir<\/p>\n<ul>\n<li>CMD gibi fonksiyonel bozukluklar ve bunlar\u0131n v\u00fccut ve g\u00fcnl\u00fck ya\u015fam \u00fczerindeki genellikle g\u00f6z ard\u0131 edilen etkileri<\/li>\n<li>Hemoroid, kronik tansiyon veya kas\u0131k problemleri gibi \u015fikayetler<\/li>\n<li>Detoksifikasyon, mikro besinler ve eski ve yeni tedavi y\u00f6ntemlerine ay\u0131k bir bak\u0131\u015f<\/li>\n<\/ul>\n<p>\u00dcslup sakin, ula\u015f\u0131labilir ve okuyucuya, sistematik bir yakla\u015f\u0131m benimseyip i\u015fleri eskiden oldu\u011fu gibi ad\u0131m ad\u0131m yaparsan\u0131z bir\u00e7ok sorunun \u00e7\u00f6z\u00fclebilece\u011fini g\u00f6steriyor.<\/p>\n<h3>Yapay zeka: bir ara\u00e7 - yerine ge\u00e7ecek bir \u015fey de\u011fil<\/h3>\n<p>Di\u011ferleri teknik geli\u015fmelerin h\u0131z\u0131ndan etkilenirken, dergi geleneksel olarak yapay zeka konusunu \u00f6l\u00e7\u00fcl\u00fc bir \u015fekilde kategorize ediyor. Bu yeni ara\u00e7lar\u0131n nas\u0131l makul bir \u015fekilde kullan\u0131laca\u011f\u0131, nas\u0131l kontrol edilece\u011fi ve onlara nas\u0131l ba\u011f\u0131ml\u0131 hale gelinmeyece\u011fi ile ilgilidir. Dergi di\u011fer konular\u0131n yan\u0131 s\u0131ra \u015fu konulara da \u0131\u015f\u0131k tutuyor<\/p>\n<ul>\n<li>yerel yapay zeka sistemleri ve ba\u011f\u0131ms\u0131zl\u0131k i\u00e7in \u00f6nemi<\/li>\n<li>Meslekler, i\u015f modelleri ve yarat\u0131c\u0131 \u00e7al\u0131\u015fmalar \u00fczerindeki etkiler<\/li>\n<li>Otomatik karar alma s\u00fcre\u00e7lerinin f\u0131rsatlar\u0131 ve riskleri<\/li>\n<\/ul>\n<p>Bu, teknolojinin bir kez daha eskiden oldu\u011fu gibi kutsal bir inek de\u011fil, g\u00fcvenilir bir yard\u0131mc\u0131 haline geldi\u011fi bir \u00e7er\u00e7eve yarat\u0131r.<\/p>\n<h3>Toplum ve Avrupa: Zeitgeist'\u0131 anlamak, ba\u011flant\u0131lar\u0131 tan\u0131mak<\/h3>\n<p>Bu b\u00f6l\u00fcmde dergi, siyasi geli\u015fmelerden k\u00fclt\u00fcrel de\u011fi\u015fimlere kadar toplumsal etkile\u015fimimizi karakterize eden yap\u0131lara adanm\u0131\u015ft\u0131r. Ama\u00e7 kutupla\u015ft\u0131rmak de\u011fil, s\u00fcre\u00e7leri anla\u015f\u0131l\u0131r k\u0131lmak ve tarihsel deneyimleri dahil etmektir. Tipik konular \u015funlard\u0131r<\/p>\n<ul>\n<li>Sonu\u00e7lar\u0131 genellikle ancak ikinci bak\u0131\u015fta anla\u015f\u0131lan Avrupa yasama giri\u015fimleri<\/li>\n<li>Sans\u00fcr ve kontrol \u00e7abalar\u0131 ve bunlar\u0131n vatanda\u015flar ve \u015firketler i\u00e7in \u00f6nemi<\/li>\n<li>Zaman\u0131m\u0131z\u0131 \u015fekillendiren insanlar\u0131 elle tutulur hale getiren ki\u015fisel portreler<\/li>\n<li>Ekonomik geli\u015fmeler, \u00f6zg\u00fcrl\u00fck ve d\u00fczenleme aras\u0131ndaki gerilim alanlar\u0131<\/li>\n<\/ul>\n<p>Okuyucu, kararlar\u0131n arkas\u0131nda neyin yatt\u0131\u011f\u0131n\u0131 ve \u00f6zellikle g\u00fcn\u00fcm\u00fczde ileri g\u00f6r\u00fc\u015fl\u00fcl\u00fc\u011f\u00fcn neden vazge\u00e7ilmez oldu\u011funu anlamal\u0131d\u0131r.<\/p>\n<h3>Dijitalle\u015fme, ERP ve FileMaker: \u015eirketler i\u00e7in yap\u0131<\/h3>\n<p>Giri\u015fimciler on y\u0131llar \u00f6ncesiyle ayn\u0131 soruyla kar\u015f\u0131 kar\u015f\u0131ya: D\u00fczen, verimlilik ve netlik nas\u0131l yarat\u0131l\u0131r? Dijitalle\u015fme ve ERP b\u00f6l\u00fcm\u00fc bu konuyu ele almakta ve geleneksel kurumsal de\u011ferlerin - genel bak\u0131\u015f, yap\u0131, hesap verebilirlik - dijital g\u00fcn\u00fcm\u00fcze nas\u0131l aktar\u0131labilece\u011fini g\u00f6stermektedir. Ele al\u0131nan konular<\/p>\n<ul>\n<li>FileMaker tabanl\u0131 i\u015f \u00e7\u00f6z\u00fcmleri ve pratik \u00f6rnekler<\/li>\n<li>Ger\u00e7ek bir s\u00fcre\u00e7 olarak dijitalle\u015fme - sadece bir moda s\u00f6zc\u00fck de\u011fil<\/li>\n<li>S\u00fcre\u00e7leri basitle\u015ftiren ve insanlar\u0131 rahatlatan ara\u00e7lar<\/li>\n<li>Yaz\u0131l\u0131m geli\u015ftirme alan\u0131nda 20 y\u0131l\u0131 a\u015fk\u0131n deneyim<\/li>\n<\/ul>\n<p>Burada da s\u00f6z konusu olan teknoloji i\u00e7in teknoloji de\u011fil, \u015firketlerin g\u00fcnl\u00fck i\u015fleyi\u015finde somut destektir.<\/p>\n<h2>Neden bu dergi?<\/h2>\n<p>Dergi analitik olan\u0131 insani olanla birle\u015ftiriyor. Bir\u00e7ok insan\u0131n y\u00f6n\u00fcn\u00fc kaybetti\u011fi bir zamanda y\u00f6nlendirme sa\u011flamay\u0131 ama\u00e7l\u0131yor. Metinler g\u00fcven verici \u00e7\u00fcnk\u00fc kategorize ediyorlar. Motive ediyor \u00e7\u00fcnk\u00fc her k\u00fc\u00e7\u00fck ad\u0131m\u0131n \u00f6nemli oldu\u011funu g\u00f6steriyor. Ve zaman\u0131n testinden ge\u00e7mi\u015f deneyimlere sayg\u0131y\u0131 s\u00fcrd\u00fcr\u00fcyorlar.<\/p>\n<p>Dergiyi okuyan herkes, bizzat hayat\u0131n ortas\u0131nda olan, krizler ya\u015fam\u0131\u015f ve netlik, tutarl\u0131l\u0131k ve sorumlulu\u011fun ne kadar \u00f6nemli oldu\u011funu \u00f6\u011frenmi\u015f bir giri\u015fimci ve yazar taraf\u0131ndan yaz\u0131lm\u0131\u015f bir dergi oldu\u011funu hemen fark edecektir.<\/p>\n<h3>Her \u015fey nas\u0131l ba\u015flad\u0131: Derginin arkas\u0131ndaki hikaye<\/h3>\n<p><a href=\"https:\/\/www.markus-schall.de\/tr\/2026\/03\/commodore-c16dan-wordpresse-i%cc%87nterneti%cc%87n-i%cc%87lk-yillarinda-bi%cc%87r-yolculuk\/\"><img loading=\"lazy\" decoding=\"async\" class=\"alignright size-medium wp-image-5191\" src=\"https:\/\/www.markus-schall.de\/wp-content\/uploads\/Vom-Modem-zum-Internet-300x200.jpg\" alt=\"Modemden internete ve dergiye\" width=\"300\" height=\"200\" srcset=\"https:\/\/www.markus-schall.de\/wp-content\/uploads\/Vom-Modem-zum-Internet-300x200.jpg 300w, https:\/\/www.markus-schall.de\/wp-content\/uploads\/Vom-Modem-zum-Internet-768x512.jpg 768w, https:\/\/www.markus-schall.de\/wp-content\/uploads\/Vom-Modem-zum-Internet-18x12.jpg 18w, https:\/\/www.markus-schall.de\/wp-content\/uploads\/Vom-Modem-zum-Internet.jpg 1024w\" sizes=\"auto, (max-width: 300px) 100vw, 300px\" \/><\/a>Schall Verlag'\u0131n online dergisi, h\u0131zl\u0131 ve \u00e7o\u011fu zaman y\u00fczeysel bilgi ak\u0131\u015f\u0131na kar\u015f\u0131 bilin\u00e7li bir alternatifi temsil ediyor. Burada k\u0131sa vadeli e\u011filimler yerine ba\u011flant\u0131lara, deneyimlere ve uzun vadeli geli\u015fmelere odaklan\u0131lmaktad\u0131r. Bunun iyi bir \u00f6rne\u011fi \u015fu makaledir <a href=\"https:\/\/www.markus-schall.de\/tr\/2026\/03\/commodore-c16dan-wordpresse-i%cc%87nterneti%cc%87n-i%cc%87lk-yillarinda-bi%cc%87r-yolculuk\/\"><em><strong>Commodore C16'dan WordPress'e<\/strong><\/em><\/a>, ilk ev bilgisayarlar\u0131ndan posta kutusu sistemlerine ve DSL'den modern i\u00e7erik y\u00f6netim sistemlerine kadar internetin ilk y\u0131llar\u0131n\u0131n izini s\u00fcr\u00fcyor.<\/p>\n<p>Bu sadece teknolojiyle ilgili de\u011fil, temel bir ilkeyle ilgili: ge\u00e7mi\u015fi anlayanlar hangi geli\u015fmelerin ger\u00e7ek, hangilerinin ge\u00e7ici oldu\u011funu daha \u00e7abuk fark eder. \u00d6zellikle de s\u00fcrekli de\u011fi\u015fimin ya\u015fand\u0131\u011f\u0131 bir d\u00f6nemde, internette kendine ait istikrarl\u0131 bir yerin - b\u00fcy\u00fcyen, geli\u015fen ve yine de kal\u0131c\u0131 olan bir web sitesinin - ne kadar de\u011ferli olabilece\u011fi a\u00e7\u0131kt\u0131r. Bu dergi tam da bu fikri takip ediyor: sakin, anla\u015f\u0131l\u0131r ve temel unsurlar\u0131 g\u00f6z \u00f6n\u00fcnde bulunduran bir dergi.<\/p>\n<hr \/>\n<h2>Online dergide konuk yazarlar ve konuk makaleler<\/h2>\n<p>Online dergi, kendisini sa\u011flam temellere dayanan makaleler, analizler ve deneyim raporlar\u0131 i\u00e7in a\u00e7\u0131k, tematik olarak net bir \u015fekilde yap\u0131land\u0131r\u0131lm\u0131\u015f bir platform olarak g\u00f6rmektedir. Kendi editoryal i\u00e7eri\u011fine ek olarak, konuk yazar olarak katk\u0131da bulunmak veya hedeflenen konuk makaleleri yerle\u015ftirmek i\u00e7in a\u00e7\u0131k bir f\u0131rsat vard\u0131r - hem editoryal hem de ticari.<\/p>\n<h3>Editoryal konuk yazarlar<\/h3>\n<p>Derginin i\u00e7eri\u011fine uygun bir konu hakk\u0131nda yazan herkes konuk yazar olmak i\u00e7in ba\u015fvurabilir. Bu, \u00f6zellikle okuyucular i\u00e7in ger\u00e7ek katma de\u011fer sunan uzmanl\u0131k konular\u0131, ki\u015fisel deneyim raporlar\u0131, analizler veya s\u0131n\u0131fland\u0131rmalar i\u00e7in ge\u00e7erlidir.<\/p>\n<p>Konuk yazarlara kendi yazar kimlikleri verilir ve makaleleri dergide yay\u0131nlan\u0131r - editoryal olarak g\u00f6m\u00fcl\u00fc, kal\u0131c\u0131 olarak eri\u015filebilir ve tematik olarak ba\u011flant\u0131l\u0131. Gazetecilik ge\u00e7mi\u015fi gerekmez, sadece i\u00e7erik, a\u00e7\u0131kl\u0131k ve ciddi bir ton gerekir. Ama\u00e7 kendi reklam\u0131n\u0131z\u0131 yapmak de\u011fil, ilgili konu alan\u0131na katk\u0131da bulunmakt\u0131r. Konuk yazar olmak i\u00e7in \u015fu adresten ba\u015fvurabilirsiniz <strong><a href=\"https:\/\/www.markus-schall.de\/tr\/iletisim\/\">\u0130leti\u015fim formu<\/a><\/strong> ger\u00e7ekle\u015fecek.<\/p>\n<h3>Ticari konuk makaleler (sponsorlu g\u00f6nderiler)<\/h3>\n<p>Ayr\u0131ca <a href=\"https:\/\/www.markus-schall.de\/tr\/konuk-katkilari\/\"><strong>Ticari konuk makaleleri<\/strong><\/a> Bir konuyu sunmak, bir projeyi a\u00e7\u0131klamak veya \u00e7al\u0131\u015fmalar\u0131 hakk\u0131nda fikir vermek isteyen \u015firketler, serbest meslek sahipleri veya kurulu\u015flar i\u00e7in. Bu katk\u0131lar konuk makale olarak tan\u0131n\u0131r, editoryal destek al\u0131r ve derginin tematik ortam\u0131na dahil edilir.<\/p>\n<p>Ticari makalelerin de anla\u015f\u0131labilir, ger\u00e7eklere dayal\u0131 ve okuyucularla ilgili olmas\u0131 gerekti\u011fini unutmamak \u00f6nemlidir. Saf reklam metinleri veya agresif sat\u0131\u015f arg\u00fcmanlar\u0131 ama\u00e7lanmamaktad\u0131r. Ama\u00e7 bilgi vermektir, reklam de\u011fil.<\/p>\n<h3>Editoryal entegrasyon ve eri\u015fim<\/h3>\n<p>T\u00fcm konuk katk\u0131lar\u0131 - editoryal ve ticari - derginin mevcut yap\u0131s\u0131ndan yararlan\u0131r: net konu kategorileri, uzun vadeli bulunabilirlik, dahili ba\u011flant\u0131 ve se\u00e7ilen i\u00e7eri\u011fin \u00e7ok dilli oynat\u0131lmas\u0131. Bu da sadece k\u0131sa vadede g\u00f6r\u00fcn\u00fcr olmakla kalmay\u0131p uzun vadede de derginin bir par\u00e7as\u0131 olmaya devam eden makaleler ortaya \u00e7\u0131kar\u0131yor.<\/p>\n<p>Bizimle \u00e7al\u0131\u015fmak isteyen herkes herhangi bir y\u00fck\u00fcml\u00fcl\u00fck alt\u0131na girmeden bizimle irtibata ge\u00e7ebilir ve k\u0131saca konusunu tan\u0131tabilir. \u0130ster editoryal konuk katk\u0131s\u0131 ister ticari makale olsun, odak noktam\u0131z her zaman sakin ve ciddi bir gazetecilik ortam\u0131na yerle\u015ftirilmi\u015f i\u00e7eriktir.<\/p>\n<h3>Her makaleyle b\u00fcy\u00fcyen bir dergi<\/h3>\n<p>Konu \u00e7e\u015fitlili\u011fi zaman i\u00e7inde artmaya devam edecektir. Yeni b\u00f6l\u00fcmler, yeni yazarlar, yeni bak\u0131\u015f a\u00e7\u0131lar\u0131 - \u00e7izgiyi kaybetmeden: sakin, sayg\u0131l\u0131, gelene\u011fin bilincinde ve yine de gelecek i\u00e7in merakl\u0131.<\/p>\n<hr \/>\n<h2>Kendi derginizi kurmak ister misiniz?<\/h2>\n<p>Belki de \u015firketiniz veya konu alan\u0131n\u0131z i\u00e7in kendi derginizi geli\u015ftirmenin nas\u0131l bir \u015fey olaca\u011f\u0131n\u0131 merak ediyorsunuz - benzer \u015fekilde yap\u0131land\u0131r\u0131lm\u0131\u015f, birka\u00e7 dilde mevcut ve uzun vadede bulunabilecek bir dergi. B\u00f6yle bir dergi sadece ba\u015fka bir kanal de\u011fil, uzmanl\u0131\u011f\u0131n\u0131z\u0131n, tutumunuzun ve deneyiminizin g\u00f6r\u00fcn\u00fcr ve s\u00fcrd\u00fcr\u00fclebilir hale geldi\u011fi dijital bir yerdir. Bu, hem okuyucular hem de arama motorlar\u0131 i\u00e7in alakal\u0131 ve zaman i\u00e7inde de\u011ferli bir varl\u0131\u011fa d\u00f6n\u00fc\u015febilecek bir i\u00e7erik yarat\u0131r. Ve yapay zeka \u00e7a\u011f\u0131nda, okuyucular\u0131n\u0131z ve potansiyel m\u00fc\u015fterileriniz i\u00e7in ilgin\u00e7 i\u00e7erikler olu\u015fturmak sand\u0131\u011f\u0131n\u0131zdan daha kolay.<\/p>\n<h3>Kal\u0131c\u0131 olarak kiralamak yerine eri\u015fim in\u015fa etmek<\/h3>\n<p>G\u00fcn\u00fcm\u00fczde pek \u00e7ok \u015firket s\u00fcrekli olarak reklamlara para yat\u0131r\u0131yor: Google Ads, sosyal medya kampanyalar\u0131, platform teklifleri. B\u00fct\u00e7eler akt\u0131\u011f\u0131 s\u00fcrece g\u00f6r\u00fcn\u00fcrl\u00fck vard\u0131r. Durdu\u011funuz anda ise kaybolur. Eri\u015fim kiralanm\u0131\u015ft\u0131r - sahiplenilmemi\u015ftir.<\/p>\n<p>Genellikle g\u00f6z ard\u0131 edilen \u015fey: Bu harcamalar kal\u0131c\u0131 bir i\u00e7erik yaratmaz. Ge\u00e7ici bir ilgi yarat\u0131rlar, ancak uzun vadede s\u00fcrd\u00fcr\u00fclebilir bir temel olu\u015fturmazlar. B\u00f6ylece dijital g\u00f6r\u00fcn\u00fcrl\u00fck bir varl\u0131k de\u011fil, devam eden bir gider haline gelir.<\/p>\n<h3>Dijital m\u00fclkiyet kampanyalarla de\u011fil, yap\u0131yla olu\u015fturulur<\/h3>\n<p>Uzun vadeli eri\u015fim, i\u00e7eri\u011fin s\u00fcrekli olarak bulunabilir kald\u0131\u011f\u0131, birbirini g\u00fc\u00e7lendirdi\u011fi ve gelecek y\u0131llarda da etkisini s\u00fcrd\u00fcrd\u00fc\u011f\u00fc durumlarda yarat\u0131l\u0131r. \u0130\u00e7eri\u011fi yaln\u0131zca yay\u0131nlamakla kalmay\u0131p ayn\u0131 zamanda sistematik olarak yap\u0131land\u0131ranlar, dijital m\u00fclkiyeti ad\u0131m ad\u0131m in\u015fa eder.<\/p>\n<p>B\u00f6yle bir sistem reklamc\u0131l\u0131\u011f\u0131n yerini almaz - oda\u011f\u0131 de\u011fi\u015ftirir. S\u00fcrekli olarak yeni eri\u015fim sat\u0131n almak yerine, i\u00e7eri\u011fin kald\u0131\u011f\u0131, dahili olarak ba\u011flant\u0131l\u0131 oldu\u011fu ve devam eden b\u00fct\u00e7eler olmadan bile g\u00f6r\u00fcn\u00fcr kald\u0131\u011f\u0131 tescilli bir platform b\u00fcy\u00fcr. Yay\u0131nlanan her fikir do\u011frudan bu tescilli altyap\u0131ya \u00f6deme yapar.<\/p>\n<h3>Kendi eri\u015fiminizi olu\u015fturun - net bir sistemle<\/h3>\n<p><a href=\"https:\/\/www.markus-schall.de\/tr\/uluslararasi-derginiz\/\"><img loading=\"lazy\" decoding=\"async\" class=\"alignright size-medium wp-image-3823\" src=\"https:\/\/www.markus-schall.de\/wp-content\/uploads\/magazin-gastbeitraege-300x200.jpg\" alt=\"M\u00fclk olarak dergi\" width=\"300\" height=\"200\" srcset=\"https:\/\/www.markus-schall.de\/wp-content\/uploads\/magazin-gastbeitraege-300x200.jpg 300w, https:\/\/www.markus-schall.de\/wp-content\/uploads\/magazin-gastbeitraege-768x512.jpg 768w, https:\/\/www.markus-schall.de\/wp-content\/uploads\/magazin-gastbeitraege-18x12.jpg 18w, https:\/\/www.markus-schall.de\/wp-content\/uploads\/magazin-gastbeitraege.jpg 1024w\" sizes=\"auto, (max-width: 300px) 100vw, 300px\" \/><\/a>Yaln\u0131zca kiralanan eri\u015fime g\u00fcvenmek istemiyorsan\u0131z, ancak kendi ba\u011f\u0131ms\u0131z g\u00f6r\u00fcn\u00fcrl\u00fc\u011f\u00fcn\u00fcz\u00fc olu\u015fturmak istiyorsan\u0131z, bunun i\u00e7in uygun bir sistem sunuyorum. Bu sistem, platformlara ya da reklam mant\u0131\u011f\u0131na ba\u011f\u0131ml\u0131 kalmadan, i\u00e7eri\u011fi uzun vadede kullanmak, uluslararas\u0131 alanda oynamak ve yap\u0131land\u0131r\u0131lm\u0131\u015f bir \u015fekilde daha da geli\u015ftirmek isteyen \u015firketlere ve serbest meslek sahiplerine y\u00f6neliktir.<\/p>\n<p>Kendi derginizi kurmakla ilgileniyorsan\u0131z - yap\u0131, eri\u015fim ve \u00e7ok dillili\u011fi birle\u015ftiren bir dergi - o zaman burada bulacaks\u0131n\u0131z <a href=\"https:\/\/www.markus-schall.de\/tr\/uluslararasi-derginiz\/\"><strong>Dergi sistemim hakk\u0131nda daha fazla bilgi<\/strong><\/a>Nas\u0131l \u00e7al\u0131\u015f\u0131r, nas\u0131l yap\u0131land\u0131r\u0131l\u0131r ve ne gibi avantajlar sunar.<\/p>\n<p>B\u00f6yle bir sistem, i\u00e7eri\u011fi verimli bir \u015fekilde planlaman\u0131za, teknik olarak sa\u011flam bir \u015fekilde uygulaman\u0131za ve d\u0131\u015f platformlardan ba\u011f\u0131ms\u0131z olarak uzun vadede g\u00f6r\u00fcn\u00fcr olman\u0131za yard\u0131mc\u0131 olabilir.<\/p>\n<hr \/>\n<h2>Dergi hakk\u0131nda s\u0131k\u00e7a sorulan sorular<\/h2>\n<ol>\n<li><strong>Bu \u00e7evrimi\u00e7i dergiyi geleneksel bloglardan veya haber portallar\u0131ndan ay\u0131ran nedir?<\/strong><br \/>\nBu dergi h\u0131zl\u0131 man\u015fetlerin ritmini takip etmez. Eski ticaret dergilerinin denenmi\u015f ve test edilmi\u015f yakla\u015f\u0131m\u0131na dayanmaktad\u0131r: kapsaml\u0131 ara\u015ft\u0131rma, sakin bir dil, net kategorizasyon. Her g\u00fcn yeni konulara de\u011finmek yerine, geli\u015fmeler daha uzun bir s\u00fcre boyunca takip edilir ve ba\u011flamlar\u0131 i\u00e7inde a\u00e7\u0131klan\u0131r. Okuyucunun y\u00f6n\u00fcn\u00fc bulmas\u0131 ve bilgi g\u00fcr\u00fclt\u00fcs\u00fc i\u00e7inde kaybolmamas\u0131 ama\u00e7lanmaktad\u0131r. Her makale, ne zaman okundu\u011funa bak\u0131lmaks\u0131z\u0131n uzun vadeli faydalar sunacak \u015fekilde tasarlanm\u0131\u015ft\u0131r.<\/li>\n<li><strong>Sa\u011fl\u0131k konular\u0131 neden derginin bu kadar merkezinde?<\/strong><br \/>\nSa\u011fl\u0131k, kendi kaderini tayin edebilen bir ya\u015fam\u0131n temelidir. Bir\u00e7ok okuyucu CMD, hemoroid ya da kronik gerginlik gibi \u015fikayetlerle m\u00fccadele ediyor - g\u00fcnl\u00fck ya\u015famda genellikle bast\u0131r\u0131lan ya da t\u0131p mesle\u011finde sadece y\u00fczeysel olarak tedavi edilen sorunlar. Dergi bunlar\u0131n nedenlerini ara\u015ft\u0131r\u0131yor, arka plan\u0131n\u0131 a\u00e7\u0131kl\u0131yor ve deneyime dayal\u0131 bilgiler sunuyor. V\u00fccuda sayg\u0131 \u00f6n planda: Ne ba\u015far\u0131l\u0131 oldu? Ge\u00e7mi\u015fte ne farkl\u0131 yap\u0131lm\u0131\u015ft\u0131? Nerede daha yak\u0131ndan bakmaya de\u011fer?<\/li>\n<li><strong>Yapay zeka dergide nas\u0131l bir rol oynuyor?<\/strong><br \/>\nYZ burada bir kurtulu\u015f vaadi ya da tehdit olarak de\u011fil, bir ara\u00e7 olarak sunulmaktad\u0131r. Metinler, kontrol\u00fc elden b\u0131rakmadan yapay zekan\u0131n nas\u0131l g\u00fcvenle kullan\u0131laca\u011f\u0131na \u0131\u015f\u0131k tutuyor. Yerel modellerin nas\u0131l \u00e7al\u0131\u015ft\u0131\u011f\u0131n\u0131, yazarlar ve \u015firketler i\u00e7in hangi f\u0131rsatlar\u0131n ortaya \u00e7\u0131kt\u0131\u011f\u0131n\u0131 ve nerede net s\u0131n\u0131rlar\u0131n belirlenmesi gerekti\u011fini a\u00e7\u0131kl\u0131yor. Dergi, \u00f6l\u00e7\u00fcl\u00fc ve geleneklere sayg\u0131l\u0131 bir bak\u0131\u015f a\u00e7\u0131s\u0131n\u0131 benimsiyor: Teknoloji, belirleyici de\u011fil hizmet edici olmal\u0131d\u0131r.<\/li>\n<li><strong>Avrupa siyaseti ve mevzuat\u0131 hakk\u0131nda neden bu kadar \u00e7ok makale var?<\/strong><br \/>\nAvrupa uzun zamand\u0131r veri korumadan dijital kimli\u011fe kadar g\u00fcnl\u00fck hayat\u0131m\u0131z\u0131n d\u00fczenlendi\u011fi bir \u00e7er\u00e7eve olmu\u015ftur. Pek \u00e7ok siyasi projenin vatanda\u015flar ve \u015firketler \u00fczerinde etkisi vard\u0131r, ancak bunlar genellikle ancak ge\u00e7 bir a\u015famada anla\u015f\u0131l\u0131r. Dergi bu konular\u0131 ele al\u0131yor, tarihsel olarak s\u0131n\u0131fland\u0131r\u0131yor ve belirli kararlar\u0131n ne gibi sonu\u00e7lar do\u011furabilece\u011fini g\u00f6steriyor. Dergi, g\u00f6r\u00fc\u015flerden ziyade y\u00f6nlendirme ve tarihin \u00e7o\u011fu zaman bize geli\u015fmelerin nereye do\u011fru gitti\u011fini g\u00f6sterdi\u011finin fark\u0131ndal\u0131\u011f\u0131 ile ilgilidir.<\/li>\n<li><strong>Dergi hangi hedef kitleye y\u00f6neliktir?<\/strong><br \/>\nDergi, derinlemesine d\u00fc\u015f\u00fcnen insanlara - giri\u015fimcilere, serbest meslek sahiplerine, teknolojiyle ilgilenenlere, sa\u011fl\u0131k bilincine sahip okuyuculara ve basit cevaplarla yetinmeyi sevmeyen herkese y\u00f6neliktir. Kar\u015f\u0131l\u0131kl\u0131 ili\u015fkileri anlamak isteyen ve sakin, sayg\u0131l\u0131 bir \u00fcsluba de\u011fer veren herkes burada kendini evinde hissedecektir. Dergi, okuyucular\u0131na ne ders vermeyi ne de patronluk taslamay\u0131 ama\u00e7lamakta, aksine kendi kararlar\u0131n\u0131 daha net bir \u015fekilde vermelerine yard\u0131mc\u0131 olmay\u0131 hedeflemektedir.<\/li>\n<li><strong>FileMaker ve ERP konular\u0131 neden bu kadar \u00f6nemli bir rol oynuyor?<\/strong><br \/>\n\u00c7\u00fcnk\u00fc bir\u00e7ok \u015firketin en b\u00fcy\u00fck zorluklarla kar\u015f\u0131la\u015ft\u0131\u011f\u0131 yer tam da buras\u0131d\u0131r: Yap\u0131, genel bak\u0131\u015f ve i\u015fleyen s\u00fcre\u00e7ler. FileMaker, onlarca y\u0131ld\u0131r h\u0131zl\u0131 bir \u015fekilde \u00f6zelle\u015ftirilmi\u015f \u00e7\u00f6z\u00fcmler olu\u015fturmak i\u00e7in kullan\u0131labilecek sa\u011flam bir ara\u00e7 olarak kabul edilmektedir. Dergi pratik konular\u0131 ele almakta, tipik tuzaklar\u0131 a\u00e7\u0131klamakta ve dijitalle\u015fmeyi ayaklar\u0131 yere basan bir \u015fekilde ve gereksiz karma\u015f\u0131kl\u0131k olmadan uygulaman\u0131n yollar\u0131n\u0131 g\u00f6stermektedir. Odak noktas\u0131, kendini kan\u0131tlam\u0131\u015f olan ve insanlara g\u00fcnl\u00fck ya\u015famlar\u0131nda ger\u00e7ekten yard\u0131mc\u0131 olan \u015feylerdir.<\/li>\n<li><strong>Makaleleri kim yaz\u0131yor?<\/strong><br \/>\nMetinler \u00e7o\u011funlukla giri\u015fimci, geli\u015ftirici ve yay\u0131nc\u0131 Markus Schall taraf\u0131ndan yaz\u0131lm\u0131\u015ft\u0131r. \u0130\u00e7eri\u011fin b\u00fcy\u00fck bir k\u0131sm\u0131, sosyal geli\u015fmeler ve teknik uzmanl\u0131k g\u00f6zlemleri ile desteklenen yirmi y\u0131l\u0131 a\u015fk\u0131n profesyonel uygulamadan elde edilen ki\u015fisel deneyimlere dayanmaktad\u0131r. Uzmanl\u0131k, d\u00fc\u015f\u00fcnme ve tarihsel perspektifin bu birle\u015fimi dergiye karakteristik tarz\u0131n\u0131 vermektedir. Daha sonra ba\u015fka yazarlar da eklenecektir.<\/li>\n<li><strong>Makaleler bilimsel olarak kan\u0131tlanm\u0131\u015f m\u0131 yoksa daha ziyade deneyim raporlar\u0131 m\u0131?<\/strong><br \/>\nHer ikisi de ger\u00e7ekle\u015fir, ancak net bir ayr\u0131mla. Sa\u011fl\u0131k ve sosyal konular genellikle ampirik bilgilere ve ki\u015fisel analizlere dayan\u0131r. Teknik ve hukuki alanlar ise objektif bir \u015fekilde a\u00e7\u0131klan\u0131r ve uygun oldu\u011fu durumlarda resmi kaynaklar veya bilinen ilkelerle ili\u015fkilendirilir. Ama\u00e7 akademik s\u00f6ylem de\u011fil, pratik kategorizasyondur: Bu g\u00fcnl\u00fck ya\u015fam i\u00e7in somut olarak ne anlama geliyor? Hangi deneyimler ba\u015far\u0131l\u0131 oldu?<\/li>\n<li><strong>Dergi konular\u0131n\u0131 nas\u0131l se\u00e7iyor?<\/strong><br \/>\nYapay bir editoryal plan yoktur. Konular, m\u00fc\u015fteri projeleri, siyasi geli\u015fmeler, ki\u015fisel sa\u011fl\u0131k a\u015famalar\u0131 veya teknolojik d\u00f6n\u00fcm noktalar\u0131 gibi ger\u00e7ek hayatta ortaya \u00e7\u0131kt\u0131klar\u0131 yerde ortaya \u00e7\u0131kar. Bu da derginin canl\u0131, anla\u015f\u0131l\u0131r ve ger\u00e7e\u011fe yak\u0131n g\u00f6r\u00fcnmesini sa\u011fl\u0131yor. Se\u00e7im, yol g\u00f6sterici bir ilkeyi takip eder: uygunluk. Yaln\u0131zca somut faydalar\u0131 veya uzun vadeli etkileri olan konular bir makalede yer bulur.<\/li>\n<li><strong>Neden bu kadar \u00e7ok makale birka\u00e7 dilde yay\u0131nlan\u0131yor?<\/strong><br \/>\nDergi Avrupa odakl\u0131d\u0131r. Bir\u00e7ok geli\u015fme sadece Almanya'y\u0131 de\u011fil, t\u00fcm Avrupa'y\u0131, hatta bazen \u00f6tesini de etkiliyor. \u00c7ok dillilik, di\u011fer \u00fclkelerdeki okurlara do\u011frudan hitap eden b\u00f6lgeler \u00fcst\u00fc bir eri\u015fim sa\u011fl\u0131yor. Ayr\u0131ca \u00e7eviri, i\u00e7eri\u011fin eri\u015fimini g\u00fc\u00e7lendiriyor ve bu da uzun vadede yay\u0131nc\u0131ya ve yazarlara fayda sa\u011fl\u0131yor.<\/li>\n<li><strong>Dergiye siz de katk\u0131da bulunabiliyor musunuz?<\/strong><br \/>\nEvet, ilgilenen yazarlar Konuk makaleler men\u00fc \u00f6\u011fesi alt\u0131nda \u00f6nerilerini sunabilirler. Dergi, i\u00e7eri\u011fi olan, gelene\u011fin fark\u0131nda oldu\u011funu g\u00f6steren ve ger\u00e7ek bir y\u00f6nelim sunan metinler aramaktad\u0131r - reklam yok, SEO seri \u00fcretim \u00fcr\u00fcnleri yok. Konuk katk\u0131lar, derginin tarz\u0131na ve standartlar\u0131na uygun olduklar\u0131ndan emin olmak i\u00e7in dikkatle incelenir ve editoryal olarak izlenir.<\/li>\n<li><strong>Dergi geli\u015fmeye nas\u0131l devam edecek?<\/strong><br \/>\nDergi dinamik olacak \u015fekilde tasarlanm\u0131\u015ft\u0131r. \u00d6n\u00fcm\u00fczdeki y\u0131llarda hem konu hem de personel a\u00e7\u0131s\u0131ndan b\u00fcy\u00fcyecektir. Yeni b\u00f6l\u00fcmler, derinlemesine analizler, ek yazarlar ve hatta ileriki bir tarihte muhtemelen video veya ses formatlar\u0131 d\u00fc\u015f\u00fcn\u00fclebilir. Bu geli\u015fmelere ra\u011fmen temel yakla\u015f\u0131m de\u011fi\u015fmeden kalacakt\u0131r: Sakinlik, sayg\u0131, i\u00e7erik ve ge\u00e7mi\u015fte kendini kan\u0131tlam\u0131\u015f olana bir bak\u0131\u015f. Dergi, okuyucular\u0131 i\u00e7in sadece aylar de\u011fil, y\u0131llar boyunca g\u00fcvenilir bir yol arkada\u015f\u0131 olmal\u0131d\u0131r.<\/li>\n<\/ol>","protected":false},"excerpt":{"rendered":"<p>M. Schall Verlag'\u0131n online dergisi M. Schall Verlag \u00e7at\u0131s\u0131 alt\u0131ndaki online dergi, geni\u015f ama \u00f6zenle se\u00e7ilmi\u015f bir konu yelpazesi sunuyor. H\u0131zl\u0131 ve g\u00fcr\u00fclt\u00fcl\u00fc bir d\u00fcnyada bilin\u00e7li olarak derinlik arayan okuyuculara y\u00f6neliktir - ba\u011flant\u0131lar i\u00e7in, kategorizasyon i\u00e7in, her modan\u0131n pe\u015finden ko\u015fmayan bir ses i\u00e7in, ama bunun yerine bir\u00e7ok ... <a title=\"\u00c7evrimi\u00e7i dergi\" class=\"read-more\" href=\"https:\/\/www.markus-schall.de\/tr\/dergi\/\" aria-label=\"Online dergi hakk\u0131nda daha fazlas\u0131n\u0131 okuyun\">Devam\u0131n\u0131 oku<\/a><\/p>","protected":false},"author":1,"featured_media":0,"parent":0,"menu_order":0,"comment_status":"closed","ping_status":"closed","template":"","meta":{"iawp_total_views":176,"footnotes":""},"class_list":["post-3814","page","type-page","status-publish"],"_links":{"self":[{"href":"https:\/\/www.markus-schall.de\/tr\/wp-json\/wp\/v2\/pages\/3814","targetHints":{"allow":["GET"]}}],"collection":[{"href":"https:\/\/www.markus-schall.de\/tr\/wp-json\/wp\/v2\/pages"}],"about":[{"href":"https:\/\/www.markus-schall.de\/tr\/wp-json\/wp\/v2\/types\/page"}],"author":[{"embeddable":true,"href":"https:\/\/www.markus-schall.de\/tr\/wp-json\/wp\/v2\/users\/1"}],"replies":[{"embeddable":true,"href":"https:\/\/www.markus-schall.de\/tr\/wp-json\/wp\/v2\/comments?post=3814"}],"version-history":[{"count":16,"href":"https:\/\/www.markus-schall.de\/tr\/wp-json\/wp\/v2\/pages\/3814\/revisions"}],"predecessor-version":[{"id":5810,"href":"https:\/\/www.markus-schall.de\/tr\/wp-json\/wp\/v2\/pages\/3814\/revisions\/5810"}],"wp:attachment":[{"href":"https:\/\/www.markus-schall.de\/tr\/wp-json\/wp\/v2\/media?parent=3814"}],"curies":[{"name":"wp","href":"https:\/\/api.w.org\/{rel}","templated":true}]}}