{"id":3989,"date":"2025-12-12T14:26:40","date_gmt":"2025-12-12T14:26:40","guid":{"rendered":"https:\/\/www.markus-schall.de\/?page_id=3989"},"modified":"2025-12-16T18:11:34","modified_gmt":"2025-12-16T18:11:34","slug":"x-minizin","status":"publish","type":"page","link":"https:\/\/www.markus-schall.de\/tr\/x-minizin\/","title":{"rendered":"X-minizin - K\u0131sa dergi"},"content":{"rendered":"<p data-start=\"213\" data-end=\"413\"><img loading=\"lazy\" decoding=\"async\" class=\"alignnone size-full wp-image-4025\" src=\"https:\/\/www.markus-schall.de\/wp-content\/uploads\/x-minizin-titel.jpg\" alt=\"X-minizin - h\u0131zl\u0131 okuyucular i\u00e7in mini dergi\" width=\"1200\" height=\"726\" srcset=\"https:\/\/www.markus-schall.de\/wp-content\/uploads\/x-minizin-titel.jpg 1024w, https:\/\/www.markus-schall.de\/wp-content\/uploads\/x-minizin-titel-300x182.jpg 300w, https:\/\/www.markus-schall.de\/wp-content\/uploads\/x-minizin-titel-768x465.jpg 768w, https:\/\/www.markus-schall.de\/wp-content\/uploads\/x-minizin-titel-18x12.jpg 18w\" sizes=\"auto, (max-width: 1200px) 100vw, 1200px\" \/><\/p>\n<h2 data-start=\"213\" data-end=\"413\"><em><strong data-start=\"213\" data-end=\"226\">X-minizin<\/strong><\/em> - acelesi olan okuyucular i\u00e7in h\u0131zl\u0131 genel bak\u0131\u015f<\/h2>\n<p data-start=\"213\" data-end=\"413\"><img loading=\"lazy\" decoding=\"async\" class=\"alignright wp-image-4013\" src=\"https:\/\/www.markus-schall.de\/wp-content\/uploads\/x-minizin-600-tr.jpg\" alt=\"X-minizin - acelesi olan okuyucular i\u00e7in\" width=\"223\" height=\"80\" srcset=\"https:\/\/www.markus-schall.de\/wp-content\/uploads\/x-minizin-600-tr.jpg 600w, https:\/\/www.markus-schall.de\/wp-content\/uploads\/x-minizin-600-tr-300x108.jpg 300w, https:\/\/www.markus-schall.de\/wp-content\/uploads\/x-minizin-600-tr-18x6.jpg 18w\" sizes=\"auto, (max-width: 223px) 100vw, 223px\" \/>Burada en son yaz\u0131lar\u0131m\u0131 ve d\u00fc\u015f\u00fcncelerimi bulabilirsiniz. <a href=\"https:\/\/x.com\/MarkusSchall\" target=\"_blank\" rel=\"noopener\"><strong>X-kanal\u0131<\/strong><\/a> - Kompakt, net ve bir bak\u0131\u015fta anla\u015f\u0131lmas\u0131 kolay.<\/p>\n<p data-start=\"213\" data-end=\"413\">Ayr\u0131ca do\u011frudan eri\u015filebilir <strong>x-minizin.de<\/strong> (Almanca) ve <strong>x-minizin.com<\/strong> (\u0130ngilizce)<\/p>\n<p data-start=\"415\" data-end=\"672\">Se\u00e7im, mevcut t\u00fcm dillerdeki en son i\u00e7eri\u011fi g\u00f6sterir. Daha derine inmek isterseniz, makalelerin tamam\u0131na do\u011frudan buradan eri\u015febilirsiniz. Sadece k\u0131saca bilgi sahibi olmak istiyorsan\u0131z, temel bilgileri burada bulabilirsiniz.<\/p>\n<hr \/>\n<div class=\"ms-rss-grid\"><article class=\"ms-rss-card\"><div class=\"ms-rss-image\"><a href=\"https:\/\/www.markus-schall.de\/tr\/2026\/04\/cmdyi-erken-taniyin-ve-cene-boyun-bas-ve-kulaklarin-neden-siklikla-bir-arada-oldugunu-kendi-kendinize-test-edin\/\"><img decoding=\"async\" src=\"https:\/\/pbs.twimg.com\/media\/HHLJtH6WUAAzxY2.jpg\" alt=\"Viele Beschwerden wirken f\u00fcr sich genommen harmlos: ein Ziehen im Kiefer, verspannter Nacken, gelegentliche Kopfschmerzen, Tinnitus oder Fehlhaltungen. Erst im Zusammenhang entsteht ein klares Bild. Ein Selbsttest ersetzt keine Diagnose \u2013 kann aber helfen, Muster zu erkennen. Genau daf\u00fcr ist der neue CMD-Test gedacht. \u00dcber 40 Fragen f\u00fchren durch typische Beschwerden und Risikofaktoren. Die St\u00e4rke liegt nicht im einzelnen Symptom, sondern im Gesamtbild.  #CMD #Selbsttest #Gesundheit #Kiefer #Nacken #Stress #Kopfschmerzen #Medizin\"><\/a><\/div><div class=\"ms-rss-content\"><div class=\"ms-rss-text\"><p>Viele Beschwerden wirken f\u00fcr sich genommen harmlos: ein Ziehen im Kiefer, verspannter Nacken, gelegentliche Kopfschmerzen, Tinnitus oder Fehlhaltungen. Erst im Zusammenhang entsteht ein klares Bild. Ein Selbsttest ersetzt keine Diagnose \u2013 kann aber helfen, Muster zu erkennen. Genau daf\u00fcr ist der neue CMD-Test gedacht. \u00dcber 40 Fragen f\u00fchren durch typische Beschwerden und Risikofaktoren. Die St\u00e4rke liegt nicht im einzelnen Symptom, sondern im Gesamtbild. #CMD #Selbsttest #Gesundheit #Kiefer #Nacken #Stress #Kopfschmerzen #Medizin<\/p>\n<p class=\"ms-rss-readmore\">\n                    <a href=\"https:\/\/www.markus-schall.de\/tr\/2026\/04\/cmdyi-erken-taniyin-ve-cene-boyun-bas-ve-kulaklarin-neden-siklikla-bir-arada-oldugunu-kendi-kendinize-test-edin\/\">\n                        Daha fazla bilgi edinin\n                    <\/a>\n                  <\/p><\/div><div class=\"ms-rss-meta\">30.04.2026 - @MarkusSchall<\/div><\/div><\/article><article class=\"ms-rss-card\"><div class=\"ms-rss-image\"><a href=\"https:\/\/www.markus-schall.de\/tr\/2025\/12\/oyun-teori%cc%87si%cc%87-25-yillik-jeopoli%cc%87ti%cc%87gi%cc%87-acikliyor-avrupa-strateji%cc%87k-roluenue-nasil-kaybetti%cc%87\/\"><img decoding=\"async\" src=\"https:\/\/pbs.twimg.com\/media\/HHKDIjuXQAAkcj4.jpg\" alt=\"AP Milletvekili Martin Sonneborn 1 May\u0131s&#039;tan k\u0131sa bir s\u00fcre \u00f6nce Strazburg&#039;da hicivli bir konu\u015fma yap\u0131yor. Konu: \u201eBitmeyen sava\u015flar\u201c ve jeopolitik \u00e7at\u0131\u015fmalar\u0131n her zaman zaferle mi yoksa bazen daha \u00e7ok s\u00fcreyle mi ilgili oldu\u011fu sorusu. Julian Assange&#039;a at\u0131f... resim.\"><\/a><\/div><div class=\"ms-rss-content\"><div class=\"ms-rss-text\"><p>AP Milletvekili Martin Sonneborn 1 May\u0131s'tan k\u0131sa bir s\u00fcre \u00f6nce Strazburg'da hicivli bir konu\u015fma yap\u0131yor. Konu: \u201eBitmeyen sava\u015flar\u201c ve jeopolitik \u00e7at\u0131\u015fmalar\u0131n her zaman zaferle mi yoksa bazen daha \u00e7ok s\u00fcreyle mi ilgili oldu\u011fu sorusu. Julian Assange'a at\u0131f, rakamlar ve sivri g\u00f6zlemlerle birlikte. Cevaplardan ziyade yeni sorular ortaya \u00e7\u0131karan bir katk\u0131. \u00d6zellikle uzun vadeli geli\u015fmeler ba\u011flam\u0131nda ilgin\u00e7 bir bak\u0131\u015f a\u00e7\u0131s\u0131 de\u011fi\u015fikli\u011fi. #Sava\u015f #Geopolitik #Satire #Europe #Politics #Analysis #Conflicts #Future<\/p>\n<p class=\"ms-rss-readmore\">\n                    <a href=\"https:\/\/www.markus-schall.de\/tr\/2025\/12\/oyun-teori%cc%87si%cc%87-25-yillik-jeopoli%cc%87ti%cc%87gi%cc%87-acikliyor-avrupa-strateji%cc%87k-roluenue-nasil-kaybetti%cc%87\/\">\n                        Daha fazla bilgi edinin\n                    <\/a>\n                  <\/p><\/div><div class=\"ms-rss-meta\">30.04.2026 - @MarkusSchall<\/div><\/div><\/article><article class=\"ms-rss-card\"><div class=\"ms-rss-image\"><a href=\"https:\/\/www.markus-schall.de\/tr\/2025\/09\/yapay-zeka-hangi%cc%87-i%cc%87sler-tehli%cc%87kede-ve-si%cc%87mdi%cc%87-kendi%cc%87mi%cc%87zi%cc%87-nasil-koruyabi%cc%87li%cc%87ri%cc%87z\/\"><img decoding=\"async\" src=\"https:\/\/pbs.twimg.com\/media\/HHIXSvpXQAAZT83.jpg\" alt=\"Yapay zekan\u0131n bir sonraki seviyesi sadece otomasyon de\u011fil, sim\u00fclasyondur. \u201eMiroFish\u201c gibi yeni yapay zeka sistemleriyle kararlar al\u0131nmadan \u00f6nce \u00fczerinde oynanabilir. Bu durum dan\u0131\u015fmanlar, analistler ve stratejistler i\u00e7in bir d\u00f6n\u00fcm noktas\u0131 olabilir. Modeller binlerce tepkiyi \u00f6ng\u00f6r\u00fcyorsa, geleneksel tahminlere kimin ihtiyac\u0131 var? Ayn\u0131 zamanda \u015fu soru ortaya \u00e7\u0131k\u0131yor: Bu perspektifleri kim tan\u0131ml\u0131yor ve bunlar ger\u00e7ekten ne kadar tarafs\u0131z?  #KI #\u0130\u015f d\u00fcnyas\u0131 #D\u00f6n\u00fc\u015f\u00fcm #Dijitalle\u015fme #Ayapay zeka #\u0130novasyon #\u0130\u015fler #Tahminler\"><\/a><\/div><div class=\"ms-rss-content\"><div class=\"ms-rss-text\"><p>Yapay zekan\u0131n bir sonraki seviyesi sadece otomasyon de\u011fil, sim\u00fclasyondur. \u201eMiroFish\u201c gibi yeni yapay zeka sistemleriyle kararlar al\u0131nmadan \u00f6nce \u00fczerinde oynanabilir. Bu durum dan\u0131\u015fmanlar, analistler ve stratejistler i\u00e7in bir d\u00f6n\u00fcm noktas\u0131 olabilir. Modeller binlerce tepkiyi \u00f6ng\u00f6r\u00fcyorsa, geleneksel tahminlere kimin ihtiyac\u0131 var? Ayn\u0131 zamanda \u015fu soru ortaya \u00e7\u0131k\u0131yor: Bu perspektifleri kim tan\u0131ml\u0131yor ve bunlar ger\u00e7ekten ne kadar tarafs\u0131z? #KI #\u0130\u015f d\u00fcnyas\u0131 #D\u00f6n\u00fc\u015f\u00fcm #Dijitalle\u015fme #Ayapay zeka #\u0130novasyon #\u0130\u015fler #Tahminler<\/p>\n<p class=\"ms-rss-readmore\">\n                    <a href=\"https:\/\/www.markus-schall.de\/tr\/2025\/09\/yapay-zeka-hangi%cc%87-i%cc%87sler-tehli%cc%87kede-ve-si%cc%87mdi%cc%87-kendi%cc%87mi%cc%87zi%cc%87-nasil-koruyabi%cc%87li%cc%87ri%cc%87z\/\">\n                        Daha fazla bilgi edinin\n                    <\/a>\n                  <\/p><\/div><div class=\"ms-rss-meta\">30.04.2026 - @MarkusSchall<\/div><\/div><\/article><article class=\"ms-rss-card\"><div class=\"ms-rss-image\"><a href=\"https:\/\/www.markus-schall.de\/tr\/2025\/12\/alman-ekonomi%cc%87si%cc%87ni%cc%87n-durumu-2025-kri%cc%87zi%cc%87n-bes-yili-rakamlar-trendler-ve-goeruenuem\/\"><img decoding=\"async\" src=\"https:\/\/pbs.twimg.com\/media\/HHFcAM9bcAAs0N6.jpg\" alt=\"ifo Enstit\u00fcs\u00fc i\u015fg\u00fcc\u00fc piyasas\u0131na ili\u015fkin tahminlerini s\u0131k\u0131la\u015ft\u0131rd\u0131: Almanya&#039;daki \u015firketler t\u00fcm sekt\u00f6rlerde i\u015ften \u00e7\u0131karmalara devam ediyor. ifo&#039;ya g\u00f6re \u201eneredeyse hi\u00e7bir sekt\u00f6r kurtulamayacak\u201c. Sanayi, ticaret, hizmetler ve hatta turizm bile bu durumdan etkileniyor. Artan maliyetler personel planlamas\u0131 \u00fczerinde bask\u0131 yarat\u0131yor. Ger\u00e7ek bir geri d\u00f6n\u00fc\u015f m\u00fc? G\u00f6r\u00fcn\u00fcrde yok. Hafif istikrar i\u015faretlerine ra\u011fmen i\u015fg\u00fcc\u00fc piyasas\u0131 gerginli\u011fini koruyor. Haberin ve ifo raporunun linki makalede yer almaktad\u0131r.  1TP24Ekonomi #Almanya 1TP24\u0130\u015fg\u00fcc\u00fc piyasas\u0131 #ifo #Sanayi 1TP24Ekonomi #\u0130\u015fler #KonumAlmanya\"><\/a><\/div><div class=\"ms-rss-content\"><div class=\"ms-rss-text\"><p>ifo Enstit\u00fcs\u00fc i\u015fg\u00fcc\u00fc piyasas\u0131na ili\u015fkin tahminlerini s\u0131k\u0131la\u015ft\u0131rd\u0131: Almanya'daki \u015firketler t\u00fcm sekt\u00f6rlerde i\u015ften \u00e7\u0131karmalara devam ediyor. ifo'ya g\u00f6re \u201eneredeyse hi\u00e7bir sekt\u00f6r kurtulamayacak\u201c. Sanayi, ticaret, hizmetler ve hatta turizm bile bu durumdan etkileniyor. Artan maliyetler personel planlamas\u0131 \u00fczerinde bask\u0131 yarat\u0131yor. Ger\u00e7ek bir geri d\u00f6n\u00fc\u015f m\u00fc? G\u00f6r\u00fcn\u00fcrde yok. Hafif istikrar i\u015faretlerine ra\u011fmen i\u015fg\u00fcc\u00fc piyasas\u0131 gerginli\u011fini koruyor. Haberin ve ifo raporunun linki makalede yer almaktad\u0131r. 1TP24Ekonomi #Almanya 1TP24\u0130\u015fg\u00fcc\u00fc piyasas\u0131 #ifo #Sanayi 1TP24Ekonomi #\u0130\u015fler #KonumAlmanya<\/p>\n<p class=\"ms-rss-readmore\">\n                    <a href=\"https:\/\/www.markus-schall.de\/tr\/2025\/12\/alman-ekonomi%cc%87si%cc%87ni%cc%87n-durumu-2025-kri%cc%87zi%cc%87n-bes-yili-rakamlar-trendler-ve-goeruenuem\/\">\n                        Daha fazla bilgi edinin\n                    <\/a>\n                  <\/p><\/div><div class=\"ms-rss-meta\">29.04.2026 - @MarkusSchall<\/div><\/div><\/article><article class=\"ms-rss-card\"><div class=\"ms-rss-image\"><a href=\"https:\/\/www.markus-schall.de\/tr\/2026\/03\/zorunlu-askerli%cc%87gi%cc%87n-sona-ermesi%cc%87nden-okul-grevleri%cc%87ne-alman-si%cc%87lahli-kuvvetleri%cc%87-ve-egi%cc%87ti%cc%87m-uezeri%cc%87ne-yeni%cc%87-tartismalar\/\"><img decoding=\"async\" src=\"https:\/\/pbs.twimg.com\/media\/HHDTF_dbcAAzfS3.jpg\" alt=\"Bundeswehr&#039;in Alman okullar\u0131ndaki varl\u0131\u011f\u0131 g\u00f6zle g\u00f6r\u00fcl\u00fcr bir \u015fekilde art\u0131yor. Politikac\u0131lar ve gen\u00e7lik g\u00f6revlileri g\u00fcvenlik politikas\u0131 e\u011fitiminin gereklili\u011finden bahsederken, GEW g\u00fcnl\u00fck okul ya\u015fam\u0131n\u0131n giderek militaristle\u015fti\u011fi uyar\u0131s\u0131nda bulunuyor. Bu t\u00fcr etkinliklerin ger\u00e7ekte ne kadar tarafs\u0131z oldu\u011fu ve hangi perspektiflerin aktar\u0131ld\u0131\u011f\u0131 \u00f6zellikle tart\u0131\u015fmal\u0131d\u0131r. As\u0131l soru \u015fu: e\u011fitim ile etki yaratma aras\u0131ndaki \u00e7izgi nerede? Bu konunun toplumda giderek daha fazla tart\u0131\u015f\u0131ld\u0131\u011f\u0131 ve okullar\u0131n daha fazla mercek alt\u0131na al\u0131nd\u0131\u011f\u0131 a\u00e7\u0131kt\u0131r.  #Bundeswehr #School #Education\"><\/a><\/div><div class=\"ms-rss-content\"><div class=\"ms-rss-text\"><p>Bundeswehr'in Alman okullar\u0131ndaki varl\u0131\u011f\u0131 g\u00f6zle g\u00f6r\u00fcl\u00fcr bir \u015fekilde art\u0131yor. Politikac\u0131lar ve gen\u00e7lik g\u00f6revlileri g\u00fcvenlik politikas\u0131 e\u011fitiminin gereklili\u011finden bahsederken, GEW g\u00fcnl\u00fck okul ya\u015fam\u0131n\u0131n giderek militaristle\u015fti\u011fi uyar\u0131s\u0131nda bulunuyor. Bu t\u00fcr etkinliklerin ger\u00e7ekte ne kadar tarafs\u0131z oldu\u011fu ve hangi perspektiflerin aktar\u0131ld\u0131\u011f\u0131 \u00f6zellikle tart\u0131\u015fmal\u0131d\u0131r. As\u0131l soru \u015fu: e\u011fitim ile etki yaratma aras\u0131ndaki \u00e7izgi nerede? Bu konunun toplumda giderek daha fazla tart\u0131\u015f\u0131ld\u0131\u011f\u0131 ve okullar\u0131n daha fazla mercek alt\u0131na al\u0131nd\u0131\u011f\u0131 a\u00e7\u0131kt\u0131r. #Bundeswehr #School #Education #Militarisation #GEW #PPolitics #Society #School strike #Military service<\/p>\n<p class=\"ms-rss-readmore\">\n                    <a href=\"https:\/\/www.markus-schall.de\/tr\/2026\/03\/zorunlu-askerli%cc%87gi%cc%87n-sona-ermesi%cc%87nden-okul-grevleri%cc%87ne-alman-si%cc%87lahli-kuvvetleri%cc%87-ve-egi%cc%87ti%cc%87m-uezeri%cc%87ne-yeni%cc%87-tartismalar\/\">\n                        Daha fazla bilgi edinin\n                    <\/a>\n                  <\/p><\/div><div class=\"ms-rss-meta\">29.04.2026 - @MarkusSchall<\/div><\/div><\/article><article class=\"ms-rss-card\"><div class=\"ms-rss-image\"><a href=\"https:\/\/www.markus-schall.de\/tr\/2026\/01\/di%cc%87ji%cc%87tal-parayi-anlamak-bitcoin-stablecoins-ve-cbdcs-basi%cc%87tce-aciklandi\/\"><img decoding=\"async\" src=\"https:\/\/pbs.twimg.com\/media\/HHAaty0bUAE4G2A.jpg\" alt=\"Yapt\u0131r\u0131mlar ancak \u00f6deme ak\u0131\u015flar\u0131 kontrol edilebildi\u011fi s\u00fcrece i\u015fe yarar. Ancak dijital para birimlerinin giderek zorla\u015ft\u0131rd\u0131\u011f\u0131 \u015fey tam da bu. Bitcoin ademi merkeziyet\u00e7ili\u011fi, sabit coinler esnek kullan\u0131m\u0131 ve CBDC&#039;ler de devlet kontrol\u00fcn\u00fc temsil ediyor. Bu \u00fc\u00e7 model paralel olarak var olmakta ve k\u00fcresel finans sistemini temelden de\u011fi\u015ftirmektedir. Sonu\u00e7 olarak, geleneksel ara\u00e7lar etkisini kaybederken yeni yap\u0131lar ortaya \u00e7\u0131k\u0131yor. Bu ani bir alt\u00fcst olu\u015f de\u011fil, uzun vadeli sonu\u00e7lar\u0131 olan kademeli bir de\u011fi\u015fimdir. Makaledeki yeni video.  #Cripto para birimleri #CBDC #Fin\"><\/a><\/div><div class=\"ms-rss-content\"><div class=\"ms-rss-text\"><p>Yapt\u0131r\u0131mlar ancak \u00f6deme ak\u0131\u015flar\u0131 kontrol edilebildi\u011fi s\u00fcrece i\u015fe yarar. Ancak dijital para birimlerinin giderek zorla\u015ft\u0131rd\u0131\u011f\u0131 \u015fey tam da budur. Bitcoin ademi merkeziyet\u00e7ili\u011fi, sabit coinler esnek kullan\u0131m\u0131 ve CBDC'ler de devlet kontrol\u00fcn\u00fc temsil ediyor. Bu \u00fc\u00e7 model paralel olarak var olmakta ve k\u00fcresel finans sistemini temelden de\u011fi\u015ftirmektedir. Sonu\u00e7 olarak, geleneksel ara\u00e7lar etkisini kaybederken yeni yap\u0131lar ortaya \u00e7\u0131k\u0131yor. Bu ani bir alt\u00fcst olu\u015f de\u011fil, uzun vadeli sonu\u00e7lar\u0131 olan kademeli bir de\u011fi\u015fimdir. Makaledeki yeni video. #Cripto para birimleri #CBDC #Finansal sistem #Dijitalle\u015fme 1TP24Ekonomi 1TP24Gelecek<\/p>\n<p class=\"ms-rss-readmore\">\n                    <a href=\"https:\/\/www.markus-schall.de\/tr\/2026\/01\/di%cc%87ji%cc%87tal-parayi-anlamak-bitcoin-stablecoins-ve-cbdcs-basi%cc%87tce-aciklandi\/\">\n                        Daha fazla bilgi edinin\n                    <\/a>\n                  <\/p><\/div><div class=\"ms-rss-meta\">28.04.2026 - @MarkusSchall<\/div><\/div><\/article><article class=\"ms-rss-card\"><div class=\"ms-rss-image\"><a href=\"https:\/\/www.markus-schall.de\/tr\/2026\/03\/bi%cc%87r-robotla-telefonda-konusurken-ki%cc%87ni%cc%87n-telefonu-nasil-fethetti%cc%87gi%cc%87-ve-onu-nasil-taniyacagim\/\"><img decoding=\"async\" src=\"https:\/\/pbs.twimg.com\/media\/HG_p5HtXcAEc6M2.jpg\" alt=\"Ge\u00e7enlerde telefonda s\u00f6zde ger\u00e7ek bir ki\u015fiyle konu\u015ftu\u011fumda, konu\u015fan\u0131n bir yapay zeka oldu\u011funu ancak ge\u00e7 fark ettim. Duraklama yok, belirsizlik yok, b\u00f6lgesel bir leh\u00e7eyle bile m\u00fckemmel tepkiler. Bu sistemleri bu kadar tehlikeli yapan \u015fey de tam olarak bu - k\u00f6t\u00fc olduklar\u0131 i\u00e7in de\u011fil, fazla iyi olduklar\u0131 i\u00e7in. Hala bunu her zaman hemen fark edebilece\u011fine inanan herkes bu geli\u015fimin h\u0131z\u0131n\u0131 hafife al\u0131yor demektir. Bu art\u0131k teknolojiyle ilgili de\u011fil, g\u00fcnl\u00fck ya\u015famda alg\u0131, g\u00fcven ve kontrolle ilgili.  #KI #ArtificialIntelligence #Digitalisation #Phone #Future #\"><\/a><\/div><div class=\"ms-rss-content\"><div class=\"ms-rss-text\"><p>Ge\u00e7enlerde telefonda s\u00f6zde ger\u00e7ek bir ki\u015fiyle konu\u015ftu\u011fumda, konu\u015fan\u0131n bir yapay zeka oldu\u011funu ancak ge\u00e7 fark ettim. Duraklama yok, belirsizlik yok, b\u00f6lgesel bir leh\u00e7eyle bile m\u00fckemmel tepkiler. Bu sistemleri bu kadar tehlikeli yapan \u015fey de tam olarak bu - k\u00f6t\u00fc olduklar\u0131 i\u00e7in de\u011fil, fazla iyi olduklar\u0131 i\u00e7in. Hala bunu her zaman hemen fark edebilece\u011fine inanan herkes bu geli\u015fimin h\u0131z\u0131n\u0131 hafife al\u0131yor demektir. Art\u0131k mesele teknoloji de\u011fil, g\u00fcnl\u00fck ya\u015famda alg\u0131, g\u00fcven ve kontrol meselesidir. #KI #ArtificialIntelligence #Digitalisation #Phone #Future...<\/p>\n<p class=\"ms-rss-readmore\">\n                    <a href=\"https:\/\/www.markus-schall.de\/tr\/2026\/03\/bi%cc%87r-robotla-telefonda-konusurken-ki%cc%87ni%cc%87n-telefonu-nasil-fethetti%cc%87gi%cc%87-ve-onu-nasil-taniyacagim\/\">\n                        Daha fazla bilgi edinin\n                    <\/a>\n                  <\/p><\/div><div class=\"ms-rss-meta\">28.04.2026 - @MarkusSchall<\/div><\/div><\/article><article class=\"ms-rss-card\"><div class=\"ms-rss-image\"><a href=\"https:\/\/www.markus-schall.de\/tr\/2025\/12\/yeni-baslayanlar-icin-ki-oen-bilgi-olmadan-yapay-zekaya-nasil-baslanir\/\"><img decoding=\"async\" src=\"https:\/\/pbs.twimg.com\/media\/HG924gYakAAuXAT.jpg\" alt=\"Pek \u00e7ok ki\u015fi, yap\u0131land\u0131r\u0131lm\u0131\u015f bir \u015fekilde kullan\u0131ld\u0131\u011f\u0131 takdirde yapay zeka ile ne kadar h\u0131zl\u0131 ger\u00e7ek ilerleme kaydedilebilece\u011fini hafife al\u0131yor. Yapay zeka d\u00fc\u015f\u00fcnmenin yerine ge\u00e7mez, ancak onun i\u00e7in bir ara\u00e7t\u0131r. Onu do\u011fru kullan\u0131rsan\u0131z, korelasyonlar\u0131 daha h\u0131zl\u0131 tan\u0131yabilir, fikirleri yap\u0131land\u0131rabilir ve daha iyi kararlar verebilirsiniz. \u00d6zellikle yeni ba\u015flayanlar i\u00e7in, k\u00f6r\u00fc k\u00f6r\u00fcne ba\u015flamamak, nas\u0131l \u00e7al\u0131\u015ft\u0131\u011f\u0131na dair bir his geli\u015ftirmek \u00f6nemlidir. Bu makale size gereksiz karma\u015f\u0131kl\u0131k olmadan sakin ve net bir giri\u015f sunuyor.  #KI #AI #D\u00fc\u015f\u00fcnme #P\u00dcretkenlik #Bilgi #ArtificialInt\"><\/a><\/div><div class=\"ms-rss-content\"><div class=\"ms-rss-text\"><p>Pek \u00e7ok ki\u015fi, yap\u0131land\u0131r\u0131lm\u0131\u015f bir \u015fekilde kullan\u0131ld\u0131\u011f\u0131 takdirde yapay zeka ile ne kadar h\u0131zl\u0131 ger\u00e7ek ilerleme kaydedilebilece\u011fini hafife al\u0131yor. Yapay zeka d\u00fc\u015f\u00fcnmenin yerine ge\u00e7mez, ancak onun i\u00e7in bir ara\u00e7t\u0131r. Onu do\u011fru kullan\u0131rsan\u0131z, korelasyonlar\u0131 daha h\u0131zl\u0131 tan\u0131yabilir, fikirleri yap\u0131land\u0131rabilir ve daha iyi kararlar verebilirsiniz. \u00d6zellikle yeni ba\u015flayanlar i\u00e7in, k\u00f6r\u00fc k\u00f6r\u00fcne ba\u015flamamak, nas\u0131l \u00e7al\u0131\u015ft\u0131\u011f\u0131na dair bir his geli\u015ftirmek \u00f6nemlidir. Bu makale size gereksiz karma\u015f\u0131kl\u0131k olmadan sakin ve net bir giri\u015f sunuyor. #KI #AI #D\u00fc\u015f\u00fcnme #\u00dcretkenlik #Bilgi #AyapayZeka #Dijitalle\u015fme<\/p>\n<p class=\"ms-rss-readmore\">\n                    <a href=\"https:\/\/www.markus-schall.de\/tr\/2025\/12\/yeni-baslayanlar-icin-ki-oen-bilgi-olmadan-yapay-zekaya-nasil-baslanir\/\">\n                        Daha fazla bilgi edinin\n                    <\/a>\n                  <\/p><\/div><div class=\"ms-rss-meta\">28.04.2026 - @MarkusSchall<\/div><\/div><\/article><article class=\"ms-rss-card\"><div class=\"ms-rss-image\"><a href=\"https:\/\/www.markus-schall.de\/tr\/2025\/10\/goerev-tekrar-goerev-oldugunda-bay-von-loreotun-bi%cc%87r-tuer-denemesi%cc%87\/\"><img decoding=\"async\" src=\"https:\/\/pbs.twimg.com\/media\/HG5npiYboAEhzmh.jpg\" alt=\"91 ya\u015f\u0131nda bir adam yedek hizmet i\u00e7in g\u00f6n\u00fcll\u00fc olur. \u0130kinci D\u00fcnya Sava\u015f\u0131&#039;ndan ger\u00e7ek cephe tecr\u00fcbesiyle. Ve sava\u015f\u0131n neye benzedi\u011fine dair ger\u00e7ek bilgiye sahip. Politikac\u0131lar ve medya yeni savunma modellerini tart\u0131\u015f\u0131rken, tek bir mektup bizi ger\u00e7e\u011fe d\u00f6nd\u00fcrmeye yetiyor. Bazen bir uzmana de\u011fil, bunu ya\u015fam\u0131\u015f birine ihtiya\u00e7 duyars\u0131n\u0131z. Ve kim tekrarlanmamas\u0131 gerekenin fark\u0131na var\u0131r.  1TP24Mektup 1TP24G\u00fcncel olaylar 1TP24Ger\u00e7eklik #arih 1TP24Yans\u0131ma 1TP24Sava\u015f #Gerginlik\"><\/a><\/div><div class=\"ms-rss-content\"><div class=\"ms-rss-text\"><p>91 ya\u015f\u0131nda bir adam yedek hizmet i\u00e7in g\u00f6n\u00fcll\u00fc olur. \u0130kinci D\u00fcnya Sava\u015f\u0131'ndan ger\u00e7ek cephe tecr\u00fcbesiyle. Ve sava\u015f\u0131n neye benzedi\u011fine dair ger\u00e7ek bilgiye sahip. Politikac\u0131lar ve medya yeni savunma modellerini tart\u0131\u015f\u0131rken, tek bir mektup bizi ger\u00e7e\u011fe d\u00f6nd\u00fcrmeye yetiyor. Bazen bir uzmana de\u011fil, bunu ya\u015fam\u0131\u015f birine ihtiya\u00e7 duyars\u0131n\u0131z. Ve kim tekrarlanmamas\u0131 gerekenin fark\u0131na var\u0131r. 1TP24Mektup 1TP24G\u00fcncel olaylar 1TP24Ger\u00e7eklik #arih 1TP24Yans\u0131ma 1TP24Sava\u015f #Gerginlik<\/p>\n<p class=\"ms-rss-readmore\">\n                    <a href=\"https:\/\/www.markus-schall.de\/tr\/2025\/10\/goerev-tekrar-goerev-oldugunda-bay-von-loreotun-bi%cc%87r-tuer-denemesi%cc%87\/\">\n                        Daha fazla bilgi edinin\n                    <\/a>\n                  <\/p><\/div><div class=\"ms-rss-meta\">27.04.2026 - @MarkusSchall<\/div><\/div><\/article><article class=\"ms-rss-card\"><div class=\"ms-rss-image\"><a href=\"https:\/\/www.markus-schall.de\/tr\/2026\/04\/icerikten-maddeye-kopyalanamayan-dijital-sistemlerin-nasil-olusturuldugu\/\"><img decoding=\"async\" src=\"https:\/\/pbs.twimg.com\/media\/HG41B3macAAnUbG.jpg\" alt=\"Platformlar size eri\u015fim sa\u011flar ama kontrol\u00fc sizden al\u0131r. Bir algoritma de\u011fi\u015fir ve g\u00f6r\u00fcn\u00fcrl\u00fc\u011f\u00fcn\u00fcz kaybolur. Kendi sisteminiz farkl\u0131 \u00e7al\u0131\u015f\u0131r. Yava\u015f b\u00fcy\u00fcr ama size aittir. \u0130\u00e7erikler birbirinin \u00fczerine in\u015fa edilir, birbirini g\u00fc\u00e7lendirir ve zaman i\u00e7inde ger\u00e7ek bir de\u011fer yarat\u0131r. Bu h\u0131zl\u0131 bir yol de\u011fildir ama s\u00fcrd\u00fcr\u00fclebilir bir yoldur. Uzun vadeli d\u00fc\u015f\u00fcnenler k\u0131sa vadeli etkilere de\u011fil, yap\u0131ya ve s\u00fcreklili\u011fe odaklan\u0131rlar. Fark\u0131 yaratan da bu.  #Online\u0130\u015f #ContentPazarlama #KI #Self-determination #ContentStrategy #Self-employed\"><\/a><\/div><div class=\"ms-rss-content\"><div class=\"ms-rss-text\"><p>Platformlar size eri\u015fim sa\u011flar ama kontrol\u00fc sizden al\u0131r. Bir algoritma de\u011fi\u015fir ve g\u00f6r\u00fcn\u00fcrl\u00fc\u011f\u00fcn\u00fcz kaybolur. Kendi sisteminiz farkl\u0131 \u00e7al\u0131\u015f\u0131r. Yava\u015f b\u00fcy\u00fcr ama size aittir. \u0130\u00e7erikler birbirinin \u00fczerine in\u015fa edilir, birbirini g\u00fc\u00e7lendirir ve zaman i\u00e7inde ger\u00e7ek bir de\u011fer yarat\u0131r. Bu h\u0131zl\u0131 bir yol de\u011fildir ama s\u00fcrd\u00fcr\u00fclebilir bir yoldur. Uzun vadeli d\u00fc\u015f\u00fcnenler k\u0131sa vadeli etkilere de\u011fil, yap\u0131ya ve s\u00fcreklili\u011fe odaklan\u0131rlar. Fark\u0131 yaratan da bu. #Online\u0130\u015f #ContentPazarlama #KI #Self-determination #ContentStrategy #Self-employment<\/p>\n<p class=\"ms-rss-readmore\">\n                    <a href=\"https:\/\/www.markus-schall.de\/tr\/2026\/04\/icerikten-maddeye-kopyalanamayan-dijital-sistemlerin-nasil-olusturuldugu\/\">\n                        Daha fazla bilgi edinin\n                    <\/a>\n                  <\/p><\/div><div class=\"ms-rss-meta\">27.04.2026 - @MarkusSchall<\/div><\/div><\/article><article class=\"ms-rss-card\"><div class=\"ms-rss-image\"><a href=\"https:\/\/www.markus-schall.de\/tr\/2026\/02\/brics-nedi%cc%87r-ve-ne-degi%cc%87ldi%cc%87r-tari%cc%87h-ekonomi%cc%87-ve-jeopoli%cc%87ti%cc%87k-siniflandirma\/\"><img decoding=\"async\" src=\"https:\/\/pbs.twimg.com\/media\/HG12C1HW4AAMmYT.jpg\" alt=\"BRICS \u00fclkeleri ABD dolar\u0131na daha az ba\u011f\u0131ml\u0131 hale gelmek i\u00e7in \u00e7al\u0131\u015f\u0131yor ve giderek daha fazla alt\u0131na ve kendi ticaret yap\u0131lar\u0131na odaklan\u0131yor. Yak\u0131n tarihli bir makale k\u00fcresel finans sisteminin nas\u0131l yava\u015f yava\u015f de\u011fi\u015fti\u011fini g\u00f6steriyor. A\u00e7\u0131k olan bir \u015fey var: Dolar egemenli\u011fini s\u00fcrd\u00fcr\u00fcyor, ancak alternatif modeller \u00f6nem kazan\u0131yor. Bu de\u011fi\u015fimin ger\u00e7ekte ne kadar h\u0131zl\u0131 ilerledi\u011fi sorusu \u00f6zellikle heyecan verici. Saf ekonomi politikas\u0131n\u0131n \u00e7ok \u00f6tesine ge\u00e7en ve jeopolitik etkileri olan bir konu.  #BRICS #Dolar #USA #Alt\u0131n #Commodities #Geopolitics #Financial system #Petrodolar\"><\/a><\/div><div class=\"ms-rss-content\"><div class=\"ms-rss-text\"><p>BRICS \u00fclkeleri ABD dolar\u0131na daha az ba\u011f\u0131ml\u0131 hale gelmek i\u00e7in \u00e7al\u0131\u015f\u0131yor ve giderek daha fazla alt\u0131na ve kendi ticaret yap\u0131lar\u0131na odaklan\u0131yor. Yak\u0131n tarihli bir makale k\u00fcresel finans sisteminin nas\u0131l yava\u015f yava\u015f de\u011fi\u015fti\u011fini g\u00f6steriyor. A\u00e7\u0131k olan bir \u015fey var: Dolar egemenli\u011fini s\u00fcrd\u00fcr\u00fcyor, ancak alternatif modeller \u00f6nem kazan\u0131yor. Bu de\u011fi\u015fimin ger\u00e7ekte ne kadar h\u0131zl\u0131 ilerledi\u011fi sorusu \u00f6zellikle heyecan verici. Saf ekonomi politikas\u0131n\u0131n \u00e7ok \u00f6tesine ge\u00e7en ve jeopolitik etkileri olan bir konu. #BRICS #Dolar #USA #Alt\u0131n #Commodities #Geopolitics #Financial system #Petrodolar<\/p>\n<p class=\"ms-rss-readmore\">\n                    <a href=\"https:\/\/www.markus-schall.de\/tr\/2026\/02\/brics-nedi%cc%87r-ve-ne-degi%cc%87ldi%cc%87r-tari%cc%87h-ekonomi%cc%87-ve-jeopoli%cc%87ti%cc%87k-siniflandirma\/\">\n                        Daha fazla bilgi edinin\n                    <\/a>\n                  <\/p><\/div><div class=\"ms-rss-meta\">26.04.2026 - @MarkusSchall<\/div><\/div><\/article><article class=\"ms-rss-card\"><div class=\"ms-rss-image\"><a href=\"https:\/\/www.markus-schall.de\/tr\/2026\/03\/j-d-vance-ki%cc%87mdi%cc%87r-koekenleri%cc%87-kari%cc%87yeri%cc%87-celi%cc%87ski%cc%87leri%cc%87-ve-gelecegi%cc%87ni%cc%87n-bi%cc%87r-portresi%cc%87\/\"><img decoding=\"async\" src=\"https:\/\/pbs.twimg.com\/media\/HG0Qpd9a0AAA_83.jpg\" alt=\"JD Vance, Donald Trump&#039;\u0131n g\u00f6lgesinde ve ayn\u0131 zamanda d\u00fcnya siyasetinin spot \u0131\u015f\u0131klar\u0131 alt\u0131nda duruyor. Bir analiz, mevcut \u0130ran \u00e7at\u0131\u015fmas\u0131ndaki rol\u00fcn\u00fcn ne kadar zor oldu\u011funu g\u00f6steriyor. Diplomatik sorumluluk ve siyasi risk aras\u0131ndaki bu an onun gelece\u011fini belirleyebilir. Ba\u011f\u0131ms\u0131z bir lider olmak i\u00e7in s\u0131\u00e7rama yapacak m\u0131 yoksa \u201earka plandaki vekil\u201c olarak m\u0131 kalacak? Bir ki\u015finin siyasi n\u00fcfuz geli\u015ftirip geli\u015ftiremeyece\u011fini g\u00f6steren tam da bu gibi durumlard\u0131r. Sonucu a\u00e7\u0131k, heyecan verici bir geli\u015fme.  #JDVance #Trump #Iran #USA #Geopolitik #Analiz\"><\/a><\/div><div class=\"ms-rss-content\"><div class=\"ms-rss-text\"><p>JD Vance, Donald Trump'\u0131n g\u00f6lgesinde ve ayn\u0131 zamanda d\u00fcnya siyasetinin spot \u0131\u015f\u0131klar\u0131 alt\u0131nda duruyor. Bir analiz, mevcut \u0130ran \u00e7at\u0131\u015fmas\u0131ndaki rol\u00fcn\u00fcn ne kadar zor oldu\u011funu g\u00f6steriyor. Diplomatik sorumluluk ve siyasi risk aras\u0131ndaki bu an onun gelece\u011fini belirleyebilir. Ba\u011f\u0131ms\u0131z bir lider olmak i\u00e7in s\u0131\u00e7rama yapacak m\u0131 yoksa \u201earka plandaki vekil\u201c olarak m\u0131 kalacak? Bir ki\u015finin siyasi n\u00fcfuz geli\u015ftirip geli\u015ftiremeyece\u011fini g\u00f6steren \u015fey tam da bu gibi durumlard\u0131r. Sonucu a\u00e7\u0131k, heyecan verici bir geli\u015fme. #JDVance #Trump #Iran #USA #Geopolitik #Analiz<\/p>\n<p class=\"ms-rss-readmore\">\n                    <a href=\"https:\/\/www.markus-schall.de\/tr\/2026\/03\/j-d-vance-ki%cc%87mdi%cc%87r-koekenleri%cc%87-kari%cc%87yeri%cc%87-celi%cc%87ski%cc%87leri%cc%87-ve-gelecegi%cc%87ni%cc%87n-bi%cc%87r-portresi%cc%87\/\">\n                        Daha fazla bilgi edinin\n                    <\/a>\n                  <\/p><\/div><div class=\"ms-rss-meta\">26.04.2026 - @MarkusSchall<\/div><\/div><\/article><article class=\"ms-rss-card\"><div class=\"ms-rss-image\"><a href=\"https:\/\/www.markus-schall.de\/tr\/2026\/01\/propaganda-tari%cc%87hi%cc%87-yoentemleri%cc%87-modern-formlar-ve-bunlarin-nasil-taninacagi\/\"><img decoding=\"async\" src=\"https:\/\/pbs.twimg.com\/media\/HGzsAUSb0AAhEUO.jpg\" alt=\"Dr. Jonas T\u00f6gel&#039;den heyecan verici bir konferans: Manip\u00fclasyon 21. y\u00fczy\u0131lda ge\u00e7mi\u015fe k\u0131yasla \u00e7ok daha incelikli bir \u015fekilde i\u015fliyor. Art\u0131k a\u00e7\u0131k propaganda de\u011fil, \u201eyumu\u015fak g\u00fc\u00e7\u201c s\u00f6z konusu - yani d\u00fc\u015f\u00fcnceler, duygular ve davran\u0131\u015flar \u00fczerinde hedefe y\u00f6nelik etki. \u00c7er\u00e7eveleme, halkla ili\u015fkiler ve bili\u015fsel sava\u015f gibi terimler g\u00fcnl\u00fck hayat\u0131m\u0131z\u0131 bir\u00e7ok insan\u0131n d\u00fc\u015f\u00fcnd\u00fc\u011f\u00fcnden daha fazla karakterize etmektedir. Bundan etkilenmedi\u011fini d\u00fc\u015f\u00fcnen herkes yan\u0131l\u0131yor. \u0130\u015fte tam da bu nedenle bilgiyi ele\u015ftirel bir g\u00f6zle incelemek ve farkl\u0131 bak\u0131\u015f a\u00e7\u0131lar\u0131n\u0131 dahil etmek giderek daha \u00f6nemli hale gelmektedir.  #Propaganda #Medya becerileri #SoftPower #Mmanip\u00fclasyon #Ko\"><\/a><\/div><div class=\"ms-rss-content\"><div class=\"ms-rss-text\"><p>Dr. Jonas T\u00f6gel'den heyecan verici bir konferans: Manip\u00fclasyon 21. y\u00fczy\u0131lda ge\u00e7mi\u015fe k\u0131yasla \u00e7ok daha incelikli bir \u015fekilde i\u015fliyor. Art\u0131k a\u00e7\u0131k propaganda de\u011fil, \u201eyumu\u015fak g\u00fc\u00e7\u201c s\u00f6z konusu - yani d\u00fc\u015f\u00fcnceler, duygular ve davran\u0131\u015flar \u00fczerinde hedefe y\u00f6nelik etki. \u00c7er\u00e7eveleme, halkla ili\u015fkiler ve bili\u015fsel sava\u015f gibi terimler g\u00fcnl\u00fck hayat\u0131m\u0131z\u0131 bir\u00e7ok insan\u0131n d\u00fc\u015f\u00fcnd\u00fc\u011f\u00fcnden daha fazla karakterize etmektedir. Bundan etkilenmedi\u011fini d\u00fc\u015f\u00fcnen herkes yan\u0131l\u0131yor. \u0130\u015fte tam da bu nedenle bilgiyi ele\u015ftirel bir g\u00f6zle incelemek ve farkl\u0131 bak\u0131\u015f a\u00e7\u0131lar\u0131n\u0131 dahil etmek giderek daha \u00f6nemli hale gelmektedir. #Propaganda #Medya becerileri #SoftPower #Mmanip\u00fclasyon #bili\u015fsel sava\u015f #Medya<\/p>\n<p class=\"ms-rss-readmore\">\n                    <a href=\"https:\/\/www.markus-schall.de\/tr\/2026\/01\/propaganda-tari%cc%87hi%cc%87-yoentemleri%cc%87-modern-formlar-ve-bunlarin-nasil-taninacagi\/\">\n                        Daha fazla bilgi edinin\n                    <\/a>\n                  <\/p><\/div><div class=\"ms-rss-meta\">26.04.2026 - @MarkusSchall<\/div><\/div><\/article><article class=\"ms-rss-card\"><div class=\"ms-rss-image\"><a href=\"https:\/\/www.markus-schall.de\/tr\/2026\/02\/enerji%cc%87-guecue-ve-bagimliligi-avrupanin-duenya-i%cc%87hracat-sampi%cc%87yonlugundan-tueketi%cc%87ci%cc%87li%cc%87ge-geci%cc%87si%cc%87\/\"><img decoding=\"async\" src=\"https:\/\/pbs.twimg.com\/media\/HGw1RZSX0AEkAO2.jpg\" alt=\"\u201eGaz krizi s\u0131ras\u0131nda yapt\u0131\u011f\u0131m\u0131z hatalar\u0131 tekrar yap\u0131yoruz\u201c - bu uyar\u0131 \u00f6nem ta\u015f\u0131yor. Sonu\u00e7ta, artan enerji maliyetleri sadece bir piyasa sorunu de\u011fil, ayn\u0131 zamanda siyasi kararlar\u0131n da bir sonucudur. \u00c7er\u00e7eve ko\u015fullar\u0131 belirsizli\u011fini korursa, \u015firketler daha az yat\u0131r\u0131m yapar ve bu da uzun vadede durumu daha da k\u00f6t\u00fcle\u015ftirir. K\u0131sa vadeli etki g\u00fcven verici olabilir, ancak yap\u0131sal sorunlar devam eder. Enerji piyasalar\u0131na yap\u0131lan m\u00fcdahalelerin ne kadar karma\u015f\u0131k oldu\u011funu g\u00f6steren klasik bir \u00f6rnek.  #Energy #Europe #Inflation #Economy #Politics #Kerosene #Gas crisis\"><\/a><\/div><div class=\"ms-rss-content\"><div class=\"ms-rss-text\"><p>\u201eGaz krizi s\u0131ras\u0131nda yapt\u0131\u011f\u0131m\u0131z hatalar\u0131 tekrar yap\u0131yoruz\u201c - bu uyar\u0131 \u00f6nem ta\u015f\u0131yor. Sonu\u00e7ta, artan enerji maliyetleri sadece bir piyasa sorunu de\u011fil, ayn\u0131 zamanda siyasi kararlar\u0131n da bir sonucudur. \u00c7er\u00e7eve ko\u015fullar\u0131 belirsizli\u011fini korursa, \u015firketler daha az yat\u0131r\u0131m yapar ve bu da uzun vadede durumu daha da k\u00f6t\u00fcle\u015ftirir. K\u0131sa vadeli etki g\u00fcven verici olabilir, ancak yap\u0131sal sorunlar devam eder. Enerji piyasalar\u0131na yap\u0131lan m\u00fcdahalelerin ne kadar karma\u015f\u0131k oldu\u011funu g\u00f6steren klasik bir \u00f6rnek. #Energy #Europe #Inflation #Economy #Politics #Kerosene #Gas crisis<\/p>\n<p class=\"ms-rss-readmore\">\n                    <a href=\"https:\/\/www.markus-schall.de\/tr\/2026\/02\/enerji%cc%87-guecue-ve-bagimliligi-avrupanin-duenya-i%cc%87hracat-sampi%cc%87yonlugundan-tueketi%cc%87ci%cc%87li%cc%87ge-geci%cc%87si%cc%87\/\">\n                        Daha fazla bilgi edinin\n                    <\/a>\n                  <\/p><\/div><div class=\"ms-rss-meta\">25.04.2026 - @MarkusSchall<\/div><\/div><\/article><article class=\"ms-rss-card\"><div class=\"ms-rss-image\"><a href=\"https:\/\/www.markus-schall.de\/tr\/2025\/12\/almanyadaki%cc%87-yueksek-enerji%cc%87-fi%cc%87yatlarini-anlamak-gaz-elektri%cc%87k-ve-benzi%cc%87n-basi%cc%87tce-aciklandi\/\"><img decoding=\"async\" src=\"https:\/\/pbs.twimg.com\/media\/HGuw7v_a0AAEHkU.jpg\" alt=\"Alman h\u00fck\u00fcmeti \u015fimdi akaryak\u0131t indirimi karar\u0131 ald\u0131 - matematiksel olarak akaryak\u0131t fiyatlar\u0131 litre ba\u015f\u0131na yakla\u015f\u0131k 16-18 sent d\u00fc\u015febilir. Kula\u011fa ho\u015f geliyor, ancak ger\u00e7ek daha karma\u015f\u0131k: benzin istasyonlar\u0131 ba\u015flang\u0131\u00e7ta daha y\u00fcksek bir fiyattan sat\u0131n ald\u0131klar\u0131 yak\u0131t\u0131 satt\u0131klar\u0131 i\u00e7in etki gecikiyor. Bir de b\u00fcy\u00fck bir soru var: indirim tam olarak yans\u0131t\u0131labilecek mi? Ge\u00e7mi\u015f deneyimler bunun garanti olmad\u0131\u011f\u0131n\u0131 g\u00f6steriyor. Sonunda, karar veren sadece siyaset de\u011fil, ayn\u0131 zamanda piyasad\u0131r.  #Yak\u0131t indirimi #Enerji fiyatlar\u0131 #Enflasyon #Yak\u0131t fiyatlar\u0131 #Almanya #Enerji dire\u011fi\"><\/a><\/div><div class=\"ms-rss-content\"><div class=\"ms-rss-text\"><p>Alman h\u00fck\u00fcmeti \u015fimdi akaryak\u0131t indirimi karar\u0131 ald\u0131 - matematiksel olarak akaryak\u0131t fiyatlar\u0131 litre ba\u015f\u0131na yakla\u015f\u0131k 16-18 sent d\u00fc\u015febilir. Kula\u011fa ho\u015f geliyor, ancak ger\u00e7ek daha karma\u015f\u0131k: benzin istasyonlar\u0131 ba\u015flang\u0131\u00e7ta daha y\u00fcksek bir fiyattan sat\u0131n ald\u0131klar\u0131 yak\u0131t\u0131 satt\u0131klar\u0131 i\u00e7in etki gecikiyor. Bir de b\u00fcy\u00fck bir soru var: indirim tam olarak yans\u0131t\u0131labilecek mi? Ge\u00e7mi\u015f deneyimler bunun garanti olmad\u0131\u011f\u0131n\u0131 g\u00f6steriyor. Sonunda karar veren sadece siyaset de\u011fil, ayn\u0131 zamanda piyasad\u0131r. #Yak\u0131t indirimi #Enerji fiyatlar\u0131 #Enflasyon #Yak\u0131t fiyatlar\u0131 #Almanya #Enerji politikas\u0131<\/p>\n<p class=\"ms-rss-readmore\">\n                    <a href=\"https:\/\/www.markus-schall.de\/tr\/2025\/12\/almanyadaki%cc%87-yueksek-enerji%cc%87-fi%cc%87yatlarini-anlamak-gaz-elektri%cc%87k-ve-benzi%cc%87n-basi%cc%87tce-aciklandi\/\">\n                        Daha fazla bilgi edinin\n                    <\/a>\n                  <\/p><\/div><div class=\"ms-rss-meta\">25.04.2026 - @MarkusSchall<\/div><\/div><\/article><article class=\"ms-rss-card\"><div class=\"ms-rss-image\"><a href=\"https:\/\/www.markus-schall.de\/tr\/2025\/12\/erisim-sahiplik-degildir-neden-goeruenuerluek-guenuemuezde-artik-yeterli-degildir\/\"><img decoding=\"async\" src=\"https:\/\/pbs.twimg.com\/media\/HGrH-27WMAAIeJ3.jpg\" alt=\"G\u00fcn\u00fcm\u00fczde pek \u00e7ok ki\u015fi arama motorlar\u0131nda, sosyal a\u011flarda veya YouTube&#039;da eri\u015fime g\u00fcveniyor - takip\u00e7iler, t\u0131klamalar, g\u00f6r\u00fcn\u00fcrl\u00fck. Ancak genellikle g\u00f6z ard\u0131 edilen \u015fey: Bu eri\u015fim size ait de\u011fildir. Kurallar\u0131 her an de\u011fi\u015febilen platformlarda var olur. Bu makale, g\u00f6r\u00fcn\u00fcrl\u00fc\u011f\u00fcn neden sahipli\u011fin yerini tutmad\u0131\u011f\u0131n\u0131 ve ger\u00e7ek i\u00e7eri\u011fin neden i\u00e7eri\u011fin kendi kontrol\u00fcn\u00fcz alt\u0131nda oldu\u011fu durumlarda yarat\u0131ld\u0131\u011f\u0131n\u0131 g\u00f6stermektedir. Uzun vadede belirleyici olabilecek bir bak\u0131\u015f a\u00e7\u0131s\u0131 de\u011fi\u015fikli\u011fi.  #Reach #Dijital sahiplik #Marketing #Strateji #Company #Media #Dijitalle\u015fme\"><\/a><\/div><div class=\"ms-rss-content\"><div class=\"ms-rss-text\"><p>G\u00fcn\u00fcm\u00fczde pek \u00e7ok ki\u015fi arama motorlar\u0131nda, sosyal a\u011flarda veya YouTube'da eri\u015fime g\u00fcveniyor - takip\u00e7iler, t\u0131klamalar, g\u00f6r\u00fcn\u00fcrl\u00fck. Ancak genellikle g\u00f6z ard\u0131 edilen \u015fey: Bu eri\u015fim size ait de\u011fildir. Kurallar\u0131 her an de\u011fi\u015febilen platformlarda var olur. Bu makale, g\u00f6r\u00fcn\u00fcrl\u00fc\u011f\u00fcn neden sahipli\u011fin yerini tutmad\u0131\u011f\u0131n\u0131 ve ger\u00e7ek i\u00e7eri\u011fin neden i\u00e7eri\u011fin kendi kontrol\u00fcn\u00fcz alt\u0131nda oldu\u011fu durumlarda yarat\u0131ld\u0131\u011f\u0131n\u0131 g\u00f6stermektedir. Uzun vadede belirleyici olabilecek bir bak\u0131\u015f a\u00e7\u0131s\u0131 de\u011fi\u015fikli\u011fi. #Reach #Dijital sahiplik #Marketing #Strateji #Company #Media #Dijitalle\u015fme<\/p>\n<p class=\"ms-rss-readmore\">\n                    <a href=\"https:\/\/www.markus-schall.de\/tr\/2025\/12\/erisim-sahiplik-degildir-neden-goeruenuerluek-guenuemuezde-artik-yeterli-degildir\/\">\n                        Daha fazla bilgi edinin\n                    <\/a>\n                  <\/p><\/div><div class=\"ms-rss-meta\">24.04.2026 - @MarkusSchall<\/div><\/div><\/article><article class=\"ms-rss-card\"><div class=\"ms-rss-image\"><a href=\"https:\/\/www.markus-schall.de\/tr\/2026\/01\/i%cc%87rani-anlamak-mansetleri%cc%87n-oetesi%cc%87nde-guenluek-yasam-protestolar-ve-cikarlar\/\"><img decoding=\"async\" src=\"https:\/\/pbs.twimg.com\/media\/HGpaxIzWYAA6RLS.jpg\" alt=\"\u015eah&#039;\u0131n o\u011flu R\u0131za Pehlevi&#039;nin Berlin ziyareti, s\u00fcrg\u00fcndeki \u0130ran muhalefetinin ne kadar karma\u015f\u0131k oldu\u011funu g\u00f6steriyor. Baz\u0131lar\u0131 i\u00e7in siyasi de\u011fi\u015fim i\u00e7in bir umut \u0131\u015f\u0131\u011f\u0131, baz\u0131lar\u0131 i\u00e7in ise tarihi bir y\u00fck\u00fc olan tart\u0131\u015fmal\u0131 bir fig\u00fcr. A\u00e7\u0131k olan bir \u015fey var: \u0130ran&#039;\u0131 gelecekte kimin temsil edebilece\u011fi sorusu hala a\u00e7\u0131k. Bu makale onun rol\u00fcn\u00fc kategorize ediyor ve ondan beklentilerin ne kadar farkl\u0131 oldu\u011funu g\u00f6steriyor. \u0130ran&#039;a mevcut \u00e7at\u0131\u015fmalar\u0131n \u00f6tesinde heyecan verici bir bak\u0131\u015f a\u00e7\u0131s\u0131.  1TP24\u0130ran #ahlavi 1TP24Siyaset 1TP24Muhalefet #Geopolitik\"><\/a><\/div><div class=\"ms-rss-content\"><div class=\"ms-rss-text\"><p>\u015eah'\u0131n o\u011flu R\u0131za Pehlevi'nin Berlin ziyareti, s\u00fcrg\u00fcndeki \u0130ran muhalefetinin ne kadar karma\u015f\u0131k oldu\u011funu g\u00f6steriyor. Baz\u0131lar\u0131 i\u00e7in siyasi de\u011fi\u015fim i\u00e7in bir umut \u0131\u015f\u0131\u011f\u0131, baz\u0131lar\u0131 i\u00e7in ise tarihi bir y\u00fck\u00fc olan tart\u0131\u015fmal\u0131 bir fig\u00fcr. A\u00e7\u0131k olan bir \u015fey var: \u0130ran'\u0131 gelecekte kimin temsil edebilece\u011fi sorusu hala a\u00e7\u0131k. Bu makale onun rol\u00fcn\u00fc kategorize ediyor ve ondan beklentilerin ne kadar farkl\u0131 oldu\u011funu g\u00f6steriyor. \u0130ran'a mevcut \u00e7at\u0131\u015fmalar\u0131n \u00f6tesinde heyecan verici bir bak\u0131\u015f a\u00e7\u0131s\u0131. 1TP24\u0130ran #ahlavi 1TP24Siyaset 1TP24Muhalefet #Geopolitik<\/p>\n<p class=\"ms-rss-readmore\">\n                    <a href=\"https:\/\/www.markus-schall.de\/tr\/2026\/01\/i%cc%87rani-anlamak-mansetleri%cc%87n-oetesi%cc%87nde-guenluek-yasam-protestolar-ve-cikarlar\/\">\n                        Daha fazla bilgi edinin\n                    <\/a>\n                  <\/p><\/div><div class=\"ms-rss-meta\">24.04.2026 - @MarkusSchall<\/div><\/div><\/article><article class=\"ms-rss-card\"><div class=\"ms-rss-image\"><a href=\"https:\/\/www.markus-schall.de\/tr\/2026\/01\/kuzey-akim-patlatma-sabotaj-guec-poli%cc%87ti%cc%87kasi-ve-rahatsiz-edi%cc%87ci%cc%87-acik-sorular\/\"><img decoding=\"async\" src=\"https:\/\/pbs.twimg.com\/media\/HGmdzdSXgAAPgC0.jpg\" alt=\"Kuzey Ak\u0131m boru hatlar\u0131na y\u00f6nelik sald\u0131r\u0131lar hala net bir \u00e7\u00f6z\u00fcme kavu\u015fturulamam\u0131\u015fken Almanya neden Ukrayna&#039;y\u0131 bu kadar istikrarl\u0131 bir \u015fekilde destekliyor? Overton Magazine&#039;de yay\u0131nlanan bir makale tam da bu soruyu soruyor ve en az\u0131ndan tart\u0131\u015f\u0131lmas\u0131 gereken olas\u0131 devlet ba\u011flant\u0131lar\u0131na i\u015faret ediyor. A\u00e7\u0131k olan bir \u015fey var: siyasi kararlar \u00e7oktan verilmi\u015f olsa da pek \u00e7ok ayr\u0131nt\u0131 hala belirsiz. Makale kesin cevaplar vermiyor, ancak genellikle tasvir edildi\u011finden \u00e7ok daha karma\u015f\u0131k olan bir konuya keskin bir bak\u0131\u015f a\u00e7\u0131s\u0131 sa\u011fl\u0131yor.  #NordStream #Ukrayna #Almanya\"><\/a><\/div><div class=\"ms-rss-content\"><div class=\"ms-rss-text\"><p>Kuzey Ak\u0131m boru hatlar\u0131na y\u00f6nelik sald\u0131r\u0131lar hala net bir \u00e7\u00f6z\u00fcme kavu\u015fturulamam\u0131\u015fken Almanya neden Ukrayna'y\u0131 bu kadar istikrarl\u0131 bir \u015fekilde destekliyor? Overton Magazine'de yay\u0131nlanan bir makale tam da bu soruyu soruyor ve en az\u0131ndan tart\u0131\u015f\u0131lmas\u0131 gereken olas\u0131 devlet ba\u011flant\u0131lar\u0131na i\u015faret ediyor. A\u00e7\u0131k olan bir \u015fey var: siyasi kararlar \u00e7oktan verilmi\u015f olsa da pek \u00e7ok ayr\u0131nt\u0131 hala belirsiz. Makale kesin cevaplar vermiyor, ancak genellikle tasvir edildi\u011finden \u00e7ok daha karma\u015f\u0131k olan bir konuya keskin bir bak\u0131\u015f a\u00e7\u0131s\u0131 sa\u011fl\u0131yor. #NordStream #Ukrayna #Almanya #Geopolitika #Enerji politikas\u0131 #Tart\u0131\u015fma...<\/p>\n<p class=\"ms-rss-readmore\">\n                    <a href=\"https:\/\/www.markus-schall.de\/tr\/2026\/01\/kuzey-akim-patlatma-sabotaj-guec-poli%cc%87ti%cc%87kasi-ve-rahatsiz-edi%cc%87ci%cc%87-acik-sorular\/\">\n                        Daha fazla bilgi edinin\n                    <\/a>\n                  <\/p><\/div><div class=\"ms-rss-meta\">23.04.2026 - @MarkusSchall<\/div><\/div><\/article><article class=\"ms-rss-card\"><div class=\"ms-rss-image\"><a href=\"https:\/\/www.markus-schall.de\/tr\/2025\/11\/rahatlik-goezeti%cc%87me-doenuestueguende-gi%cc%87yi%cc%87lebi%cc%87li%cc%87r-teknoloji%cc%87leri%cc%87n-sessi%cc%87z-tehli%cc%87kesi%cc%87\/\"><img decoding=\"async\" src=\"https:\/\/pbs.twimg.com\/media\/HGlv--YXgAAKBlO.jpg\" alt=\"Giyilebilir cihazlar zarars\u0131z g\u00f6r\u00fcn\u00fcyor: ad\u0131m sayma, nab\u0131z \u00f6l\u00e7me, uyku analizi. Ancak modern cihazlar kalp at\u0131\u015f h\u0131z\u0131 de\u011fi\u015fkenli\u011finden stres kal\u0131plar\u0131na ve duygusal tepkilere kadar arka planda \u00e7ok daha fazlas\u0131n\u0131 kaydetmektedir. \u0130\u015fte as\u0131l de\u011fi\u015fim burada yat\u0131yor: sorun teknolojinin kendisi de\u011fil, \u00fcretti\u011fi verilerin derinli\u011fi. Bu verileri kontrol edenler, davran\u0131\u015flar\u0131 genellikle kullan\u0131c\u0131lar\u0131n kendilerinden daha iyi anlarlar.  #Wearables #Data protection #Digitalisation #Monitoring #Health #KI\"><\/a><\/div><div class=\"ms-rss-content\"><div class=\"ms-rss-text\"><p>Giyilebilir cihazlar zarars\u0131z g\u00f6r\u00fcn\u00fcyor: ad\u0131m sayma, nab\u0131z \u00f6l\u00e7me, uyku analizi. Ancak modern cihazlar, kalp at\u0131\u015f h\u0131z\u0131 de\u011fi\u015fkenli\u011finden stres modellerine ve duygusal tepkilere kadar arka planda \u00e7ok daha fazlas\u0131n\u0131 kaydetmektedir. \u0130\u015fte as\u0131l de\u011fi\u015fim burada yat\u0131yor: sorun teknolojinin kendisi de\u011fil, \u00fcretti\u011fi verilerin derinli\u011fi. Bu verileri kontrol edenler, davran\u0131\u015flar\u0131 genellikle kullan\u0131c\u0131lar\u0131n kendilerinden daha iyi anlarlar. #Wearables #Data protection #Digitalisation #Monitoring #Health #KI<\/p>\n<p class=\"ms-rss-readmore\">\n                    <a href=\"https:\/\/www.markus-schall.de\/tr\/2025\/11\/rahatlik-goezeti%cc%87me-doenuestueguende-gi%cc%87yi%cc%87lebi%cc%87li%cc%87r-teknoloji%cc%87leri%cc%87n-sessi%cc%87z-tehli%cc%87kesi%cc%87\/\">\n                        Daha fazla bilgi edinin\n                    <\/a>\n                  <\/p><\/div><div class=\"ms-rss-meta\">23.04.2026 - @MarkusSchall<\/div><\/div><\/article><article class=\"ms-rss-card\"><div class=\"ms-rss-image\"><a href=\"https:\/\/www.markus-schall.de\/tr\/2026\/01\/groenland-trump-ve-ai%cc%87di%cc%87yet-sorunu-tari%cc%87h-hukuk-ve-gercekli%cc%87k\/\"><img decoding=\"async\" src=\"https:\/\/pbs.twimg.com\/media\/HGkHfHAXQAEAN8K.jpg\" alt=\"Donald Trump Gr\u00f6nland&#039;\u0131 ger\u00e7ekten neden sat\u0131n almak istedi? Dr. Christian Rieck, Trump&#039;\u0131n Gr\u00f6nland hamlesini oyun teorisi ba\u011flam\u0131na oturtuyor - ve birden her \u015fey \u00e7ok daha az \u201e\u00e7\u0131lg\u0131nca\u201c g\u00f6r\u00fcn\u00fcyor. Mesele Kuzey Kutbu rotalar\u0131n\u0131n, nadir topraklar\u0131n ve GIUK Gap gibi kilit askeri pozisyonlar\u0131n kontrol\u00fcyle ilgili. G\u00f6r\u00fcn\u00fc\u015fte sa\u00e7ma olan talepler bile stratejik bir m\u00fczakerenin par\u00e7as\u0131 olabilir. \u015eimdi Gr\u00f6nland maddesine tam olarak bu bak\u0131\u015f a\u00e7\u0131s\u0131n\u0131 ekledim.  #Gr\u00f6nland #Geopolitik #Trump #Oyun teorisi #rictis #Strateji\"><\/a><\/div><div class=\"ms-rss-content\"><div class=\"ms-rss-text\"><p>Donald Trump Gr\u00f6nland'\u0131 ger\u00e7ekten neden sat\u0131n almak istedi? Dr. Christian Rieck, Trump'\u0131n Gr\u00f6nland hamlesini oyun teorisi ba\u011flam\u0131na oturtuyor - ve birden her \u015fey \u00e7ok daha az \u201e\u00e7\u0131lg\u0131nca\u201c g\u00f6r\u00fcn\u00fcyor. Mesele Kuzey Kutbu rotalar\u0131n\u0131n, nadir topraklar\u0131n ve GIUK Gap gibi kilit askeri pozisyonlar\u0131n kontrol\u00fcyle ilgili. G\u00f6r\u00fcn\u00fc\u015fte sa\u00e7ma olan talepler bile stratejik bir m\u00fczakerenin par\u00e7as\u0131 olabilir. \u015eimdi Gr\u00f6nland maddesine tam olarak bu bak\u0131\u015f a\u00e7\u0131s\u0131n\u0131 ekledim. #Gr\u00f6nland #Geopolitik #Trump #Oyun teorisi #rictis #Strateji<\/p>\n<p class=\"ms-rss-readmore\">\n                    <a href=\"https:\/\/www.markus-schall.de\/tr\/2026\/01\/groenland-trump-ve-ai%cc%87di%cc%87yet-sorunu-tari%cc%87h-hukuk-ve-gercekli%cc%87k\/\">\n                        Daha fazla bilgi edinin\n                    <\/a>\n                  <\/p><\/div><div class=\"ms-rss-meta\">23.04.2026 - @MarkusSchall<\/div><\/div><\/article><article class=\"ms-rss-card\"><div class=\"ms-rss-image\"><a href=\"https:\/\/www.markus-schall.de\/tr\/2026\/02\/ki-ile-diyalog-icinde-duesuenmeyi-oegrenmek-iyi-sorularin-neden-iyi-modellerden-daha-oenemli-oldugu\/\"><img decoding=\"async\" src=\"https:\/\/pbs.twimg.com\/media\/HGhFcetWsAAo-NB.jpg\" alt=\"Yapay zeka ile ba\u015fa \u00e7\u0131kman\u0131n as\u0131l fark\u0131 teknik de\u011fil, zihinseldir: onu bir ara\u00e7 olarak m\u0131 yoksa bir antrenman partneri olarak m\u0131 kullan\u0131yorsunuz? Bir idman partneri olarak yapay zekay\u0131 d\u00fc\u015f\u00fcnceleri form\u00fcle etmeye, \u00e7eli\u015fkileri tan\u0131maya ve bir duru\u015f sergilemeye zorlars\u0131n\u0131z. Sadece cevap vermekle kalmaz, d\u00fc\u015f\u00fcnce s\u00fcre\u00e7lerine tepki verir. \u0130\u015fte tam da bu y\u00fczden iyi sorular iyi modellerden daha \u00f6nemlidir. Bunu anlayanlar daha derine inerken, di\u011ferleri h\u0131zla vazge\u00e7iyor. Bu makalede net bir analiz.  #KI #ArtificialIntelligence #Thinking #Strategy #Learning #Ch\"><\/a><\/div><div class=\"ms-rss-content\"><div class=\"ms-rss-text\"><p>Yapay zeka ile ba\u015fa \u00e7\u0131kman\u0131n as\u0131l fark\u0131 teknik de\u011fil, zihinseldir: onu bir ara\u00e7 olarak m\u0131 yoksa bir antrenman partneri olarak m\u0131 kullan\u0131yorsunuz? Bir idman partneri olarak yapay zekay\u0131 d\u00fc\u015f\u00fcnceleri form\u00fcle etmeye, \u00e7eli\u015fkileri tan\u0131maya ve bir duru\u015f sergilemeye zorlars\u0131n\u0131z. Sadece cevap vermekle kalmaz, d\u00fc\u015f\u00fcnce s\u00fcre\u00e7lerine tepki verir. \u0130\u015fte tam da bu y\u00fczden iyi sorular iyi modellerden daha \u00f6nemlidir. Bunu anlayanlar daha derine inerken, di\u011ferleri h\u0131zla vazge\u00e7iyor. Bu makalede net bir analiz. #KI #ArtificialIntelligence #Thinking #Strategy #Learning #ChatGPT<\/p>\n<p class=\"ms-rss-readmore\">\n                    <a href=\"https:\/\/www.markus-schall.de\/tr\/2026\/02\/ki-ile-diyalog-icinde-duesuenmeyi-oegrenmek-iyi-sorularin-neden-iyi-modellerden-daha-oenemli-oldugu\/\">\n                        Daha fazla bilgi edinin\n                    <\/a>\n                  <\/p><\/div><div class=\"ms-rss-meta\">22.04.2026 - @MarkusSchall<\/div><\/div><\/article><article class=\"ms-rss-card\"><div class=\"ms-rss-image\"><a href=\"https:\/\/www.markus-schall.de\/tr\/2026\/02\/batida-i%cc%87ptal-kueltuerue-spor-ueni%cc%87versi%cc%87teleri%cc%87-askeri%cc%87-ve-ab-yaptirimlari-anali%cc%87z-edi%cc%87ldi%cc%87\/\"><img decoding=\"async\" src=\"https:\/\/pbs.twimg.com\/media\/HGe90oMWQAAD0Sm.jpg\" alt=\"Bireylere y\u00f6nelik yapt\u0131r\u0131mlar s\u00f6z konusu oldu\u011funda devlet tedbirleri ne kadar ileri gidebilir? Avukatlar taraf\u0131ndan verilen yeni bir konferans, AB yapt\u0131r\u0131m listesindeki bir gazetecinin durumuna \u0131\u015f\u0131k tutuyor ve ifade ve bas\u0131n \u00f6zg\u00fcrl\u00fc\u011f\u00fcne ili\u015fkin temel sorular\u0131 g\u00fcndeme getiriyor. Odak noktas\u0131, g\u00fcvenlik politikas\u0131 tedbirleri ile bireysel haklar aras\u0131ndaki denge. Bu bak\u0131\u015f a\u00e7\u0131s\u0131 makaleye eklenmi\u015ftir. E\u011fer kendi fikrinizi olu\u015fturmak isterseniz, \u015fimdi kategorize etmek i\u00e7in ba\u015fka bir ses bulacaks\u0131n\u0131z.  #\u0130fade \u00f6zg\u00fcrl\u00fc\u011f\u00fc 1TP24Bas\u0131n \u00f6zg\u00fcrl\u00fc\u011f\u00fc #EU 1TP24Yapt\u0131r\u0131mlar #C\u0130ptalK\u00fclt\u00fcr #Gazetecilik\"><\/a><\/div><div class=\"ms-rss-content\"><div class=\"ms-rss-text\"><p>Bireylere y\u00f6nelik yapt\u0131r\u0131mlar s\u00f6z konusu oldu\u011funda devlet tedbirleri ne kadar ileri gidebilir? Avukatlar taraf\u0131ndan verilen yeni bir konferans, AB yapt\u0131r\u0131m listesindeki bir gazetecinin durumuna \u0131\u015f\u0131k tutuyor ve ifade ve bas\u0131n \u00f6zg\u00fcrl\u00fc\u011f\u00fcne ili\u015fkin temel sorular\u0131 g\u00fcndeme getiriyor. Odak noktas\u0131, g\u00fcvenlik politikas\u0131 tedbirleri ile bireysel haklar aras\u0131ndaki denge. Bu bak\u0131\u015f a\u00e7\u0131s\u0131 makaleye eklenmi\u015ftir. E\u011fer kendi fikrinizi olu\u015fturmak isterseniz, \u015fimdi kategorize etmek i\u00e7in ba\u015fka bir ses bulacaks\u0131n\u0131z. #\u0130fade \u00f6zg\u00fcrl\u00fc\u011f\u00fc 1TP24Bas\u0131n \u00f6zg\u00fcrl\u00fc\u011f\u00fc #EU 1TP24Yapt\u0131r\u0131mlar #C\u0130ptalK\u00fclt\u00fcr #Gazetecilik<\/p>\n<p class=\"ms-rss-readmore\">\n                    <a href=\"https:\/\/www.markus-schall.de\/tr\/2026\/02\/batida-i%cc%87ptal-kueltuerue-spor-ueni%cc%87versi%cc%87teleri%cc%87-askeri%cc%87-ve-ab-yaptirimlari-anali%cc%87z-edi%cc%87ldi%cc%87\/\">\n                        Daha fazla bilgi edinin\n                    <\/a>\n                  <\/p><\/div><div class=\"ms-rss-meta\">22.04.2026 - @MarkusSchall<\/div><\/div><\/article><article class=\"ms-rss-card\"><div class=\"ms-rss-image\"><a href=\"https:\/\/www.markus-schall.de\/tr\/2025\/12\/almanyadaki%cc%87-yueksek-enerji%cc%87-fi%cc%87yatlarini-anlamak-gaz-elektri%cc%87k-ve-benzi%cc%87n-basi%cc%87tce-aciklandi\/\"><img decoding=\"async\" src=\"https:\/\/pbs.twimg.com\/media\/HGbxd92WoAAMw9S.jpg\" alt=\"Schwedt&#039;teki PCK rafinerisinde durum giderek k\u00f6t\u00fcle\u015fiyor. Tesis Brandenburg ve Berlin&#039;in b\u00fcy\u00fck bir b\u00f6l\u00fcm\u00fcne benzin ve dizel tedarik ediyor - ancak Kazakistan&#039;dan gelen gerekli petrol Rus boru hatlar\u0131 \u00fczerinden ta\u015f\u0131n\u0131yor. \u0130\u015fte tam da bu noktada bir risk ortaya \u00e7\u0131k\u0131yor: Rusya transit ge\u00e7i\u015fi kontrol ediyor. E\u011fer bir k\u0131s\u0131tlama tehdidi s\u00f6z konusu olursa bu sadece fiyatlar\u0131 de\u011fil b\u00f6lgedeki istihdam\u0131 da etkileyecektir. Rusya&#039;n\u0131n 1 May\u0131s 2026&#039;dan itibaren sevkiyat\u0131 durduraca\u011f\u0131na dair a\u00e7\u0131klamalar gelmeye ba\u015flad\u0131. Haber b\u00f6l\u00fcm\u00fcndeki yaz\u0131 g\u00fcncellenmi\u015ftir.  #Enerji krizi #Swedt 1TP24Petrol #Almanya #Geopolitik\"><\/a><\/div><div class=\"ms-rss-content\"><div class=\"ms-rss-text\"><p>Schwedt'teki PCK rafinerisinde durum giderek k\u00f6t\u00fcle\u015fiyor. Tesis Brandenburg ve Berlin'in b\u00fcy\u00fck bir b\u00f6l\u00fcm\u00fcne benzin ve dizel tedarik ediyor - ancak Kazakistan'dan gelen gerekli petrol Rus boru hatlar\u0131 \u00fczerinden ta\u015f\u0131n\u0131yor. \u0130\u015fte tam da bu noktada bir risk ortaya \u00e7\u0131k\u0131yor: Rusya transit ge\u00e7i\u015fi kontrol ediyor. E\u011fer bir k\u0131s\u0131tlama tehdidi s\u00f6z konusu olursa bu sadece fiyatlar\u0131 de\u011fil b\u00f6lgedeki istihdam\u0131 da etkileyecektir. Rusya'n\u0131n 1 May\u0131s 2026'ya kadar sevkiyat\u0131 durduraca\u011f\u0131na dair a\u00e7\u0131klamalar dola\u015f\u0131yor. Haber b\u00f6l\u00fcm\u00fcnde makale g\u00fcncellenmi\u015ftir. #Enerji krizi #Swedt 1TP24Petrol #Almanya...<\/p>\n<p class=\"ms-rss-readmore\">\n                    <a href=\"https:\/\/www.markus-schall.de\/tr\/2025\/12\/almanyadaki%cc%87-yueksek-enerji%cc%87-fi%cc%87yatlarini-anlamak-gaz-elektri%cc%87k-ve-benzi%cc%87n-basi%cc%87tce-aciklandi\/\">\n                        Daha fazla bilgi edinin\n                    <\/a>\n                  <\/p><\/div><div class=\"ms-rss-meta\">21.04.2026 - @MarkusSchall<\/div><\/div><\/article><article class=\"ms-rss-card\"><div class=\"ms-rss-image\"><a href=\"https:\/\/www.markus-schall.de\/tr\/2025\/11\/yeni%cc%87-ab-sansuer-yasalari-chatcontrol-dsa-emfa-ve-ai-yasasi-ne-anlama-geli%cc%87yor\/\"><img decoding=\"async\" src=\"https:\/\/pbs.twimg.com\/media\/HGbFoUPXgAA6zJL.jpg\" alt=\"Berliner Zeitung&#039;da yay\u0131nlanan yeni bir makalede, STK&#039;lar, do\u011fruluk kontrol\u00f6rleri, platformlar ve devlet destekli yap\u0131lardan olu\u015fan bir a\u011f\u0131n \u201edezenformasyonla\u201c m\u00fccadele etraf\u0131nda nas\u0131l birle\u015fti\u011fi anlat\u0131l\u0131yor. Norbert H\u00e4ring&#039;in \u201eHakikat Kompleksi\u201c adl\u0131 kitab\u0131 \u00f6n plana \u00e7\u0131k\u0131yor. Ele\u015ftirmenler bunu art\u0131k tek seferlik bir m\u00fcdahale olarak de\u011fil, g\u00f6r\u00fcn\u00fcrl\u00fc\u011f\u00fc, yorumu ve eri\u015fimi kontrol etmeye y\u00f6nelik kal\u0131c\u0131 bir sistem olarak g\u00f6r\u00fcyor. AB&#039;nin Dijital Hizmetler Yasas\u0131 da bu konuda merkezi bir rol oynamaktad\u0131r.  #EU #DSA #Fifade \u00f6zg\u00fcrl\u00fc\u011f\u00fc #Censorship #DigitalServicesAct #Media criticism\"><\/a><\/div><div class=\"ms-rss-content\"><div class=\"ms-rss-text\"><p>Berliner Zeitung'da yay\u0131nlanan yeni bir makalede, STK'lar, do\u011fruluk kontrol\u00f6rleri, platformlar ve devlet destekli yap\u0131lardan olu\u015fan bir a\u011f\u0131n \u201edezenformasyonla\u201c m\u00fccadele etraf\u0131nda nas\u0131l birle\u015fti\u011fi anlat\u0131l\u0131yor. Norbert H\u00e4ring'in \u201eHakikat Kompleksi\u201c adl\u0131 kitab\u0131 \u00f6n plana \u00e7\u0131k\u0131yor. Ele\u015ftirmenler bunu art\u0131k tek seferlik bir m\u00fcdahale olarak de\u011fil, g\u00f6r\u00fcn\u00fcrl\u00fc\u011f\u00fc, yorumu ve eri\u015fimi kontrol etmeye y\u00f6nelik kal\u0131c\u0131 bir sistem olarak g\u00f6r\u00fcyor. AB'nin Dijital Hizmetler Yasas\u0131 da bu konuda merkezi bir rol oynamaktad\u0131r. #EU #DSA #Fifade \u00f6zg\u00fcrl\u00fc\u011f\u00fc #Censorship #DigitalServicesAct #Media criticism<\/p>\n<p class=\"ms-rss-readmore\">\n                    <a href=\"https:\/\/www.markus-schall.de\/tr\/2025\/11\/yeni%cc%87-ab-sansuer-yasalari-chatcontrol-dsa-emfa-ve-ai-yasasi-ne-anlama-geli%cc%87yor\/\">\n                        Daha fazla bilgi edinin\n                    <\/a>\n                  <\/p><\/div><div class=\"ms-rss-meta\">21.04.2026 - @MarkusSchall<\/div><\/div><\/article><\/div>\n<hr \/>\n\n\t\t\t<div class=\"display-post-types\">\n\n\t\t\t\t\t\t\t<style type=\"text\/css\">\n\t\t\t#dpt-wrapper-11 { --dpt-text-align: left;--dpt-image-crop: center;--dpt-border-radius: 5px;--dpt-h-gutter: 10px;--dpt-v-gutter: 9px; }\t\t\t<\/style>\n\t\t\t<style type=\"text\/css\">#dpt-wrapper-11 { --dpt-title-font-style:normal;--dpt-title-font-weight:600;--dpt-title-line-height:1.5;--dpt-title-text-decoration:none;--dpt-title-text-transform:none;--dpt-excerpt-font-style:normal;--dpt-excerpt-font-weight:400;--dpt-excerpt-line-height:1.5;--dpt-excerpt-text-decoration:none;--dpt-excerpt-text-transform:none;--dpt-meta1-font-style:normal;--dpt-meta1-font-weight:400;--dpt-meta1-line-height:1.9;--dpt-meta1-text-decoration:none;--dpt-meta1-text-transform:none;--dpt-meta2-font-style:normal;--dpt-meta2-font-weight:400;--dpt-meta2-line-height:1.9;--dpt-meta2-text-decoration:none;--dpt-meta2-text-transform:none; }<\/style><div class=\"dpt-main-header\">\n\t\t\t\t\t\t<div class=\"dpt-main-title\">\n\t\t\t\t\t\t\t<span class=\"dpt-main-title-text\">G\u00fcn\u00fcm\u00fcz\u00fcn sosyal sorunlar\u0131<\/span>\n\t\t\t\t\t\t<\/div>\n\t\t\t\t\t\t\n\t\t\t\t\t\t\n\t\t\t\t\t\t\n\t\t\t\t\t\t<\/div>\t\t\t\n\t\t\t\t<div id=\"dpt-wrapper-11\" class=\"dpt-wrapper dpt-mag1 land1 dpt-cropped dpt-flex-wrap\" >\n\n\t\t\t\t\t\t\t\t\t\t\t<div class=\"dpt-entry has-thumbnail\" data-title=\"der zwei-plus-vier-vertrag, die nato und die bundeswehr: was gilt heute noch?\" data-id=\"4740\"  data-category=\"allgemein gesellschaft\" data-post_tag=\"deutschland europa geopolitik krisen sicherheitspolitik spieltheorie\">\n\t\t\t\t\t\t\t<div class=\"dpt-entry-wrapper\"><div class=\"dpt-featured-content\"><div class=\"dpt-permalink\"><a href=\"https:\/\/www.markus-schall.de\/tr\/2026\/02\/i%cc%87ki%cc%87-arti-doert-antlasmasi-nato-ve-bundeswehr-buguen-hala-gecerli%cc%87-olan\/\" class=\"dpt-permalink\"><span class=\"screen-reader-text\">\u0130ki Art\u0131 D\u00f6rt Anla\u015fmas\u0131, NATO ve Bundeswehr: Bug\u00fcn hala ge\u00e7erli olan nedir?<\/span><\/a><\/div><div class=\"dpt-thumbnail\"><div class=\"dpt-thumbnail-inner\"><img width=\"1024\" height=\"683\" class=\"attachment-full size-full\" alt=\"\" context=\"dpt\" data-dpt-src=\"https:\/\/www.markus-schall.de\/wp-content\/uploads\/Zwei-Plus-Vier-Vertrag.jpg\" data-dpt-sizes=\"(max-width: 1024px) 100vw, 1024px\" data-dpt-srcset=\"https:\/\/www.markus-schall.de\/wp-content\/uploads\/Zwei-Plus-Vier-Vertrag.jpg 1024w, https:\/\/www.markus-schall.de\/wp-content\/uploads\/Zwei-Plus-Vier-Vertrag-300x200.jpg 300w, https:\/\/www.markus-schall.de\/wp-content\/uploads\/Zwei-Plus-Vier-Vertrag-768x512.jpg 768w, https:\/\/www.markus-schall.de\/wp-content\/uploads\/Zwei-Plus-Vier-Vertrag-18x12.jpg 18w\" \/><\/div><span class=\"dpt-thumbnail-aspect-ratio\" style=\"padding-top: 75%\"><\/span><\/div><\/div><div class=\"sub-entry\"><h3 class=\"dpt-title\"><a class=\"dpt-title-link\" href=\"https:\/\/www.markus-schall.de\/tr\/2026\/02\/i%cc%87ki%cc%87-arti-doert-antlasmasi-nato-ve-bundeswehr-buguen-hala-gecerli%cc%87-olan\/\" rel=\"bookmark\">\u0130ki Art\u0131 D\u00f6rt Anla\u015fmas\u0131, NATO ve Bundeswehr: Bug\u00fcn hala ge\u00e7erli olan nedir?<\/a><\/h3><\/div><\/div>\n\t\t\t\t\t\t<\/div><!-- .dpt-entry -->\n\t\t\t\t\t\t\t\t\t\t\t\t<div class=\"dpt-entry has-thumbnail\" data-title=\"deine meinung z\u00e4hlt \u2013 neue umfragen zu aktuellen themen\" data-id=\"3383\"  data-category=\"allgemein b\u00fccher gesellschaft\" data-post_tag=\"buch cmd erfahrungen gesundheit krisen meinungsfreiheit\">\n\t\t\t\t\t\t\t<div class=\"dpt-entry-wrapper\"><div class=\"dpt-featured-content\"><div class=\"dpt-permalink\"><a href=\"https:\/\/www.markus-schall.de\/tr\/2025\/11\/guencel-konularla-ilgili-yeni-anketler-icin-goeruesleriniz-oenemli\/\" class=\"dpt-permalink\"><span class=\"screen-reader-text\">G\u00f6r\u00fc\u015fleriniz \u00f6nemli - G\u00fcncel konulara ili\u015fkin yeni anketler<\/span><\/a><\/div><div class=\"dpt-thumbnail\"><div class=\"dpt-thumbnail-inner\"><img width=\"1024\" height=\"683\" class=\"attachment-full size-full\" alt=\"G\u00fcncel konulara ili\u015fkin anketler\" context=\"dpt\" data-dpt-src=\"https:\/\/www.markus-schall.de\/wp-content\/uploads\/umfragen-aktuell.jpg\" data-dpt-sizes=\"(max-width: 1024px) 100vw, 1024px\" data-dpt-srcset=\"https:\/\/www.markus-schall.de\/wp-content\/uploads\/umfragen-aktuell.jpg 1024w, https:\/\/www.markus-schall.de\/wp-content\/uploads\/umfragen-aktuell-300x200.jpg 300w, https:\/\/www.markus-schall.de\/wp-content\/uploads\/umfragen-aktuell-768x512.jpg 768w, https:\/\/www.markus-schall.de\/wp-content\/uploads\/umfragen-aktuell-18x12.jpg 18w\" \/><\/div><span class=\"dpt-thumbnail-aspect-ratio\" style=\"padding-top: 75%\"><\/span><\/div><\/div><div class=\"sub-entry\"><h3 class=\"dpt-title\"><a class=\"dpt-title-link\" href=\"https:\/\/www.markus-schall.de\/tr\/2025\/11\/guencel-konularla-ilgili-yeni-anketler-icin-goeruesleriniz-oenemli\/\" rel=\"bookmark\">G\u00f6r\u00fc\u015fleriniz \u00f6nemli - G\u00fcncel konulara ili\u015fkin yeni anketler<\/a><\/h3><\/div><\/div>\n\t\t\t\t\t\t<\/div><!-- .dpt-entry -->\n\t\t\t\t\t\t\t\t\t\t\t\t<div class=\"dpt-entry has-thumbnail\" data-title=\"gr\u00f6nland, trump und die frage der zugeh\u00f6rigkeit: geschichte, recht und realit\u00e4t\" data-id=\"4325\"  data-category=\"allgemein gesellschaft kunst &amp; kultur\" data-post_tag=\"europa geopolitik krisen meinungsfreiheit sicherheitspolitik spieltheorie\">\n\t\t\t\t\t\t\t<div class=\"dpt-entry-wrapper\"><div class=\"dpt-featured-content\"><div class=\"dpt-permalink\"><a href=\"https:\/\/www.markus-schall.de\/tr\/2026\/01\/groenland-trump-ve-ai%cc%87di%cc%87yet-sorunu-tari%cc%87h-hukuk-ve-gercekli%cc%87k\/\" class=\"dpt-permalink\"><span class=\"screen-reader-text\">Gr\u00f6nland, Trump ve aidiyet sorunu: tarih, hukuk ve ger\u00e7eklik<\/span><\/a><\/div><div class=\"dpt-thumbnail\"><div class=\"dpt-thumbnail-inner\"><img width=\"1024\" height=\"683\" class=\"attachment-full size-full\" alt=\"Gr\u00f6nland hedefte: ABD ve Trump\" context=\"dpt\" data-dpt-src=\"https:\/\/www.markus-schall.de\/wp-content\/uploads\/Groenland-USA-Trump-Titel.jpg\" data-dpt-sizes=\"(max-width: 1024px) 100vw, 1024px\" data-dpt-srcset=\"https:\/\/www.markus-schall.de\/wp-content\/uploads\/Groenland-USA-Trump-Titel.jpg 1024w, https:\/\/www.markus-schall.de\/wp-content\/uploads\/Groenland-USA-Trump-Titel-300x200.jpg 300w, https:\/\/www.markus-schall.de\/wp-content\/uploads\/Groenland-USA-Trump-Titel-768x512.jpg 768w, https:\/\/www.markus-schall.de\/wp-content\/uploads\/Groenland-USA-Trump-Titel-18x12.jpg 18w\" \/><\/div><span class=\"dpt-thumbnail-aspect-ratio\" style=\"padding-top: 75%\"><\/span><\/div><\/div><div class=\"sub-entry\"><h3 class=\"dpt-title\"><a class=\"dpt-title-link\" href=\"https:\/\/www.markus-schall.de\/tr\/2026\/01\/groenland-trump-ve-ai%cc%87di%cc%87yet-sorunu-tari%cc%87h-hukuk-ve-gercekli%cc%87k\/\" rel=\"bookmark\">Gr\u00f6nland, Trump ve aidiyet sorunu: tarih, hukuk ve ger\u00e7eklik<\/a><\/h3><\/div><\/div>\n\t\t\t\t\t\t<\/div><!-- .dpt-entry -->\n\t\t\t\t\t\t\t\t\t\t\t\t<div class=\"dpt-entry has-thumbnail\" data-title=\"k\u00fcnstliche intelligenz: welche jobs in gefahr sind, und wie wir uns jetzt wappnen k\u00f6nnen\" data-id=\"2940\"  data-category=\"allgemein b\u00fccher gesellschaft ki-systeme\" data-post_tag=\"buch k\u00fcnstliche intelligenz llama llm mistral mlx ollama ratgeber sprachmodell\">\n\t\t\t\t\t\t\t<div class=\"dpt-entry-wrapper\"><div class=\"dpt-featured-content\"><div class=\"dpt-permalink\"><a href=\"https:\/\/www.markus-schall.de\/tr\/2025\/09\/yapay-zeka-hangi%cc%87-i%cc%87sler-tehli%cc%87kede-ve-si%cc%87mdi%cc%87-kendi%cc%87mi%cc%87zi%cc%87-nasil-koruyabi%cc%87li%cc%87ri%cc%87z\/\" class=\"dpt-permalink\"><span class=\"screen-reader-text\">Yapay zeka: hangi i\u015fler risk alt\u0131nda ve \u015fimdi kendimizi nas\u0131l silahland\u0131rabiliriz<\/span><\/a><\/div><div class=\"dpt-thumbnail\"><div class=\"dpt-thumbnail-inner\"><img width=\"1024\" height=\"683\" class=\"attachment-full size-full\" alt=\"Gelecekte hangi i\u015fler yapay zeka taraf\u0131ndan ortadan kald\u0131r\u0131lacak?\" context=\"dpt\" data-dpt-src=\"https:\/\/www.markus-schall.de\/wp-content\/uploads\/welche-jobs-fallen-durch-ki-weg.jpg\" data-dpt-sizes=\"(max-width: 1024px) 100vw, 1024px\" data-dpt-srcset=\"https:\/\/www.markus-schall.de\/wp-content\/uploads\/welche-jobs-fallen-durch-ki-weg.jpg 1024w, https:\/\/www.markus-schall.de\/wp-content\/uploads\/welche-jobs-fallen-durch-ki-weg-300x200.jpg 300w, https:\/\/www.markus-schall.de\/wp-content\/uploads\/welche-jobs-fallen-durch-ki-weg-768x512.jpg 768w, https:\/\/www.markus-schall.de\/wp-content\/uploads\/welche-jobs-fallen-durch-ki-weg-18x12.jpg 18w\" \/><\/div><span class=\"dpt-thumbnail-aspect-ratio\" style=\"padding-top: 75%\"><\/span><\/div><\/div><div class=\"sub-entry\"><h3 class=\"dpt-title\"><a class=\"dpt-title-link\" href=\"https:\/\/www.markus-schall.de\/tr\/2025\/09\/yapay-zeka-hangi%cc%87-i%cc%87sler-tehli%cc%87kede-ve-si%cc%87mdi%cc%87-kendi%cc%87mi%cc%87zi%cc%87-nasil-koruyabi%cc%87li%cc%87ri%cc%87z\/\" rel=\"bookmark\">Yapay zeka: hangi i\u015fler risk alt\u0131nda ve \u015fimdi kendimizi nas\u0131l silahland\u0131rabiliriz<\/a><\/h3><\/div><\/div>\n\t\t\t\t\t\t<\/div><!-- .dpt-entry -->\n\t\t\t\t\t\t\n\t\t\t\t<\/div>\n\t\t\t\t\t\t<\/div>\n\t\t\t\n<hr \/>\n\n\t\t\t<div class=\"display-post-types\">\n\n\t\t\t\t\t\t\t<style type=\"text\/css\">\n\t\t\t#dpt-wrapper-12 { --dpt-text-align: left;--dpt-image-crop: center;--dpt-border-radius: 5px;--dpt-small-grid-column: 33.33%;--dpt-large-grid-column: 33.3333333333%;--dpt-h-gutter: 10px;--dpt-v-gutter: 10px; }\t\t\t<\/style>\n\t\t\t<style type=\"text\/css\">#dpt-wrapper-12 { --dpt-title-font-style:normal;--dpt-title-font-weight:600;--dpt-title-line-height:1.5;--dpt-title-text-decoration:none;--dpt-title-text-transform:none;--dpt-excerpt-font-style:normal;--dpt-excerpt-font-weight:400;--dpt-excerpt-line-height:1.5;--dpt-excerpt-text-decoration:none;--dpt-excerpt-text-transform:none;--dpt-meta1-font-style:normal;--dpt-meta1-font-weight:400;--dpt-meta1-line-height:1.9;--dpt-meta1-text-decoration:none;--dpt-meta1-text-transform:none;--dpt-meta2-font-style:normal;--dpt-meta2-font-weight:400;--dpt-meta2-line-height:1.9;--dpt-meta2-text-decoration:none;--dpt-meta2-text-transform:none; }<\/style><div class=\"dpt-main-header\">\n\t\t\t\t\t\t<div class=\"dpt-main-title\">\n\t\t\t\t\t\t\t<span class=\"dpt-main-title-text\">Yapay zeka \u00fczerine g\u00fcncel konular<\/span>\n\t\t\t\t\t\t<\/div>\n\t\t\t\t\t\t\n\t\t\t\t\t\t\n\t\t\t\t\t\t\n\t\t\t\t\t\t<\/div>\t\t\t\n\t\t\t\t<div id=\"dpt-wrapper-12\" class=\"dpt-wrapper dpt-grid1 multi-col dpt-mason-wrap\" >\n\n\t\t\t\t\t\t\t\t\t\t\t<div class=\"dpt-entry has-thumbnail\" data-title=\"vom chatgpt-datenexport zur eigenen wissens-ki: schritt-f\u00fcr-schritt mit ollama und qdrant\" data-id=\"5306\"  data-category=\"apple macos ki-systeme tipps &amp; anleitungen\" data-post_tag=\"datenbanken denkmodelle digitales eigentum docker k\u00fcnstliche intelligenz llama llm mlx ollama prozesse sprachmodell\">\n\t\t\t\t\t\t\t<div class=\"dpt-entry-wrapper\"><div class=\"dpt-featured-content\"><div class=\"dpt-permalink\"><a href=\"https:\/\/www.markus-schall.de\/tr\/2026\/03\/ollama-ve-qdrant-i%cc%87le-chatgpt-veri%cc%87-i%cc%87hracatindan-kendi%cc%87-bi%cc%87lgi%cc%87-ki%cc%87ni%cc%87ze-adim-adim\/\" class=\"dpt-permalink\"><span class=\"screen-reader-text\">ChatGPT veri aktar\u0131m\u0131ndan kendi bilgi yapay zekan\u0131za: Ollama ve Qdrant ile ad\u0131m ad\u0131m<\/span><\/a><\/div><div class=\"dpt-thumbnail\"><div class=\"dpt-thumbnail-inner\"><img width=\"1024\" height=\"683\" class=\"attachment-full size-full\" alt=\"Kendi yapay zeka belle\u011finize giden yol\" context=\"dpt\" data-dpt-src=\"https:\/\/www.markus-schall.de\/wp-content\/uploads\/ChatGPT-Datenexport-Computerhirn.jpg\" data-dpt-sizes=\"(max-width: 1024px) 100vw, 1024px\" data-dpt-srcset=\"https:\/\/www.markus-schall.de\/wp-content\/uploads\/ChatGPT-Datenexport-Computerhirn.jpg 1024w, https:\/\/www.markus-schall.de\/wp-content\/uploads\/ChatGPT-Datenexport-Computerhirn-300x200.jpg 300w, https:\/\/www.markus-schall.de\/wp-content\/uploads\/ChatGPT-Datenexport-Computerhirn-768x512.jpg 768w, https:\/\/www.markus-schall.de\/wp-content\/uploads\/ChatGPT-Datenexport-Computerhirn-18x12.jpg 18w\" \/><\/div><span class=\"dpt-thumbnail-aspect-ratio\" style=\"padding-top: 67%\"><\/span><\/div><\/div><div class=\"sub-entry\"><h3 class=\"dpt-title\"><a class=\"dpt-title-link\" href=\"https:\/\/www.markus-schall.de\/tr\/2026\/03\/ollama-ve-qdrant-i%cc%87le-chatgpt-veri%cc%87-i%cc%87hracatindan-kendi%cc%87-bi%cc%87lgi%cc%87-ki%cc%87ni%cc%87ze-adim-adim\/\" rel=\"bookmark\">ChatGPT veri aktar\u0131m\u0131ndan kendi bilgi yapay zekan\u0131za: Ollama ve Qdrant ile ad\u0131m ad\u0131m<\/a><\/h3><\/div><\/div>\n\t\t\t\t\t\t<\/div><!-- .dpt-entry -->\n\t\t\t\t\t\t\t\t\t\t\t\t<div class=\"dpt-entry has-thumbnail\" data-title=\"chatgpt-datenexport erkl\u00e4rt: wie deine ki-chats zu einem pers\u00f6nlichen wissenssystem werden\" data-id=\"5259\"  data-category=\"featured ki-systeme tipps &amp; anleitungen\" data-post_tag=\"apple datenbanken datenschutz digitales eigentum k\u00fcnstliche intelligenz llama llm mac mlx ollama sprachmodell\">\n\t\t\t\t\t\t\t<div class=\"dpt-entry-wrapper\"><div class=\"dpt-featured-content\"><div class=\"dpt-permalink\"><a href=\"https:\/\/www.markus-schall.de\/tr\/2026\/03\/chatgpt-veri%cc%87-i%cc%87hraci-ki%cc%87-sohbeti%cc%87ni%cc%87zi%cc%87n-nasil-ki%cc%87si%cc%87sel-bi%cc%87lgi%cc%87-si%cc%87stemi%cc%87ne-doenuestueguenue-acikliyor\/\" class=\"dpt-permalink\"><span class=\"screen-reader-text\">ChatGPT veri aktar\u0131m\u0131 a\u00e7\u0131kland\u0131: Yapay zeka sohbetleriniz nas\u0131l ki\u015fisel bir bilgi sistemine d\u00f6n\u00fc\u015f\u00fcr?<\/span><\/a><\/div><div class=\"dpt-thumbnail\"><div class=\"dpt-thumbnail-inner\"><img width=\"1024\" height=\"683\" class=\"attachment-full size-full\" alt=\"ChatGPT veri aktar\u0131m\u0131\" context=\"dpt\" data-dpt-src=\"https:\/\/www.markus-schall.de\/wp-content\/uploads\/ChatGPT-Datenexport.jpg\" data-dpt-sizes=\"(max-width: 1024px) 100vw, 1024px\" data-dpt-srcset=\"https:\/\/www.markus-schall.de\/wp-content\/uploads\/ChatGPT-Datenexport.jpg 1024w, https:\/\/www.markus-schall.de\/wp-content\/uploads\/ChatGPT-Datenexport-300x200.jpg 300w, https:\/\/www.markus-schall.de\/wp-content\/uploads\/ChatGPT-Datenexport-768x512.jpg 768w, https:\/\/www.markus-schall.de\/wp-content\/uploads\/ChatGPT-Datenexport-18x12.jpg 18w\" \/><\/div><span class=\"dpt-thumbnail-aspect-ratio\" style=\"padding-top: 67%\"><\/span><\/div><\/div><div class=\"sub-entry\"><h3 class=\"dpt-title\"><a class=\"dpt-title-link\" href=\"https:\/\/www.markus-schall.de\/tr\/2026\/03\/chatgpt-veri%cc%87-i%cc%87hraci-ki%cc%87-sohbeti%cc%87ni%cc%87zi%cc%87n-nasil-ki%cc%87si%cc%87sel-bi%cc%87lgi%cc%87-si%cc%87stemi%cc%87ne-doenuestueguenue-acikliyor\/\" rel=\"bookmark\">ChatGPT veri aktar\u0131m\u0131 a\u00e7\u0131kland\u0131: Yapay zeka sohbetleriniz nas\u0131l ki\u015fisel bir bilgi sistemine d\u00f6n\u00fc\u015f\u00fcr?<\/a><\/h3><\/div><\/div>\n\t\t\t\t\t\t<\/div><!-- .dpt-entry -->\n\t\t\t\t\t\t\t\t\t\t\t\t<div class=\"dpt-entry has-thumbnail\" data-title=\"ki als sparringspartner nutzen: wie denken im dialog produktiver wird\" data-id=\"4121\"  data-category=\"b\u00fccher ki-systeme tipps &amp; anleitungen\" data-post_tag=\"buch datenlogik denkmodelle k\u00fcnstliche intelligenz lernen llm ratgeber sprachmodell\">\n\t\t\t\t\t\t\t<div class=\"dpt-entry-wrapper\"><div class=\"dpt-featured-content\"><div class=\"dpt-permalink\"><a href=\"https:\/\/www.markus-schall.de\/tr\/2025\/12\/kiyi-bir-idman-partneri-olarak-kullanmak-diyalog-icinde-duesuenmenin-nasil-daha-ueretken-hale-geldigi\/\" class=\"dpt-permalink\"><span class=\"screen-reader-text\">Yapay zekay\u0131 bir antrenman partneri olarak kullanmak: Diyalog i\u00e7inde d\u00fc\u015f\u00fcnmek nas\u0131l daha \u00fcretken hale gelir?<\/span><\/a><\/div><div class=\"dpt-thumbnail\"><div class=\"dpt-thumbnail-inner\"><img width=\"1024\" height=\"683\" class=\"attachment-full size-full\" alt=\"Bir tasarruf orta\u011f\u0131 olarak yapay zeka\" context=\"dpt\" data-dpt-src=\"https:\/\/www.markus-schall.de\/wp-content\/uploads\/ki-als-sparringspartner-laptop.jpg\" data-dpt-sizes=\"(max-width: 1024px) 100vw, 1024px\" data-dpt-srcset=\"https:\/\/www.markus-schall.de\/wp-content\/uploads\/ki-als-sparringspartner-laptop.jpg 1024w, https:\/\/www.markus-schall.de\/wp-content\/uploads\/ki-als-sparringspartner-laptop-300x200.jpg 300w, https:\/\/www.markus-schall.de\/wp-content\/uploads\/ki-als-sparringspartner-laptop-768x512.jpg 768w, https:\/\/www.markus-schall.de\/wp-content\/uploads\/ki-als-sparringspartner-laptop-18x12.jpg 18w\" \/><\/div><span class=\"dpt-thumbnail-aspect-ratio\" style=\"padding-top: 67%\"><\/span><\/div><\/div><div class=\"sub-entry\"><h3 class=\"dpt-title\"><a class=\"dpt-title-link\" href=\"https:\/\/www.markus-schall.de\/tr\/2025\/12\/kiyi-bir-idman-partneri-olarak-kullanmak-diyalog-icinde-duesuenmenin-nasil-daha-ueretken-hale-geldigi\/\" rel=\"bookmark\">Yapay zekay\u0131 bir antrenman partneri olarak kullanmak: Diyalog i\u00e7inde d\u00fc\u015f\u00fcnmek nas\u0131l daha \u00fcretken hale gelir?<\/a><\/h3><\/div><\/div>\n\t\t\t\t\t\t<\/div><!-- .dpt-entry -->\n\t\t\t\t\t\t\n\t\t\t\t<\/div>\n\t\t\t\t\t\t<\/div>\n\t\t\t\n<hr \/>\n\n\t\t\t<div class=\"display-post-types\">\n\n\t\t\t\t\t\t\t<style type=\"text\/css\">\n\t\t\t#dpt-wrapper-13 { --dpt-text-align: left;--dpt-image-crop: center;--dpt-border-radius: 5px;--dpt-h-gutter: 10px;--dpt-v-gutter: 9px; }\t\t\t<\/style>\n\t\t\t<style type=\"text\/css\">#dpt-wrapper-13 { --dpt-title-font-style:normal;--dpt-title-font-weight:600;--dpt-title-line-height:1.5;--dpt-title-text-decoration:none;--dpt-title-text-transform:none;--dpt-excerpt-font-style:normal;--dpt-excerpt-font-weight:400;--dpt-excerpt-line-height:1.5;--dpt-excerpt-text-decoration:none;--dpt-excerpt-text-transform:none;--dpt-meta1-font-style:normal;--dpt-meta1-font-weight:400;--dpt-meta1-line-height:1.9;--dpt-meta1-text-decoration:none;--dpt-meta1-text-transform:none;--dpt-meta2-font-style:normal;--dpt-meta2-font-weight:400;--dpt-meta2-line-height:1.9;--dpt-meta2-text-decoration:none;--dpt-meta2-text-transform:none; }<\/style><div class=\"dpt-main-header\">\n\t\t\t\t\t\t<div class=\"dpt-main-title\">\n\t\t\t\t\t\t\t<span class=\"dpt-main-title-text\">G\u00fcncel sa\u011fl\u0131k konular\u0131<\/span>\n\t\t\t\t\t\t<\/div>\n\t\t\t\t\t\t\n\t\t\t\t\t\t\n\t\t\t\t\t\t\n\t\t\t\t\t\t<\/div>\t\t\t\n\t\t\t\t<div id=\"dpt-wrapper-13\" class=\"dpt-wrapper dpt-mag1 land1 dpt-cropped dpt-flex-wrap\" >\n\n\t\t\t\t\t\t\t\t\t\t\t<div class=\"dpt-entry has-thumbnail\" data-title=\"cmd fr\u00fch erkennen und selbsttest: warum kiefer, nacken, kopf und ohren oft zusammenh\u00e4ngen\" data-id=\"5655\"  data-category=\"allgemein gesundheit tipps &amp; anleitungen\" data-post_tag=\"cmd gesundheit hypersensibilit\u00e4t krisen ratgeber\">\n\t\t\t\t\t\t\t<div class=\"dpt-entry-wrapper\"><div class=\"dpt-featured-content\"><div class=\"dpt-permalink\"><a href=\"https:\/\/www.markus-schall.de\/tr\/2026\/04\/cmdyi-erken-taniyin-ve-cene-boyun-bas-ve-kulaklarin-neden-siklikla-bir-arada-oldugunu-kendi-kendinize-test-edin\/\" class=\"dpt-permalink\"><span class=\"screen-reader-text\">CMD'yi erken tan\u0131ma ve kendi kendine test etme: \u00c7ene, boyun, ba\u015f ve kulaklar neden s\u0131kl\u0131kla birbirine ba\u011fl\u0131d\u0131r?<\/span><\/a><\/div><div class=\"dpt-thumbnail\"><div class=\"dpt-thumbnail-inner\"><img width=\"1024\" height=\"683\" class=\"attachment-full size-full\" alt=\"CMD kendi kendine test\" context=\"dpt\" data-dpt-src=\"https:\/\/www.markus-schall.de\/wp-content\/uploads\/Medizinische-Skizze-mit-Checkliste.jpg\" data-dpt-sizes=\"(max-width: 1024px) 100vw, 1024px\" data-dpt-srcset=\"https:\/\/www.markus-schall.de\/wp-content\/uploads\/Medizinische-Skizze-mit-Checkliste.jpg 1024w, https:\/\/www.markus-schall.de\/wp-content\/uploads\/Medizinische-Skizze-mit-Checkliste-300x200.jpg 300w, https:\/\/www.markus-schall.de\/wp-content\/uploads\/Medizinische-Skizze-mit-Checkliste-768x512.jpg 768w, https:\/\/www.markus-schall.de\/wp-content\/uploads\/Medizinische-Skizze-mit-Checkliste-18x12.jpg 18w\" \/><\/div><span class=\"dpt-thumbnail-aspect-ratio\" style=\"padding-top: 75%\"><\/span><\/div><\/div><div class=\"sub-entry\"><h3 class=\"dpt-title\"><a class=\"dpt-title-link\" href=\"https:\/\/www.markus-schall.de\/tr\/2026\/04\/cmdyi-erken-taniyin-ve-cene-boyun-bas-ve-kulaklarin-neden-siklikla-bir-arada-oldugunu-kendi-kendinize-test-edin\/\" rel=\"bookmark\">CMD'yi erken tan\u0131ma ve kendi kendine test etme: \u00c7ene, boyun, ba\u015f ve kulaklar neden s\u0131kl\u0131kla birbirine ba\u011fl\u0131d\u0131r?<\/a><\/h3><\/div><\/div>\n\t\t\t\t\t\t<\/div><!-- .dpt-entry -->\n\t\t\t\t\t\t\t\t\t\t\t\t<div class=\"dpt-entry has-thumbnail\" data-title=\"lithium: das vergessene spurenelement? eine betrachtung zur mikrodosierung\" data-id=\"2908\"  data-category=\"allgemein b\u00fccher gesundheit tipps &amp; anleitungen\" data-post_tag=\"buch cmd erfahrungen gesundheit hypersensibilit\u00e4t\">\n\t\t\t\t\t\t\t<div class=\"dpt-entry-wrapper\"><div class=\"dpt-featured-content\"><div class=\"dpt-permalink\"><a href=\"https:\/\/www.markus-schall.de\/tr\/2025\/09\/unutulan-eser-element-lityum-mi%cc%87krodozlamaya-bi%cc%87r-bakis\/\" class=\"dpt-permalink\"><span class=\"screen-reader-text\">Lityum: Unutulan eser element mi? Mikrodozlamaya bir bak\u0131\u015f<\/span><\/a><\/div><div class=\"dpt-thumbnail\"><div class=\"dpt-thumbnail-inner\"><img width=\"1024\" height=\"683\" class=\"attachment-full size-full\" alt=\"Mikrodozlarda lityum orotat\" context=\"dpt\" data-dpt-src=\"https:\/\/www.markus-schall.de\/wp-content\/uploads\/Lithium-Orotat-Mikrodosierung.jpg\" data-dpt-sizes=\"(max-width: 1024px) 100vw, 1024px\" data-dpt-srcset=\"https:\/\/www.markus-schall.de\/wp-content\/uploads\/Lithium-Orotat-Mikrodosierung.jpg 1024w, https:\/\/www.markus-schall.de\/wp-content\/uploads\/Lithium-Orotat-Mikrodosierung-300x200.jpg 300w, https:\/\/www.markus-schall.de\/wp-content\/uploads\/Lithium-Orotat-Mikrodosierung-768x512.jpg 768w, https:\/\/www.markus-schall.de\/wp-content\/uploads\/Lithium-Orotat-Mikrodosierung-18x12.jpg 18w\" \/><\/div><span class=\"dpt-thumbnail-aspect-ratio\" style=\"padding-top: 75%\"><\/span><\/div><\/div><div class=\"sub-entry\"><h3 class=\"dpt-title\"><a class=\"dpt-title-link\" href=\"https:\/\/www.markus-schall.de\/tr\/2025\/09\/unutulan-eser-element-lityum-mi%cc%87krodozlamaya-bi%cc%87r-bakis\/\" rel=\"bookmark\">Lityum: Unutulan eser element mi? Mikrodozlamaya bir bak\u0131\u015f<\/a><\/h3><\/div><\/div>\n\t\t\t\t\t\t<\/div><!-- .dpt-entry -->\n\t\t\t\t\t\t\t\t\t\t\t\t<div class=\"dpt-entry has-thumbnail\" data-title=\"sympathikus, parasympathikus und cortisol \u2013 wie stress unseren k\u00f6rper steuert\" data-id=\"5255\"  data-category=\"allgemein gesundheit\" data-post_tag=\"cmd gesundheit hypersensibilit\u00e4t krisen mcs ratgeber\">\n\t\t\t\t\t\t\t<div class=\"dpt-entry-wrapper\"><div class=\"dpt-featured-content\"><div class=\"dpt-permalink\"><a href=\"https:\/\/www.markus-schall.de\/tr\/2026\/03\/sempati%cc%87k-si%cc%87ni%cc%87r-si%cc%87stemi%cc%87-parasempati%cc%87k-si%cc%87ni%cc%87r-si%cc%87stemi%cc%87-ve-korti%cc%87zol-stres-vuecudumuzu-nasil-kontrol-eder\/\" class=\"dpt-permalink\"><span class=\"screen-reader-text\">Sempatik sinir sistemi, parasempatik sinir sistemi ve kortizol - stres v\u00fccudumuzu nas\u0131l kontrol eder?<\/span><\/a><\/div><div class=\"dpt-thumbnail\"><div class=\"dpt-thumbnail-inner\"><img width=\"1024\" height=\"683\" class=\"attachment-full size-full\" alt=\"Kortizol, sempatik sinir sistemi ve stres\" context=\"dpt\" data-dpt-src=\"https:\/\/www.markus-schall.de\/wp-content\/uploads\/Sympathikus-Cortisol-Stress.jpg\" data-dpt-sizes=\"(max-width: 1024px) 100vw, 1024px\" data-dpt-srcset=\"https:\/\/www.markus-schall.de\/wp-content\/uploads\/Sympathikus-Cortisol-Stress.jpg 1024w, https:\/\/www.markus-schall.de\/wp-content\/uploads\/Sympathikus-Cortisol-Stress-300x200.jpg 300w, https:\/\/www.markus-schall.de\/wp-content\/uploads\/Sympathikus-Cortisol-Stress-768x512.jpg 768w, https:\/\/www.markus-schall.de\/wp-content\/uploads\/Sympathikus-Cortisol-Stress-18x12.jpg 18w\" \/><\/div><span class=\"dpt-thumbnail-aspect-ratio\" style=\"padding-top: 75%\"><\/span><\/div><\/div><div class=\"sub-entry\"><h3 class=\"dpt-title\"><a class=\"dpt-title-link\" href=\"https:\/\/www.markus-schall.de\/tr\/2026\/03\/sempati%cc%87k-si%cc%87ni%cc%87r-si%cc%87stemi%cc%87-parasempati%cc%87k-si%cc%87ni%cc%87r-si%cc%87stemi%cc%87-ve-korti%cc%87zol-stres-vuecudumuzu-nasil-kontrol-eder\/\" rel=\"bookmark\">Sempatik sinir sistemi, parasempatik sinir sistemi ve kortizol - stres v\u00fccudumuzu nas\u0131l kontrol eder?<\/a><\/h3><\/div><\/div>\n\t\t\t\t\t\t<\/div><!-- .dpt-entry -->\n\t\t\t\t\t\t\t\t\t\t\t\t<div class=\"dpt-entry has-thumbnail\" data-title=\"leistenbruch verstehen: warum haltung und statik oft entscheidender sind als gedacht\" data-id=\"4355\"  data-category=\"allgemein gesundheit tipps &amp; anleitungen\" data-post_tag=\"buch cmd erfahrungen gesundheit h\u00e4morrhoiden krisen ratgeber\">\n\t\t\t\t\t\t\t<div class=\"dpt-entry-wrapper\"><div class=\"dpt-featured-content\"><div class=\"dpt-permalink\"><a href=\"https:\/\/www.markus-schall.de\/tr\/2026\/01\/kaliplari-kirmak-durus-ve-statigin-neden-cogu-zaman-beklenenden-daha-oenemli-oldugunu-anlamak\/\" class=\"dpt-permalink\"><span class=\"screen-reader-text\">F\u0131t\u0131klar\u0131 anlamak: Duru\u015f ve statik neden genellikle beklenenden daha \u00f6nemlidir?<\/span><\/a><\/div><div class=\"dpt-thumbnail\"><div class=\"dpt-thumbnail-inner\"><img width=\"1024\" height=\"683\" class=\"attachment-full size-full\" alt=\"F\u0131t\u0131k, duru\u015f ve gerginlik\" context=\"dpt\" data-dpt-src=\"https:\/\/www.markus-schall.de\/wp-content\/uploads\/Leistenbruch-Titel.jpg\" data-dpt-sizes=\"(max-width: 1024px) 100vw, 1024px\" data-dpt-srcset=\"https:\/\/www.markus-schall.de\/wp-content\/uploads\/Leistenbruch-Titel.jpg 1024w, https:\/\/www.markus-schall.de\/wp-content\/uploads\/Leistenbruch-Titel-300x200.jpg 300w, https:\/\/www.markus-schall.de\/wp-content\/uploads\/Leistenbruch-Titel-768x512.jpg 768w, https:\/\/www.markus-schall.de\/wp-content\/uploads\/Leistenbruch-Titel-18x12.jpg 18w\" \/><\/div><span class=\"dpt-thumbnail-aspect-ratio\" style=\"padding-top: 75%\"><\/span><\/div><\/div><div class=\"sub-entry\"><h3 class=\"dpt-title\"><a class=\"dpt-title-link\" href=\"https:\/\/www.markus-schall.de\/tr\/2026\/01\/kaliplari-kirmak-durus-ve-statigin-neden-cogu-zaman-beklenenden-daha-oenemli-oldugunu-anlamak\/\" rel=\"bookmark\">F\u0131t\u0131klar\u0131 anlamak: Duru\u015f ve statik neden genellikle beklenenden daha \u00f6nemlidir?<\/a><\/h3><\/div><\/div>\n\t\t\t\t\t\t<\/div><!-- .dpt-entry -->\n\t\t\t\t\t\t\n\t\t\t\t<\/div>\n\t\t\t\t\t\t<\/div>\n\t\t\t\n<hr \/>","protected":false},"excerpt":{"rendered":"<p>X-minizin - acelesi olan okuyucular i\u00e7in h\u0131zl\u0131 genel bak\u0131\u015f Burada X kanal\u0131mdaki en son yaz\u0131lar\u0131 ve d\u00fc\u015f\u00fcnceleri bulacaks\u0131n\u0131z - kompakt, net ve bir bak\u0131\u015fta anla\u015f\u0131lmas\u0131 kolay. Ayr\u0131ca x-minizin.de (Almanca) ve x-minizin.com (\u0130ngilizce) adreslerinden de do\u011frudan eri\u015filebilir. Se\u00e7im, mevcut t\u00fcm dillerdeki en son i\u00e7eri\u011fi g\u00f6sterir. Daha derine inmek isterseniz, do\u011frudan buradan gidebilirsiniz ... <a title=\"F\u0131t\u0131klar\u0131 anlamak: Duru\u015f ve statik neden genellikle beklenenden daha \u00f6nemlidir?\" class=\"read-more\" href=\"https:\/\/www.markus-schall.de\/tr\/2026\/01\/kaliplari-kirmak-durus-ve-statigin-neden-cogu-zaman-beklenenden-daha-oenemli-oldugunu-anlamak\/\" aria-label=\"F\u0131t\u0131klar\u0131 anlamak hakk\u0131nda daha fazla bilgi edinin: Duru\u015f ve statik neden \u00e7o\u011fu zaman beklenenden daha \u00f6nemlidir?\">Devam\u0131n\u0131 oku<\/a><\/p>","protected":false},"author":1,"featured_media":0,"parent":0,"menu_order":0,"comment_status":"closed","ping_status":"closed","template":"","meta":{"iawp_total_views":359,"footnotes":""},"class_list":["post-3989","page","type-page","status-publish","hentry"],"_links":{"self":[{"href":"https:\/\/www.markus-schall.de\/tr\/wp-json\/wp\/v2\/pages\/3989","targetHints":{"allow":["GET"]}}],"collection":[{"href":"https:\/\/www.markus-schall.de\/tr\/wp-json\/wp\/v2\/pages"}],"about":[{"href":"https:\/\/www.markus-schall.de\/tr\/wp-json\/wp\/v2\/types\/page"}],"author":[{"embeddable":true,"href":"https:\/\/www.markus-schall.de\/tr\/wp-json\/wp\/v2\/users\/1"}],"replies":[{"embeddable":true,"href":"https:\/\/www.markus-schall.de\/tr\/wp-json\/wp\/v2\/comments?post=3989"}],"version-history":[{"count":27,"href":"https:\/\/www.markus-schall.de\/tr\/wp-json\/wp\/v2\/pages\/3989\/revisions"}],"predecessor-version":[{"id":4061,"href":"https:\/\/www.markus-schall.de\/tr\/wp-json\/wp\/v2\/pages\/3989\/revisions\/4061"}],"wp:attachment":[{"href":"https:\/\/www.markus-schall.de\/tr\/wp-json\/wp\/v2\/media?parent=3989"}],"curies":[{"name":"wp","href":"https:\/\/api.w.org\/{rel}","templated":true}]}}